{"id":3386,"date":"2018-04-14T12:12:13","date_gmt":"2018-04-14T10:12:13","guid":{"rendered":"https:\/\/afc-weidhausen.de\/?page_id=3386"},"modified":"2023-04-12T15:00:26","modified_gmt":"2023-04-12T14:00:26","slug":"bilder-der-osterausstellung-2018","status":"publish","type":"page","link":"https:\/\/afc-weidhausen.de\/?page_id=3386","title":{"rendered":"Bilder der Osterausstellung 2018"},"content":{"rendered":"<style type=\"text\/css\">\n#foogallery-gallery-5634 .fg-image { width: 100px; }\n#foogallery-gallery-5634 { --fg-gutter: 10px; }<\/style>\n\t\t\t<div class=\"foogallery foogallery-container foogallery-default foogallery-lightbox-foobox fg-center fg-default fg-ready fg-light fg-border-thin fg-loading-default fg-loaded-fade-in fg-caption-hover fg-hover-fade fg-hover-zoom\" id=\"foogallery-gallery-5634\" data-foogallery=\"{&quot;item&quot;:{&quot;showCaptionTitle&quot;:true,&quot;showCaptionDescription&quot;:true},&quot;lazy&quot;:true}\" style=\"--fg-title-line-clamp: 0; --fg-description-line-clamp: 0;\" >\n\t<div class=\"fg-item fg-type-image fg-idle\"><figure class=\"fg-item-inner\"><a href=\"https:\/\/afc-weidhausen.de\/wp-content\/uploads\/2021\/03\/JB2018_8467.jpg\" data-caption-title=\"Joachim Bleitner - &quot;mit Hut&quot;\" data-caption-desc=\"Joachim Bleitner - &quot;mit Hut&quot;\" data-attachment-id=\"5635\" data-type=\"image\" class=\"fg-thumb\"><span class=\"fg-image-wrap\"><img decoding=\"async\" alt=\"JB2018_8467\" title=\"Joachim Bleitner - &quot;mit Hut&quot;\" width=\"100\" height=\"100\" class=\"skip-lazy fg-image\" data-src-fg=\"https:\/\/afc-weidhausen.de\/wp-content\/uploads\/cache\/2021\/03\/JB2018_8467\/1707343937.jpg\" src=\"data:image\/svg+xml,%3Csvg%20xmlns%3D%22http%3A%2F%2Fwww.w3.org%2F2000%2Fsvg%22%20width%3D%22100%22%20height%3D%22100%22%20viewBox%3D%220%200%20100%20100%22%3E%3C%2Fsvg%3E\" loading=\"eager\"><\/span><span class=\"fg-image-overlay\"><\/span><\/a><figcaption class=\"fg-caption\"><div class=\"fg-caption-inner\"><div class=\"fg-caption-title\">Joachim Bleitner - \"mit Hut\"<\/div><div class=\"fg-caption-desc\">Joachim Bleitner - \"mit Hut\"<\/div><\/div><\/figcaption><\/figure><div class=\"fg-loader\"><\/div><\/div><div class=\"fg-item fg-type-image fg-idle\"><figure class=\"fg-item-inner\"><a href=\"https:\/\/afc-weidhausen.de\/wp-content\/uploads\/2021\/03\/JB2018_8436.jpg\" data-caption-title=\"Joachim Bleitner - &quot;blau-rot-schwarz&quot;\" data-caption-desc=\"Joachim Bleitner - &quot;blau-rot-schwarz&quot;\" data-attachment-id=\"5636\" data-type=\"image\" class=\"fg-thumb\"><span class=\"fg-image-wrap\"><img decoding=\"async\" alt=\"JB2018_8436\" title=\"Joachim Bleitner - &quot;blau-rot-schwarz&quot;\" width=\"100\" height=\"100\" class=\"skip-lazy fg-image\" data-src-fg=\"https:\/\/afc-weidhausen.de\/wp-content\/uploads\/cache\/2021\/03\/JB2018_8436\/311810997.jpg\" src=\"data:image\/svg+xml,%3Csvg%20xmlns%3D%22http%3A%2F%2Fwww.w3.org%2F2000%2Fsvg%22%20width%3D%22100%22%20height%3D%22100%22%20viewBox%3D%220%200%20100%20100%22%3E%3C%2Fsvg%3E\" loading=\"eager\"><\/span><span class=\"fg-image-overlay\"><\/span><\/a><figcaption class=\"fg-caption\"><div class=\"fg-caption-inner\"><div class=\"fg-caption-title\">Joachim Bleitner - \"blau-rot-schwarz\"<\/div><div class=\"fg-caption-desc\">Joachim Bleitner - \"blau-rot-schwarz\"<\/div><\/div><\/figcaption><\/figure><div class=\"fg-loader\"><\/div><\/div><div class=\"fg-item fg-type-image fg-idle\"><figure class=\"fg-item-inner\"><a href=\"https:\/\/afc-weidhausen.de\/wp-content\/uploads\/2021\/03\/JB2018_8427.jpg\" data-caption-title=\"Joachim Bleitner - &quot;Campus Wien&quot;\" data-caption-desc=\"Joachim Bleitner - &quot;Campus Wien&quot;\" data-attachment-id=\"5637\" data-type=\"image\" class=\"fg-thumb\"><span class=\"fg-image-wrap\"><img decoding=\"async\" alt=\"JB2018_8427\" title=\"Joachim Bleitner - &quot;Campus Wien&quot;\" width=\"100\" height=\"100\" class=\"skip-lazy fg-image\" data-src-fg=\"https:\/\/afc-weidhausen.de\/wp-content\/uploads\/cache\/2021\/03\/JB2018_8427\/793753780.jpg\" src=\"data:image\/svg+xml,%3Csvg%20xmlns%3D%22http%3A%2F%2Fwww.w3.org%2F2000%2Fsvg%22%20width%3D%22100%22%20height%3D%22100%22%20viewBox%3D%220%200%20100%20100%22%3E%3C%2Fsvg%3E\" loading=\"eager\"><\/span><span class=\"fg-image-overlay\"><\/span><\/a><figcaption class=\"fg-caption\"><div class=\"fg-caption-inner\"><div class=\"fg-caption-title\">Joachim Bleitner - \"Campus Wien\"<\/div><div class=\"fg-caption-desc\">Joachim Bleitner - \"Campus Wien\"<\/div><\/div><\/figcaption><\/figure><div class=\"fg-loader\"><\/div><\/div><div class=\"fg-item fg-type-image fg-idle\"><figure class=\"fg-item-inner\"><a href=\"https:\/\/afc-weidhausen.de\/wp-content\/uploads\/2021\/03\/JB2018_8402.jpg\" data-caption-title=\"Joachim Bleitner - &quot;Mahnmal&quot;\" data-caption-desc=\"Joachim Bleitner - &quot;Mahnmal&quot;\" data-attachment-id=\"5638\" data-type=\"image\" class=\"fg-thumb\"><span class=\"fg-image-wrap\"><img decoding=\"async\" alt=\"JB2018_8402\" title=\"Joachim Bleitner - &quot;Mahnmal&quot;\" width=\"100\" height=\"100\" class=\"skip-lazy fg-image\" data-src-fg=\"https:\/\/afc-weidhausen.de\/wp-content\/uploads\/cache\/2021\/03\/JB2018_8402\/3412423781.jpg\" src=\"data:image\/svg+xml,%3Csvg%20xmlns%3D%22http%3A%2F%2Fwww.w3.org%2F2000%2Fsvg%22%20width%3D%22100%22%20height%3D%22100%22%20viewBox%3D%220%200%20100%20100%22%3E%3C%2Fsvg%3E\" loading=\"eager\"><\/span><span class=\"fg-image-overlay\"><\/span><\/a><figcaption class=\"fg-caption\"><div class=\"fg-caption-inner\"><div class=\"fg-caption-title\">Joachim Bleitner - \"Mahnmal\"<\/div><div class=\"fg-caption-desc\">Joachim Bleitner - \"Mahnmal\"<\/div><\/div><\/figcaption><\/figure><div class=\"fg-loader\"><\/div><\/div><div class=\"fg-item fg-type-image fg-idle\"><figure class=\"fg-item-inner\"><a href=\"https:\/\/afc-weidhausen.de\/wp-content\/uploads\/2021\/03\/JB2018_8399.jpg\" data-caption-title=\"Joachim Bleitner - &quot;\u00dcberbau&quot;\" data-caption-desc=\"Joachim Bleitner - &quot;\u00dcberbau&quot;\" data-attachment-id=\"5639\" data-type=\"image\" class=\"fg-thumb\"><span class=\"fg-image-wrap\"><img decoding=\"async\" alt=\"JB2018_8399\" title=\"Joachim Bleitner - &quot;\u00dcberbau&quot;\" width=\"100\" height=\"100\" class=\"skip-lazy fg-image\" data-src-fg=\"https:\/\/afc-weidhausen.de\/wp-content\/uploads\/cache\/2021\/03\/JB2018_8399\/1048294093.jpg\" src=\"data:image\/svg+xml,%3Csvg%20xmlns%3D%22http%3A%2F%2Fwww.w3.org%2F2000%2Fsvg%22%20width%3D%22100%22%20height%3D%22100%22%20viewBox%3D%220%200%20100%20100%22%3E%3C%2Fsvg%3E\" loading=\"eager\"><\/span><span class=\"fg-image-overlay\"><\/span><\/a><figcaption class=\"fg-caption\"><div class=\"fg-caption-inner\"><div class=\"fg-caption-title\">Joachim Bleitner - \"\u00dcberbau\"<\/div><div class=\"fg-caption-desc\">Joachim Bleitner - \"\u00dcberbau\"<\/div><\/div><\/figcaption><\/figure><div class=\"fg-loader\"><\/div><\/div><div class=\"fg-item fg-type-image fg-idle\"><figure class=\"fg-item-inner\"><a href=\"https:\/\/afc-weidhausen.de\/wp-content\/uploads\/2021\/03\/JB2018_8397.jpg\" data-caption-title=\"Joachim Bleitner - &quot;Campus Wien&quot;\" data-caption-desc=\"Joachim Bleitner - &quot;Campus Wien&quot;\" data-attachment-id=\"5640\" data-type=\"image\" class=\"fg-thumb\"><span class=\"fg-image-wrap\"><img decoding=\"async\" alt=\"JB2018_8397\" title=\"Joachim Bleitner - &quot;Campus Wien&quot;\" width=\"100\" height=\"100\" class=\"skip-lazy fg-image\" data-src-fg=\"https:\/\/afc-weidhausen.de\/wp-content\/uploads\/cache\/2021\/03\/JB2018_8397\/2282591485.jpg\" src=\"data:image\/svg+xml,%3Csvg%20xmlns%3D%22http%3A%2F%2Fwww.w3.org%2F2000%2Fsvg%22%20width%3D%22100%22%20height%3D%22100%22%20viewBox%3D%220%200%20100%20100%22%3E%3C%2Fsvg%3E\" loading=\"eager\"><\/span><span class=\"fg-image-overlay\"><\/span><\/a><figcaption class=\"fg-caption\"><div class=\"fg-caption-inner\"><div class=\"fg-caption-title\">Joachim Bleitner - \"Campus Wien\"<\/div><div class=\"fg-caption-desc\">Joachim Bleitner - \"Campus Wien\"<\/div><\/div><\/figcaption><\/figure><div class=\"fg-loader\"><\/div><\/div><div class=\"fg-item fg-type-image fg-idle\"><figure class=\"fg-item-inner\"><a href=\"https:\/\/afc-weidhausen.de\/wp-content\/uploads\/2021\/03\/JB2018_8332.jpg\" data-caption-title=\"Joachim Bleitner - &quot;der Einbeinige&quot;\" data-caption-desc=\"Joachim Bleitner - &quot;der Einbeinige&quot;\" data-attachment-id=\"5641\" data-type=\"image\" class=\"fg-thumb\"><span class=\"fg-image-wrap\"><img decoding=\"async\" alt=\"JB2018_8332\" title=\"Joachim Bleitner - &quot;der Einbeinige&quot;\" width=\"100\" height=\"100\" class=\"skip-lazy fg-image\" data-src-fg=\"https:\/\/afc-weidhausen.de\/wp-content\/uploads\/cache\/2021\/03\/JB2018_8332\/3016255451.jpg\" src=\"data:image\/svg+xml,%3Csvg%20xmlns%3D%22http%3A%2F%2Fwww.w3.org%2F2000%2Fsvg%22%20width%3D%22100%22%20height%3D%22100%22%20viewBox%3D%220%200%20100%20100%22%3E%3C%2Fsvg%3E\" loading=\"eager\"><\/span><span class=\"fg-image-overlay\"><\/span><\/a><figcaption class=\"fg-caption\"><div class=\"fg-caption-inner\"><div class=\"fg-caption-title\">Joachim Bleitner - \"der Einbeinige\"<\/div><div class=\"fg-caption-desc\">Joachim Bleitner - \"der Einbeinige\"<\/div><\/div><\/figcaption><\/figure><div class=\"fg-loader\"><\/div><\/div><div class=\"fg-item fg-type-image fg-idle\"><figure class=\"fg-item-inner\"><a href=\"https:\/\/afc-weidhausen.de\/wp-content\/uploads\/2021\/03\/JB2018_8254.jpg\" data-caption-title=\"Joachim Bleitner - &quot;Scheunenfund&quot;\" data-caption-desc=\"Joachim Bleitner - &quot;Scheunenfund&quot;\" data-attachment-id=\"5642\" data-type=\"image\" class=\"fg-thumb\"><span class=\"fg-image-wrap\"><img decoding=\"async\" alt=\"JB2018_8254\" title=\"Joachim Bleitner - &quot;Scheunenfund&quot;\" width=\"100\" height=\"100\" class=\"skip-lazy fg-image\" data-src-fg=\"https:\/\/afc-weidhausen.de\/wp-content\/uploads\/cache\/2021\/03\/JB2018_8254\/403956429.jpg\" src=\"data:image\/svg+xml,%3Csvg%20xmlns%3D%22http%3A%2F%2Fwww.w3.org%2F2000%2Fsvg%22%20width%3D%22100%22%20height%3D%22100%22%20viewBox%3D%220%200%20100%20100%22%3E%3C%2Fsvg%3E\" loading=\"eager\"><\/span><span class=\"fg-image-overlay\"><\/span><\/a><figcaption class=\"fg-caption\"><div class=\"fg-caption-inner\"><div class=\"fg-caption-title\">Joachim Bleitner - \"Scheunenfund\"<\/div><div class=\"fg-caption-desc\">Joachim Bleitner - \"Scheunenfund\"<\/div><\/div><\/figcaption><\/figure><div class=\"fg-loader\"><\/div><\/div><div class=\"fg-item fg-type-image fg-idle\"><figure class=\"fg-item-inner\"><a href=\"https:\/\/afc-weidhausen.de\/wp-content\/uploads\/2021\/03\/JB2018_8130.jpg\" data-caption-title=\"Joachim Bleitner - &quot;Boxenstopp&quot;\" data-caption-desc=\"Joachim Bleitner - &quot;Boxenstopp&quot;\" data-attachment-id=\"5643\" data-type=\"image\" class=\"fg-thumb\"><span class=\"fg-image-wrap\"><img decoding=\"async\" alt=\"JB2018_8130\" title=\"Joachim Bleitner - &quot;Boxenstopp&quot;\" width=\"100\" height=\"100\" class=\"skip-lazy fg-image\" data-src-fg=\"https:\/\/afc-weidhausen.de\/wp-content\/uploads\/cache\/2021\/03\/JB2018_8130\/3799996770.jpg\" src=\"data:image\/svg+xml,%3Csvg%20xmlns%3D%22http%3A%2F%2Fwww.w3.org%2F2000%2Fsvg%22%20width%3D%22100%22%20height%3D%22100%22%20viewBox%3D%220%200%20100%20100%22%3E%3C%2Fsvg%3E\" loading=\"eager\"><\/span><span class=\"fg-image-overlay\"><\/span><\/a><figcaption class=\"fg-caption\"><div class=\"fg-caption-inner\"><div class=\"fg-caption-title\">Joachim Bleitner - \"Boxenstopp\"<\/div><div class=\"fg-caption-desc\">Joachim Bleitner - \"Boxenstopp\"<\/div><\/div><\/figcaption><\/figure><div class=\"fg-loader\"><\/div><\/div><div class=\"fg-item fg-type-image fg-idle\"><figure class=\"fg-item-inner\"><a href=\"https:\/\/afc-weidhausen.de\/wp-content\/uploads\/2021\/03\/JB2018_8050.jpg\" data-caption-title=\"Joachim Bleitner - &quot;Funkenflug&quot;\" data-caption-desc=\"Joachim Bleitner - &quot;Funkenflug&quot;\" data-attachment-id=\"5644\" data-type=\"image\" class=\"fg-thumb\"><span class=\"fg-image-wrap\"><img decoding=\"async\" alt=\"JB2018_8050\" title=\"Joachim Bleitner - &quot;Funkenflug&quot;\" width=\"100\" height=\"100\" class=\"skip-lazy fg-image\" data-src-fg=\"https:\/\/afc-weidhausen.de\/wp-content\/uploads\/cache\/2021\/03\/JB2018_8050\/2701395457.jpg\" src=\"data:image\/svg+xml,%3Csvg%20xmlns%3D%22http%3A%2F%2Fwww.w3.org%2F2000%2Fsvg%22%20width%3D%22100%22%20height%3D%22100%22%20viewBox%3D%220%200%20100%20100%22%3E%3C%2Fsvg%3E\" loading=\"eager\"><\/span><span class=\"fg-image-overlay\"><\/span><\/a><figcaption class=\"fg-caption\"><div class=\"fg-caption-inner\"><div class=\"fg-caption-title\">Joachim Bleitner - \"Funkenflug\"<\/div><div class=\"fg-caption-desc\">Joachim Bleitner - \"Funkenflug\"<\/div><\/div><\/figcaption><\/figure><div class=\"fg-loader\"><\/div><\/div><div class=\"fg-item fg-type-image fg-idle\"><figure class=\"fg-item-inner\"><a href=\"https:\/\/afc-weidhausen.de\/wp-content\/uploads\/2021\/03\/JB2018_7767.jpg\" data-caption-title=\"Joachim Bleitner - &quot;Erdm\u00e4nnchen&quot;\" data-caption-desc=\"Joachim Bleitner - &quot;Erdm\u00e4nnchen&quot;\" data-attachment-id=\"5645\" data-type=\"image\" class=\"fg-thumb\"><span class=\"fg-image-wrap\"><img decoding=\"async\" alt=\"JB2018_7767\" title=\"Joachim Bleitner - &quot;Erdm\u00e4nnchen&quot;\" width=\"100\" height=\"100\" class=\"skip-lazy fg-image\" data-src-fg=\"https:\/\/afc-weidhausen.de\/wp-content\/uploads\/cache\/2021\/03\/JB2018_7767\/90418110.jpg\" src=\"data:image\/svg+xml,%3Csvg%20xmlns%3D%22http%3A%2F%2Fwww.w3.org%2F2000%2Fsvg%22%20width%3D%22100%22%20height%3D%22100%22%20viewBox%3D%220%200%20100%20100%22%3E%3C%2Fsvg%3E\" loading=\"eager\"><\/span><span class=\"fg-image-overlay\"><\/span><\/a><figcaption class=\"fg-caption\"><div class=\"fg-caption-inner\"><div class=\"fg-caption-title\">Joachim Bleitner - \"Erdm\u00e4nnchen\"<\/div><div class=\"fg-caption-desc\">Joachim Bleitner - \"Erdm\u00e4nnchen\"<\/div><\/div><\/figcaption><\/figure><div class=\"fg-loader\"><\/div><\/div><div class=\"fg-item fg-type-image fg-idle\"><figure class=\"fg-item-inner\"><a href=\"https:\/\/afc-weidhausen.de\/wp-content\/uploads\/2021\/03\/JB2018_7730.jpg\" data-caption-title=\"Joachim Bleitner - &quot;Graureiher&quot;\" data-caption-desc=\"Joachim Bleitner - &quot;Graureiher&quot;\" data-attachment-id=\"5646\" data-type=\"image\" class=\"fg-thumb\"><span class=\"fg-image-wrap\"><img decoding=\"async\" alt=\"JB2018_7730\" title=\"Joachim Bleitner - &quot;Graureiher&quot;\" width=\"100\" height=\"100\" class=\"skip-lazy fg-image\" data-src-fg=\"https:\/\/afc-weidhausen.de\/wp-content\/uploads\/cache\/2021\/03\/JB2018_7730\/3026024909.jpg\" src=\"data:image\/svg+xml,%3Csvg%20xmlns%3D%22http%3A%2F%2Fwww.w3.org%2F2000%2Fsvg%22%20width%3D%22100%22%20height%3D%22100%22%20viewBox%3D%220%200%20100%20100%22%3E%3C%2Fsvg%3E\" loading=\"eager\"><\/span><span class=\"fg-image-overlay\"><\/span><\/a><figcaption class=\"fg-caption\"><div class=\"fg-caption-inner\"><div class=\"fg-caption-title\">Joachim Bleitner - \"Graureiher\"<\/div><div class=\"fg-caption-desc\">Joachim Bleitner - \"Graureiher\"<\/div><\/div><\/figcaption><\/figure><div class=\"fg-loader\"><\/div><\/div><div class=\"fg-item fg-type-image fg-idle\"><figure class=\"fg-item-inner\"><a href=\"https:\/\/afc-weidhausen.de\/wp-content\/uploads\/2021\/03\/IG2018_1014.jpg\" data-attachment-id=\"5647\" data-type=\"image\" class=\"fg-thumb\"><span class=\"fg-image-wrap\"><img decoding=\"async\" alt=\"IG2018_1014\" width=\"100\" height=\"100\" class=\"skip-lazy fg-image\" data-src-fg=\"https:\/\/afc-weidhausen.de\/wp-content\/uploads\/cache\/2021\/03\/IG2018_1014\/3970681017.jpg\" src=\"data:image\/svg+xml,%3Csvg%20xmlns%3D%22http%3A%2F%2Fwww.w3.org%2F2000%2Fsvg%22%20width%3D%22100%22%20height%3D%22100%22%20viewBox%3D%220%200%20100%20100%22%3E%3C%2Fsvg%3E\" loading=\"eager\"><\/span><span class=\"fg-image-overlay\"><\/span><\/a><\/figure><div class=\"fg-loader\"><\/div><\/div><div class=\"fg-item fg-type-image fg-idle\"><figure class=\"fg-item-inner\"><a href=\"https:\/\/afc-weidhausen.de\/wp-content\/uploads\/2021\/03\/IG2018_1001.jpg\" data-caption-title=\"Ina G\u00e4rtner - &quot;Dem Himmel so nah&quot; - Villanderer Alm\/S\u00fcdtirol\" data-caption-desc=\"Ina G\u00e4rtner - &quot;Dem Himmel so nah&quot; - Villanderer Alm\/S\u00fcdtirol\" data-attachment-id=\"5648\" data-type=\"image\" class=\"fg-thumb\"><span class=\"fg-image-wrap\"><img decoding=\"async\" alt=\"IG2018_1001\" title=\"Ina G\u00e4rtner - &quot;Dem Himmel so nah&quot; - Villanderer Alm\/S\u00fcdtirol\" width=\"100\" height=\"100\" class=\"skip-lazy fg-image\" data-src-fg=\"https:\/\/afc-weidhausen.de\/wp-content\/uploads\/cache\/2021\/03\/IG2018_1001\/822884525.jpg\" src=\"data:image\/svg+xml,%3Csvg%20xmlns%3D%22http%3A%2F%2Fwww.w3.org%2F2000%2Fsvg%22%20width%3D%22100%22%20height%3D%22100%22%20viewBox%3D%220%200%20100%20100%22%3E%3C%2Fsvg%3E\" loading=\"eager\"><\/span><span class=\"fg-image-overlay\"><\/span><\/a><figcaption class=\"fg-caption\"><div class=\"fg-caption-inner\"><div class=\"fg-caption-title\">Ina G\u00e4rtner - \"Dem Himmel so nah\" - Villanderer Alm\/S\u00fcdtirol<\/div><div class=\"fg-caption-desc\">Ina G\u00e4rtner - \"Dem Himmel so nah\" - Villanderer Alm\/S\u00fcdtirol<\/div><\/div><\/figcaption><\/figure><div class=\"fg-loader\"><\/div><\/div><div class=\"fg-item fg-type-image fg-idle\"><figure class=\"fg-item-inner\"><a href=\"https:\/\/afc-weidhausen.de\/wp-content\/uploads\/2021\/03\/IG2018_1002.jpg\" data-caption-title=\"Ina G\u00e4rtner - &quot;Attacke&quot;\" data-caption-desc=\"Ina G\u00e4rtner - &quot;Attacke&quot;\" data-attachment-id=\"5649\" data-type=\"image\" class=\"fg-thumb\"><span class=\"fg-image-wrap\"><img decoding=\"async\" alt=\"IG2018_1002\" title=\"Ina G\u00e4rtner - &quot;Attacke&quot;\" width=\"100\" height=\"100\" class=\"skip-lazy fg-image\" data-src-fg=\"https:\/\/afc-weidhausen.de\/wp-content\/uploads\/cache\/2021\/03\/IG2018_1002\/1502103698.jpg\" src=\"data:image\/svg+xml,%3Csvg%20xmlns%3D%22http%3A%2F%2Fwww.w3.org%2F2000%2Fsvg%22%20width%3D%22100%22%20height%3D%22100%22%20viewBox%3D%220%200%20100%20100%22%3E%3C%2Fsvg%3E\" loading=\"eager\"><\/span><span class=\"fg-image-overlay\"><\/span><\/a><figcaption class=\"fg-caption\"><div class=\"fg-caption-inner\"><div class=\"fg-caption-title\">Ina G\u00e4rtner - \"Attacke\"<\/div><div class=\"fg-caption-desc\">Ina G\u00e4rtner - \"Attacke\"<\/div><\/div><\/figcaption><\/figure><div class=\"fg-loader\"><\/div><\/div><div class=\"fg-item fg-type-image fg-idle\"><figure class=\"fg-item-inner\"><a href=\"https:\/\/afc-weidhausen.de\/wp-content\/uploads\/2021\/03\/IG2018_1003.jpg\" data-caption-title=\"Ina G\u00e4rtner - &quot;smile&quot;\" data-caption-desc=\"Ina G\u00e4rtner - &quot;smile&quot;\" data-attachment-id=\"5650\" data-type=\"image\" class=\"fg-thumb\"><span class=\"fg-image-wrap\"><img decoding=\"async\" alt=\"IG2018_1003\" title=\"Ina G\u00e4rtner - &quot;smile&quot;\" width=\"100\" height=\"100\" class=\"skip-lazy fg-image\" data-src-fg=\"https:\/\/afc-weidhausen.de\/wp-content\/uploads\/cache\/2021\/03\/IG2018_1003\/2704608700.jpg\" src=\"data:image\/svg+xml,%3Csvg%20xmlns%3D%22http%3A%2F%2Fwww.w3.org%2F2000%2Fsvg%22%20width%3D%22100%22%20height%3D%22100%22%20viewBox%3D%220%200%20100%20100%22%3E%3C%2Fsvg%3E\" loading=\"eager\"><\/span><span class=\"fg-image-overlay\"><\/span><\/a><figcaption class=\"fg-caption\"><div class=\"fg-caption-inner\"><div class=\"fg-caption-title\">Ina G\u00e4rtner - \"smile\"<\/div><div class=\"fg-caption-desc\">Ina G\u00e4rtner - \"smile\"<\/div><\/div><\/figcaption><\/figure><div class=\"fg-loader\"><\/div><\/div><div class=\"fg-item fg-type-image fg-idle\"><figure class=\"fg-item-inner\"><a href=\"https:\/\/afc-weidhausen.de\/wp-content\/uploads\/2021\/03\/IG2018_1004.jpg\" data-caption-title=\"Ina G\u00e4rtner - &quot;Exos&quot; (ohne Knochen)\" data-caption-desc=\"Ina G\u00e4rtner - &quot;Exos&quot; (ohne Knochen)\" data-attachment-id=\"5651\" data-type=\"image\" class=\"fg-thumb\"><span class=\"fg-image-wrap\"><img decoding=\"async\" alt=\"IG2018_1004\" title=\"Ina G\u00e4rtner - &quot;Exos&quot; (ohne Knochen)\" width=\"100\" height=\"100\" class=\"skip-lazy fg-image\" data-src-fg=\"https:\/\/afc-weidhausen.de\/wp-content\/uploads\/cache\/2021\/03\/IG2018_1004\/1308324729.jpg\" src=\"data:image\/svg+xml,%3Csvg%20xmlns%3D%22http%3A%2F%2Fwww.w3.org%2F2000%2Fsvg%22%20width%3D%22100%22%20height%3D%22100%22%20viewBox%3D%220%200%20100%20100%22%3E%3C%2Fsvg%3E\" loading=\"eager\"><\/span><span class=\"fg-image-overlay\"><\/span><\/a><figcaption class=\"fg-caption\"><div class=\"fg-caption-inner\"><div class=\"fg-caption-title\">Ina G\u00e4rtner - \"Exos\" (ohne Knochen)<\/div><div class=\"fg-caption-desc\">Ina G\u00e4rtner - \"Exos\" (ohne Knochen)<\/div><\/div><\/figcaption><\/figure><div class=\"fg-loader\"><\/div><\/div><div class=\"fg-item fg-type-image fg-idle\"><figure class=\"fg-item-inner\"><a href=\"https:\/\/afc-weidhausen.de\/wp-content\/uploads\/2021\/03\/IG2018_1005.jpg\" data-caption-title=\"Ina G\u00e4rtner - &quot;Die fliegende Braut&quot; - Festung Rosenberg\" data-caption-desc=\"Ina G\u00e4rtner - &quot;Die fliegende Braut&quot; - Festung Rosenberg\" data-attachment-id=\"5652\" data-type=\"image\" class=\"fg-thumb\"><span class=\"fg-image-wrap\"><img decoding=\"async\" alt=\"IG2018_1005\" title=\"Ina G\u00e4rtner - &quot;Die fliegende Braut&quot; - Festung Rosenberg\" width=\"100\" height=\"100\" class=\"skip-lazy fg-image\" data-src-fg=\"https:\/\/afc-weidhausen.de\/wp-content\/uploads\/cache\/2021\/03\/IG2018_1005\/1883106754.jpg\" src=\"data:image\/svg+xml,%3Csvg%20xmlns%3D%22http%3A%2F%2Fwww.w3.org%2F2000%2Fsvg%22%20width%3D%22100%22%20height%3D%22100%22%20viewBox%3D%220%200%20100%20100%22%3E%3C%2Fsvg%3E\" loading=\"eager\"><\/span><span class=\"fg-image-overlay\"><\/span><\/a><figcaption class=\"fg-caption\"><div class=\"fg-caption-inner\"><div class=\"fg-caption-title\">Ina G\u00e4rtner - \"Die fliegende Braut\" - Festung Rosenberg<\/div><div class=\"fg-caption-desc\">Ina G\u00e4rtner - \"Die fliegende Braut\" - Festung Rosenberg<\/div><\/div><\/figcaption><\/figure><div class=\"fg-loader\"><\/div><\/div><div class=\"fg-item fg-type-image fg-idle\"><figure class=\"fg-item-inner\"><a href=\"https:\/\/afc-weidhausen.de\/wp-content\/uploads\/2021\/03\/IG2018_1006.jpg\" data-caption-title=\"Ina G\u00e4rtner - &quot;Die fliehende Braut&quot; - Festung Rosenberg\" data-caption-desc=\"Ina G\u00e4rtner - &quot;Die fliehende Braut&quot; - Festung Rosenberg\" data-attachment-id=\"5653\" data-type=\"image\" class=\"fg-thumb\"><span class=\"fg-image-wrap\"><img decoding=\"async\" alt=\"IG2018_1006\" title=\"Ina G\u00e4rtner - &quot;Die fliehende Braut&quot; - Festung Rosenberg\" width=\"100\" height=\"100\" class=\"skip-lazy fg-image\" data-src-fg=\"https:\/\/afc-weidhausen.de\/wp-content\/uploads\/cache\/2021\/03\/IG2018_1006\/414817789.jpg\" src=\"data:image\/svg+xml,%3Csvg%20xmlns%3D%22http%3A%2F%2Fwww.w3.org%2F2000%2Fsvg%22%20width%3D%22100%22%20height%3D%22100%22%20viewBox%3D%220%200%20100%20100%22%3E%3C%2Fsvg%3E\" loading=\"eager\"><\/span><span class=\"fg-image-overlay\"><\/span><\/a><figcaption class=\"fg-caption\"><div class=\"fg-caption-inner\"><div class=\"fg-caption-title\">Ina G\u00e4rtner - \"Die fliehende Braut\" - Festung Rosenberg<\/div><div class=\"fg-caption-desc\">Ina G\u00e4rtner - \"Die fliehende Braut\" - Festung Rosenberg<\/div><\/div><\/figcaption><\/figure><div class=\"fg-loader\"><\/div><\/div><div class=\"fg-item fg-type-image fg-idle\"><figure class=\"fg-item-inner\"><a href=\"https:\/\/afc-weidhausen.de\/wp-content\/uploads\/2021\/03\/IG2018_1007.jpg\" data-caption-title=\"Ina G\u00e4rtner - &quot;Farbenfroh&quot; - Brixen\/S\u00fcdtirol\" data-caption-desc=\"Ina G\u00e4rtner - &quot;Farbenfroh&quot; - Brixen\/S\u00fcdtirol\" data-attachment-id=\"5654\" data-type=\"image\" class=\"fg-thumb\"><span class=\"fg-image-wrap\"><img decoding=\"async\" alt=\"IG2018_1007\" title=\"Ina G\u00e4rtner - &quot;Farbenfroh&quot; - Brixen\/S\u00fcdtirol\" width=\"100\" height=\"100\" class=\"skip-lazy fg-image\" data-src-fg=\"https:\/\/afc-weidhausen.de\/wp-content\/uploads\/cache\/2021\/03\/IG2018_1007\/196137140.jpg\" src=\"data:image\/svg+xml,%3Csvg%20xmlns%3D%22http%3A%2F%2Fwww.w3.org%2F2000%2Fsvg%22%20width%3D%22100%22%20height%3D%22100%22%20viewBox%3D%220%200%20100%20100%22%3E%3C%2Fsvg%3E\" loading=\"eager\"><\/span><span class=\"fg-image-overlay\"><\/span><\/a><figcaption class=\"fg-caption\"><div class=\"fg-caption-inner\"><div class=\"fg-caption-title\">Ina G\u00e4rtner - \"Farbenfroh\" - Brixen\/S\u00fcdtirol<\/div><div class=\"fg-caption-desc\">Ina G\u00e4rtner - \"Farbenfroh\" - Brixen\/S\u00fcdtirol<\/div><\/div><\/figcaption><\/figure><div class=\"fg-loader\"><\/div><\/div><div class=\"fg-item fg-type-image fg-idle\"><figure class=\"fg-item-inner\"><a href=\"https:\/\/afc-weidhausen.de\/wp-content\/uploads\/2021\/03\/IG2018_1008.jpg\" data-caption-title=\"Ina G\u00e4rtner - &quot;Eingang&quot; - Wien\/\u00d6sterreich\" data-caption-desc=\"Ina G\u00e4rtner - &quot;Eingang&quot; - Wien\/\u00d6sterreich\" data-attachment-id=\"5655\" data-type=\"image\" class=\"fg-thumb\"><span class=\"fg-image-wrap\"><img decoding=\"async\" alt=\"IG2018_1008\" title=\"Ina G\u00e4rtner - &quot;Eingang&quot; - Wien\/\u00d6sterreich\" width=\"100\" height=\"100\" class=\"skip-lazy fg-image\" data-src-fg=\"https:\/\/afc-weidhausen.de\/wp-content\/uploads\/cache\/2021\/03\/IG2018_1008\/882619844.jpg\" src=\"data:image\/svg+xml,%3Csvg%20xmlns%3D%22http%3A%2F%2Fwww.w3.org%2F2000%2Fsvg%22%20width%3D%22100%22%20height%3D%22100%22%20viewBox%3D%220%200%20100%20100%22%3E%3C%2Fsvg%3E\" loading=\"eager\"><\/span><span class=\"fg-image-overlay\"><\/span><\/a><figcaption class=\"fg-caption\"><div class=\"fg-caption-inner\"><div class=\"fg-caption-title\">Ina G\u00e4rtner - \"Eingang\" - Wien\/\u00d6sterreich<\/div><div class=\"fg-caption-desc\">Ina G\u00e4rtner - \"Eingang\" - Wien\/\u00d6sterreich<\/div><\/div><\/figcaption><\/figure><div class=\"fg-loader\"><\/div><\/div><div class=\"fg-item fg-type-image fg-idle\"><figure class=\"fg-item-inner\"><a href=\"https:\/\/afc-weidhausen.de\/wp-content\/uploads\/2021\/03\/IG2018_1009.jpg\" data-caption-title=\"Ina G\u00e4rtner - &quot;Hunger&quot;\" data-caption-desc=\"Ina G\u00e4rtner - &quot;Hunger&quot;\" data-attachment-id=\"5656\" data-type=\"image\" class=\"fg-thumb\"><span class=\"fg-image-wrap\"><img decoding=\"async\" alt=\"IG2018_1009\" title=\"Ina G\u00e4rtner - &quot;Hunger&quot;\" width=\"100\" height=\"100\" class=\"skip-lazy fg-image\" data-src-fg=\"https:\/\/afc-weidhausen.de\/wp-content\/uploads\/cache\/2021\/03\/IG2018_1009\/157100927.jpg\" src=\"data:image\/svg+xml,%3Csvg%20xmlns%3D%22http%3A%2F%2Fwww.w3.org%2F2000%2Fsvg%22%20width%3D%22100%22%20height%3D%22100%22%20viewBox%3D%220%200%20100%20100%22%3E%3C%2Fsvg%3E\" loading=\"eager\"><\/span><span class=\"fg-image-overlay\"><\/span><\/a><figcaption class=\"fg-caption\"><div class=\"fg-caption-inner\"><div class=\"fg-caption-title\">Ina G\u00e4rtner - \"Hunger\"<\/div><div class=\"fg-caption-desc\">Ina G\u00e4rtner - \"Hunger\"<\/div><\/div><\/figcaption><\/figure><div class=\"fg-loader\"><\/div><\/div><div class=\"fg-item fg-type-image fg-idle\"><figure class=\"fg-item-inner\"><a href=\"https:\/\/afc-weidhausen.de\/wp-content\/uploads\/2021\/03\/IG2018_1010.jpg\" data-caption-title=\"Ina G\u00e4rtner - &quot;Kreuzzug&quot; - Villanderer Alm\/S\u00fcdtirol\" data-caption-desc=\"Ina G\u00e4rtner - &quot;Kreuzzug&quot; - Villanderer Alm\/S\u00fcdtirol\" data-attachment-id=\"5657\" data-type=\"image\" class=\"fg-thumb\"><span class=\"fg-image-wrap\"><img decoding=\"async\" alt=\"IG2018_1010\" title=\"Ina G\u00e4rtner - &quot;Kreuzzug&quot; - Villanderer Alm\/S\u00fcdtirol\" width=\"100\" height=\"100\" class=\"skip-lazy fg-image\" data-src-fg=\"https:\/\/afc-weidhausen.de\/wp-content\/uploads\/cache\/2021\/03\/IG2018_1010\/3881980875.jpg\" src=\"data:image\/svg+xml,%3Csvg%20xmlns%3D%22http%3A%2F%2Fwww.w3.org%2F2000%2Fsvg%22%20width%3D%22100%22%20height%3D%22100%22%20viewBox%3D%220%200%20100%20100%22%3E%3C%2Fsvg%3E\" loading=\"eager\"><\/span><span class=\"fg-image-overlay\"><\/span><\/a><figcaption class=\"fg-caption\"><div class=\"fg-caption-inner\"><div class=\"fg-caption-title\">Ina G\u00e4rtner - \"Kreuzzug\" - Villanderer Alm\/S\u00fcdtirol<\/div><div class=\"fg-caption-desc\">Ina G\u00e4rtner - \"Kreuzzug\" - Villanderer Alm\/S\u00fcdtirol<\/div><\/div><\/figcaption><\/figure><div class=\"fg-loader\"><\/div><\/div><div class=\"fg-item fg-type-image fg-idle\"><figure class=\"fg-item-inner\"><a href=\"https:\/\/afc-weidhausen.de\/wp-content\/uploads\/2021\/03\/IG2018_1011.jpg\" data-caption-title=\"Ina G\u00e4rtner - &quot;safe&quot;\" data-caption-desc=\"Ina G\u00e4rtner - &quot;safe&quot;\" data-attachment-id=\"5658\" data-type=\"image\" class=\"fg-thumb\"><span class=\"fg-image-wrap\"><img decoding=\"async\" alt=\"IG2018_1011\" title=\"Ina G\u00e4rtner - &quot;safe&quot;\" width=\"100\" height=\"100\" class=\"skip-lazy fg-image\" data-src-fg=\"https:\/\/afc-weidhausen.de\/wp-content\/uploads\/cache\/2021\/03\/IG2018_1011\/2851387750.jpg\" src=\"data:image\/svg+xml,%3Csvg%20xmlns%3D%22http%3A%2F%2Fwww.w3.org%2F2000%2Fsvg%22%20width%3D%22100%22%20height%3D%22100%22%20viewBox%3D%220%200%20100%20100%22%3E%3C%2Fsvg%3E\" loading=\"eager\"><\/span><span class=\"fg-image-overlay\"><\/span><\/a><figcaption class=\"fg-caption\"><div class=\"fg-caption-inner\"><div class=\"fg-caption-title\">Ina G\u00e4rtner - \"safe\"<\/div><div class=\"fg-caption-desc\">Ina G\u00e4rtner - \"safe\"<\/div><\/div><\/figcaption><\/figure><div class=\"fg-loader\"><\/div><\/div><div class=\"fg-item fg-type-image fg-idle\"><figure class=\"fg-item-inner\"><a href=\"https:\/\/afc-weidhausen.de\/wp-content\/uploads\/2021\/03\/IG2018_1012.jpg\" data-caption-title=\"Ina G\u00e4rtner - &quot;Chees&quot;\" data-caption-desc=\"Ina G\u00e4rtner - &quot;Chees&quot;\" data-attachment-id=\"5659\" data-type=\"image\" class=\"fg-thumb\"><span class=\"fg-image-wrap\"><img decoding=\"async\" alt=\"IG2018_1012\" title=\"Ina G\u00e4rtner - &quot;Chees&quot;\" width=\"100\" height=\"100\" class=\"skip-lazy fg-image\" data-src-fg=\"https:\/\/afc-weidhausen.de\/wp-content\/uploads\/cache\/2021\/03\/IG2018_1012\/3245394265.jpg\" src=\"data:image\/svg+xml,%3Csvg%20xmlns%3D%22http%3A%2F%2Fwww.w3.org%2F2000%2Fsvg%22%20width%3D%22100%22%20height%3D%22100%22%20viewBox%3D%220%200%20100%20100%22%3E%3C%2Fsvg%3E\" loading=\"eager\"><\/span><span class=\"fg-image-overlay\"><\/span><\/a><figcaption class=\"fg-caption\"><div class=\"fg-caption-inner\"><div class=\"fg-caption-title\">Ina G\u00e4rtner - \"Chees\"<\/div><div class=\"fg-caption-desc\">Ina G\u00e4rtner - \"Chees\"<\/div><\/div><\/figcaption><\/figure><div class=\"fg-loader\"><\/div><\/div><div class=\"fg-item fg-type-image fg-idle\"><figure class=\"fg-item-inner\"><a href=\"https:\/\/afc-weidhausen.de\/wp-content\/uploads\/2021\/03\/GS2018_1449.jpg\" data-caption-title=\"G\u00fcnther Schmidt - &quot;Riesenrad&quot; - Bournemouth, S\u00fcdengland\" data-caption-desc=\"G\u00fcnther Schmidt - &quot;Riesenrad&quot; - Bournemouth, S\u00fcdengland\" data-attachment-id=\"5660\" data-type=\"image\" class=\"fg-thumb\"><span class=\"fg-image-wrap\"><img decoding=\"async\" alt=\"GS2018_1449\" title=\"G\u00fcnther Schmidt - &quot;Riesenrad&quot; - Bournemouth, S\u00fcdengland\" width=\"100\" height=\"100\" class=\"skip-lazy fg-image\" data-src-fg=\"https:\/\/afc-weidhausen.de\/wp-content\/uploads\/cache\/2021\/03\/GS2018_1449\/1383331040.jpg\" src=\"data:image\/svg+xml,%3Csvg%20xmlns%3D%22http%3A%2F%2Fwww.w3.org%2F2000%2Fsvg%22%20width%3D%22100%22%20height%3D%22100%22%20viewBox%3D%220%200%20100%20100%22%3E%3C%2Fsvg%3E\" loading=\"eager\"><\/span><span class=\"fg-image-overlay\"><\/span><\/a><figcaption class=\"fg-caption\"><div class=\"fg-caption-inner\"><div class=\"fg-caption-title\">G\u00fcnther Schmidt - \"Riesenrad\" - Bournemouth, S\u00fcdengland<\/div><div class=\"fg-caption-desc\">G\u00fcnther Schmidt - \"Riesenrad\" - Bournemouth, S\u00fcdengland<\/div><\/div><\/figcaption><\/figure><div class=\"fg-loader\"><\/div><\/div><div class=\"fg-item fg-type-image fg-idle\"><figure class=\"fg-item-inner\"><a href=\"https:\/\/afc-weidhausen.de\/wp-content\/uploads\/2021\/03\/LF2018_1013.jpg\" data-caption-title=\"Ludwig Fichtel - &quot;Windspiel&quot;\" data-caption-desc=\"Ludwig Fichtel - &quot;Windspiel&quot;\" data-attachment-id=\"5661\" data-type=\"image\" class=\"fg-thumb\"><span class=\"fg-image-wrap\"><img decoding=\"async\" alt=\"LF2018_1013\" title=\"Ludwig Fichtel - &quot;Windspiel&quot;\" width=\"100\" height=\"100\" class=\"skip-lazy fg-image\" data-src-fg=\"https:\/\/afc-weidhausen.de\/wp-content\/uploads\/cache\/2021\/03\/LF2018_1013\/2028764254.jpg\" src=\"data:image\/svg+xml,%3Csvg%20xmlns%3D%22http%3A%2F%2Fwww.w3.org%2F2000%2Fsvg%22%20width%3D%22100%22%20height%3D%22100%22%20viewBox%3D%220%200%20100%20100%22%3E%3C%2Fsvg%3E\" loading=\"eager\"><\/span><span class=\"fg-image-overlay\"><\/span><\/a><figcaption class=\"fg-caption\"><div class=\"fg-caption-inner\"><div class=\"fg-caption-title\">Ludwig Fichtel - \"Windspiel\"<\/div><div class=\"fg-caption-desc\">Ludwig Fichtel - \"Windspiel\"<\/div><\/div><\/figcaption><\/figure><div class=\"fg-loader\"><\/div><\/div><div class=\"fg-item fg-type-image fg-idle\"><figure class=\"fg-item-inner\"><a href=\"https:\/\/afc-weidhausen.de\/wp-content\/uploads\/2021\/03\/LF2018_1012.jpg\" data-caption-title=\"Ludwig Fichtel - &quot;Treppenhaus&quot;\" data-caption-desc=\"Ludwig Fichtel - &quot;Treppenhaus&quot;\" data-attachment-id=\"5662\" data-type=\"image\" class=\"fg-thumb\"><span class=\"fg-image-wrap\"><img decoding=\"async\" alt=\"LF2018_1012\" title=\"Ludwig Fichtel - &quot;Treppenhaus&quot;\" width=\"100\" height=\"100\" class=\"skip-lazy fg-image\" data-src-fg=\"https:\/\/afc-weidhausen.de\/wp-content\/uploads\/cache\/2021\/03\/LF2018_1012\/1160438501.jpg\" src=\"data:image\/svg+xml,%3Csvg%20xmlns%3D%22http%3A%2F%2Fwww.w3.org%2F2000%2Fsvg%22%20width%3D%22100%22%20height%3D%22100%22%20viewBox%3D%220%200%20100%20100%22%3E%3C%2Fsvg%3E\" loading=\"eager\"><\/span><span class=\"fg-image-overlay\"><\/span><\/a><figcaption class=\"fg-caption\"><div class=\"fg-caption-inner\"><div class=\"fg-caption-title\">Ludwig Fichtel - \"Treppenhaus\"<\/div><div class=\"fg-caption-desc\">Ludwig Fichtel - \"Treppenhaus\"<\/div><\/div><\/figcaption><\/figure><div class=\"fg-loader\"><\/div><\/div><div class=\"fg-item fg-type-image fg-idle\"><figure class=\"fg-item-inner\"><a href=\"https:\/\/afc-weidhausen.de\/wp-content\/uploads\/2021\/03\/LF2018_1011.jpg\" data-caption-title=\"Ludwig Fichtel - &quot;Taubenschw\u00e4nzchen&quot;\" data-caption-desc=\"Ludwig Fichtel - &quot;Taubenschw\u00e4nzchen&quot;\" data-attachment-id=\"5663\" data-type=\"image\" class=\"fg-thumb\"><span class=\"fg-image-wrap\"><img decoding=\"async\" alt=\"LF2018_1011\" title=\"Ludwig Fichtel - &quot;Taubenschw\u00e4nzchen&quot;\" width=\"100\" height=\"100\" class=\"skip-lazy fg-image\" data-src-fg=\"https:\/\/afc-weidhausen.de\/wp-content\/uploads\/cache\/2021\/03\/LF2018_1011\/766415578.jpg\" src=\"data:image\/svg+xml,%3Csvg%20xmlns%3D%22http%3A%2F%2Fwww.w3.org%2F2000%2Fsvg%22%20width%3D%22100%22%20height%3D%22100%22%20viewBox%3D%220%200%20100%20100%22%3E%3C%2Fsvg%3E\" loading=\"eager\"><\/span><span class=\"fg-image-overlay\"><\/span><\/a><figcaption class=\"fg-caption\"><div class=\"fg-caption-inner\"><div class=\"fg-caption-title\">Ludwig Fichtel - \"Taubenschw\u00e4nzchen\"<\/div><div class=\"fg-caption-desc\">Ludwig Fichtel - \"Taubenschw\u00e4nzchen\"<\/div><\/div><\/figcaption><\/figure><div class=\"fg-loader\"><\/div><\/div><div class=\"fg-item fg-type-image fg-idle\"><figure class=\"fg-item-inner\"><a href=\"https:\/\/afc-weidhausen.de\/wp-content\/uploads\/2021\/03\/LF2018_1010.jpg\" data-caption-title=\"Ludwig Fichtel - &quot;Stromtrasse im Nebel&quot;\" data-caption-desc=\"Ludwig Fichtel - &quot;Stromtrasse im Nebel&quot;\" data-attachment-id=\"5664\" data-type=\"image\" class=\"fg-thumb\"><span class=\"fg-image-wrap\"><img decoding=\"async\" alt=\"LF2018_1010\" title=\"Ludwig Fichtel - &quot;Stromtrasse im Nebel&quot;\" width=\"100\" height=\"100\" class=\"skip-lazy fg-image\" data-src-fg=\"https:\/\/afc-weidhausen.de\/wp-content\/uploads\/cache\/2021\/03\/LF2018_1010\/1051189139.jpg\" src=\"data:image\/svg+xml,%3Csvg%20xmlns%3D%22http%3A%2F%2Fwww.w3.org%2F2000%2Fsvg%22%20width%3D%22100%22%20height%3D%22100%22%20viewBox%3D%220%200%20100%20100%22%3E%3C%2Fsvg%3E\" loading=\"eager\"><\/span><span class=\"fg-image-overlay\"><\/span><\/a><figcaption class=\"fg-caption\"><div class=\"fg-caption-inner\"><div class=\"fg-caption-title\">Ludwig Fichtel - \"Stromtrasse im Nebel\"<\/div><div class=\"fg-caption-desc\">Ludwig Fichtel - \"Stromtrasse im Nebel\"<\/div><\/div><\/figcaption><\/figure><div class=\"fg-loader\"><\/div><\/div><div class=\"fg-item fg-type-image fg-idle\"><figure class=\"fg-item-inner\"><a href=\"https:\/\/afc-weidhausen.de\/wp-content\/uploads\/2021\/03\/LF2018_1009.jpg\" data-caption-title=\"Ludwig Fichtel - &quot;Passionsblume&quot;\" data-caption-desc=\"Ludwig Fichtel - &quot;Passionsblume&quot;\" data-attachment-id=\"5665\" data-type=\"image\" class=\"fg-thumb\"><span class=\"fg-image-wrap\"><img decoding=\"async\" alt=\"LF2018_1009\" title=\"Ludwig Fichtel - &quot;Passionsblume&quot;\" width=\"100\" height=\"100\" class=\"skip-lazy fg-image\" data-src-fg=\"https:\/\/afc-weidhausen.de\/wp-content\/uploads\/cache\/2021\/03\/LF2018_1009\/3499665191.jpg\" src=\"data:image\/svg+xml,%3Csvg%20xmlns%3D%22http%3A%2F%2Fwww.w3.org%2F2000%2Fsvg%22%20width%3D%22100%22%20height%3D%22100%22%20viewBox%3D%220%200%20100%20100%22%3E%3C%2Fsvg%3E\" loading=\"eager\"><\/span><span class=\"fg-image-overlay\"><\/span><\/a><figcaption class=\"fg-caption\"><div class=\"fg-caption-inner\"><div class=\"fg-caption-title\">Ludwig Fichtel - \"Passionsblume\"<\/div><div class=\"fg-caption-desc\">Ludwig Fichtel - \"Passionsblume\"<\/div><\/div><\/figcaption><\/figure><div class=\"fg-loader\"><\/div><\/div><div class=\"fg-item fg-type-image fg-idle\"><figure class=\"fg-item-inner\"><a href=\"https:\/\/afc-weidhausen.de\/wp-content\/uploads\/2021\/03\/LF2018_1008.jpg\" data-caption-title=\"Ludwig Fichtel - &quot;Nachdenklich&quot;\" data-caption-desc=\"Ludwig Fichtel - &quot;Nachdenklich&quot;\" data-attachment-id=\"5666\" data-type=\"image\" class=\"fg-thumb\"><span class=\"fg-image-wrap\"><img decoding=\"async\" alt=\"LF2018_1008\" title=\"Ludwig Fichtel - &quot;Nachdenklich&quot;\" width=\"100\" height=\"100\" class=\"skip-lazy fg-image\" data-src-fg=\"https:\/\/afc-weidhausen.de\/wp-content\/uploads\/cache\/2021\/03\/LF2018_1008\/3982375324.jpg\" src=\"data:image\/svg+xml,%3Csvg%20xmlns%3D%22http%3A%2F%2Fwww.w3.org%2F2000%2Fsvg%22%20width%3D%22100%22%20height%3D%22100%22%20viewBox%3D%220%200%20100%20100%22%3E%3C%2Fsvg%3E\" loading=\"eager\"><\/span><span class=\"fg-image-overlay\"><\/span><\/a><figcaption class=\"fg-caption\"><div class=\"fg-caption-inner\"><div class=\"fg-caption-title\">Ludwig Fichtel - \"Nachdenklich\"<\/div><div class=\"fg-caption-desc\">Ludwig Fichtel - \"Nachdenklich\"<\/div><\/div><\/figcaption><\/figure><div class=\"fg-loader\"><\/div><\/div><div class=\"fg-item fg-type-image fg-idle\"><figure class=\"fg-item-inner\"><a href=\"https:\/\/afc-weidhausen.de\/wp-content\/uploads\/2021\/03\/LF2018_1007.jpg\" data-caption-title=\"Ludwig Fichtel - &quot;Morgennebel&quot;\" data-caption-desc=\"Ludwig Fichtel - &quot;Morgennebel&quot;\" data-attachment-id=\"5667\" data-type=\"image\" class=\"fg-thumb\"><span class=\"fg-image-wrap\"><img decoding=\"async\" alt=\"LF2018_1007\" title=\"Ludwig Fichtel - &quot;Morgennebel&quot;\" width=\"100\" height=\"100\" class=\"skip-lazy fg-image\" data-src-fg=\"https:\/\/afc-weidhausen.de\/wp-content\/uploads\/cache\/2021\/03\/LF2018_1007\/3530906860.jpg\" src=\"data:image\/svg+xml,%3Csvg%20xmlns%3D%22http%3A%2F%2Fwww.w3.org%2F2000%2Fsvg%22%20width%3D%22100%22%20height%3D%22100%22%20viewBox%3D%220%200%20100%20100%22%3E%3C%2Fsvg%3E\" loading=\"eager\"><\/span><span class=\"fg-image-overlay\"><\/span><\/a><figcaption class=\"fg-caption\"><div class=\"fg-caption-inner\"><div class=\"fg-caption-title\">Ludwig Fichtel - \"Morgennebel\"<\/div><div class=\"fg-caption-desc\">Ludwig Fichtel - \"Morgennebel\"<\/div><\/div><\/figcaption><\/figure><div class=\"fg-loader\"><\/div><\/div><div class=\"fg-item fg-type-image fg-idle\"><figure class=\"fg-item-inner\"><a href=\"https:\/\/afc-weidhausen.de\/wp-content\/uploads\/2021\/03\/LF2018_1006.jpg\" data-caption-title=\"Ludwig Fichtel - &quot;K\u00fcchenschelle&quot;\" data-caption-desc=\"Ludwig Fichtel - &quot;K\u00fcchenschelle&quot;\" data-attachment-id=\"5668\" data-type=\"image\" class=\"fg-thumb\"><span class=\"fg-image-wrap\"><img decoding=\"async\" alt=\"LF2018_1006\" title=\"Ludwig Fichtel - &quot;K\u00fcchenschelle&quot;\" width=\"100\" height=\"100\" class=\"skip-lazy fg-image\" data-src-fg=\"https:\/\/afc-weidhausen.de\/wp-content\/uploads\/cache\/2021\/03\/LF2018_1006\/2632169025.jpg\" src=\"data:image\/svg+xml,%3Csvg%20xmlns%3D%22http%3A%2F%2Fwww.w3.org%2F2000%2Fsvg%22%20width%3D%22100%22%20height%3D%22100%22%20viewBox%3D%220%200%20100%20100%22%3E%3C%2Fsvg%3E\" loading=\"eager\"><\/span><span class=\"fg-image-overlay\"><\/span><\/a><figcaption class=\"fg-caption\"><div class=\"fg-caption-inner\"><div class=\"fg-caption-title\">Ludwig Fichtel - \"K\u00fcchenschelle\"<\/div><div class=\"fg-caption-desc\">Ludwig Fichtel - \"K\u00fcchenschelle\"<\/div><\/div><\/figcaption><\/figure><div class=\"fg-loader\"><\/div><\/div><div class=\"fg-item fg-type-image fg-idle\"><figure class=\"fg-item-inner\"><a href=\"https:\/\/afc-weidhausen.de\/wp-content\/uploads\/2021\/03\/LF2018_1005.jpg\" data-caption-title=\"Ludwig Fichtel - &quot;Kronach leuchtet&quot;\" data-caption-desc=\"Ludwig Fichtel - &quot;Kronach leuchtet&quot;\" data-attachment-id=\"5669\" data-type=\"image\" class=\"fg-thumb\"><span class=\"fg-image-wrap\"><img decoding=\"async\" alt=\"LF2018_1005\" title=\"Ludwig Fichtel - &quot;Kronach leuchtet&quot;\" width=\"100\" height=\"100\" class=\"skip-lazy fg-image\" data-src-fg=\"https:\/\/afc-weidhausen.de\/wp-content\/uploads\/cache\/2021\/03\/LF2018_1005\/4100441726.jpg\" src=\"data:image\/svg+xml,%3Csvg%20xmlns%3D%22http%3A%2F%2Fwww.w3.org%2F2000%2Fsvg%22%20width%3D%22100%22%20height%3D%22100%22%20viewBox%3D%220%200%20100%20100%22%3E%3C%2Fsvg%3E\" loading=\"eager\"><\/span><span class=\"fg-image-overlay\"><\/span><\/a><figcaption class=\"fg-caption\"><div class=\"fg-caption-inner\"><div class=\"fg-caption-title\">Ludwig Fichtel - \"Kronach leuchtet\"<\/div><div class=\"fg-caption-desc\">Ludwig Fichtel - \"Kronach leuchtet\"<\/div><\/div><\/figcaption><\/figure><div class=\"fg-loader\"><\/div><\/div><div class=\"fg-item fg-type-image fg-idle\"><figure class=\"fg-item-inner\"><a href=\"https:\/\/afc-weidhausen.de\/wp-content\/uploads\/2021\/03\/LF2018_1004.jpg\" data-caption-title=\"Ludwig Fichtel - &quot;Fischdieb&quot;\" data-caption-desc=\"Ludwig Fichtel - &quot;Fischdieb&quot;\" data-attachment-id=\"5670\" data-type=\"image\" class=\"fg-thumb\"><span class=\"fg-image-wrap\"><img decoding=\"async\" alt=\"LF2018_1004\" title=\"Ludwig Fichtel - &quot;Fischdieb&quot;\" width=\"100\" height=\"100\" class=\"skip-lazy fg-image\" data-src-fg=\"https:\/\/afc-weidhausen.de\/wp-content\/uploads\/cache\/2021\/03\/LF2018_1004\/215647056.jpg\" src=\"data:image\/svg+xml,%3Csvg%20xmlns%3D%22http%3A%2F%2Fwww.w3.org%2F2000%2Fsvg%22%20width%3D%22100%22%20height%3D%22100%22%20viewBox%3D%220%200%20100%20100%22%3E%3C%2Fsvg%3E\" loading=\"eager\"><\/span><span class=\"fg-image-overlay\"><\/span><\/a><figcaption class=\"fg-caption\"><div class=\"fg-caption-inner\"><div class=\"fg-caption-title\">Ludwig Fichtel - \"Fischdieb\"<\/div><div class=\"fg-caption-desc\">Ludwig Fichtel - \"Fischdieb\"<\/div><\/div><\/figcaption><\/figure><div class=\"fg-loader\"><\/div><\/div><div class=\"fg-item fg-type-image fg-idle\"><figure class=\"fg-item-inner\"><a href=\"https:\/\/afc-weidhausen.de\/wp-content\/uploads\/2021\/03\/LF2018_1003.jpg\" data-caption-title=\"Ludwig Fichtel - &quot;Feuertreppe&quot;\" data-caption-desc=\"Ludwig Fichtel - &quot;Feuertreppe&quot;\" data-attachment-id=\"5671\" data-type=\"image\" class=\"fg-thumb\"><span class=\"fg-image-wrap\"><img decoding=\"async\" alt=\"LF2018_1003\" title=\"Ludwig Fichtel - &quot;Feuertreppe&quot;\" width=\"100\" height=\"100\" class=\"skip-lazy fg-image\" data-src-fg=\"https:\/\/afc-weidhausen.de\/wp-content\/uploads\/cache\/2021\/03\/LF2018_1003\/3759472021.jpg\" src=\"data:image\/svg+xml,%3Csvg%20xmlns%3D%22http%3A%2F%2Fwww.w3.org%2F2000%2Fsvg%22%20width%3D%22100%22%20height%3D%22100%22%20viewBox%3D%220%200%20100%20100%22%3E%3C%2Fsvg%3E\" loading=\"eager\"><\/span><span class=\"fg-image-overlay\"><\/span><\/a><figcaption class=\"fg-caption\"><div class=\"fg-caption-inner\"><div class=\"fg-caption-title\">Ludwig Fichtel - \"Feuertreppe\"<\/div><div class=\"fg-caption-desc\">Ludwig Fichtel - \"Feuertreppe\"<\/div><\/div><\/figcaption><\/figure><div class=\"fg-loader\"><\/div><\/div><div class=\"fg-item fg-type-image fg-idle\"><figure class=\"fg-item-inner\"><a href=\"https:\/\/afc-weidhausen.de\/wp-content\/uploads\/2021\/03\/LF2018_1002.jpg\" data-caption-title=\"Ludwig Fichtel - &quot;Entspannt&quot;\" data-caption-desc=\"Ludwig Fichtel - &quot;Entspannt&quot;\" data-attachment-id=\"5672\" data-type=\"image\" class=\"fg-thumb\"><span class=\"fg-image-wrap\"><img decoding=\"async\" alt=\"LF2018_1002\" title=\"Ludwig Fichtel - &quot;Entspannt&quot;\" width=\"100\" height=\"100\" class=\"skip-lazy fg-image\" data-src-fg=\"https:\/\/afc-weidhausen.de\/wp-content\/uploads\/cache\/2021\/03\/LF2018_1002\/3721552686.jpg\" src=\"data:image\/svg+xml,%3Csvg%20xmlns%3D%22http%3A%2F%2Fwww.w3.org%2F2000%2Fsvg%22%20width%3D%22100%22%20height%3D%22100%22%20viewBox%3D%220%200%20100%20100%22%3E%3C%2Fsvg%3E\" loading=\"eager\"><\/span><span class=\"fg-image-overlay\"><\/span><\/a><figcaption class=\"fg-caption\"><div class=\"fg-caption-inner\"><div class=\"fg-caption-title\">Ludwig Fichtel - \"Entspannt\"<\/div><div class=\"fg-caption-desc\">Ludwig Fichtel - \"Entspannt\"<\/div><\/div><\/figcaption><\/figure><div class=\"fg-loader\"><\/div><\/div><div class=\"fg-item fg-type-image fg-idle\"><figure class=\"fg-item-inner\"><a href=\"https:\/\/afc-weidhausen.de\/wp-content\/uploads\/2021\/03\/LF2018_1001.jpg\" data-caption-title=\"Ludwig Fichtel - &quot;Ausgedient&quot;\" data-caption-desc=\"Ludwig Fichtel - &quot;Ausgedient&quot;\" data-attachment-id=\"5673\" data-type=\"image\" class=\"fg-thumb\"><span class=\"fg-image-wrap\"><img decoding=\"async\" alt=\"LF2018_1001\" title=\"Ludwig Fichtel - &quot;Ausgedient&quot;\" width=\"100\" height=\"100\" class=\"skip-lazy fg-image\" data-src-fg=\"https:\/\/afc-weidhausen.de\/wp-content\/uploads\/cache\/2021\/03\/LF2018_1001\/3042317073.jpg\" src=\"data:image\/svg+xml,%3Csvg%20xmlns%3D%22http%3A%2F%2Fwww.w3.org%2F2000%2Fsvg%22%20width%3D%22100%22%20height%3D%22100%22%20viewBox%3D%220%200%20100%20100%22%3E%3C%2Fsvg%3E\" loading=\"eager\"><\/span><span class=\"fg-image-overlay\"><\/span><\/a><figcaption class=\"fg-caption\"><div class=\"fg-caption-inner\"><div class=\"fg-caption-title\">Ludwig Fichtel - \"Ausgedient\"<\/div><div class=\"fg-caption-desc\">Ludwig Fichtel - \"Ausgedient\"<\/div><\/div><\/figcaption><\/figure><div class=\"fg-loader\"><\/div><\/div><div class=\"fg-item fg-type-image fg-idle\"><figure class=\"fg-item-inner\"><a href=\"https:\/\/afc-weidhausen.de\/wp-content\/uploads\/2021\/03\/AG2018_1001.jpg\" data-caption-title=\"Andreas Giese - &quot;Altes Holz&quot;\" data-caption-desc=\"Andreas Giese - &quot;Altes Holz&quot;\" data-attachment-id=\"5674\" data-type=\"image\" class=\"fg-thumb\"><span class=\"fg-image-wrap\"><img decoding=\"async\" alt=\"AG2018_1001\" title=\"Andreas Giese - &quot;Altes Holz&quot;\" width=\"100\" height=\"100\" class=\"skip-lazy fg-image\" data-src-fg=\"https:\/\/afc-weidhausen.de\/wp-content\/uploads\/cache\/2021\/03\/AG2018_1001\/519592558.jpg\" src=\"data:image\/svg+xml,%3Csvg%20xmlns%3D%22http%3A%2F%2Fwww.w3.org%2F2000%2Fsvg%22%20width%3D%22100%22%20height%3D%22100%22%20viewBox%3D%220%200%20100%20100%22%3E%3C%2Fsvg%3E\" loading=\"eager\"><\/span><span class=\"fg-image-overlay\"><\/span><\/a><figcaption class=\"fg-caption\"><div class=\"fg-caption-inner\"><div class=\"fg-caption-title\">Andreas Giese - \"Altes Holz\"<\/div><div class=\"fg-caption-desc\">Andreas Giese - \"Altes Holz\"<\/div><\/div><\/figcaption><\/figure><div class=\"fg-loader\"><\/div><\/div><div class=\"fg-item fg-type-image fg-idle\"><figure class=\"fg-item-inner\"><a href=\"https:\/\/afc-weidhausen.de\/wp-content\/uploads\/2021\/03\/AG2018_1002.jpg\" data-caption-title=\"Andreas Giese - &quot;Es war einmal&quot; - Anstatt Museum\" data-caption-desc=\"Andreas Giese - &quot;Es war einmal&quot; - Anstatt Museum\" data-attachment-id=\"5675\" data-type=\"image\" class=\"fg-thumb\"><span class=\"fg-image-wrap\"><img decoding=\"async\" alt=\"AG2018_1002\" title=\"Andreas Giese - &quot;Es war einmal&quot; - Anstatt Museum\" width=\"100\" height=\"100\" class=\"skip-lazy fg-image\" data-src-fg=\"https:\/\/afc-weidhausen.de\/wp-content\/uploads\/cache\/2021\/03\/AG2018_1002\/1987848785.jpg\" src=\"data:image\/svg+xml,%3Csvg%20xmlns%3D%22http%3A%2F%2Fwww.w3.org%2F2000%2Fsvg%22%20width%3D%22100%22%20height%3D%22100%22%20viewBox%3D%220%200%20100%20100%22%3E%3C%2Fsvg%3E\" loading=\"eager\"><\/span><span class=\"fg-image-overlay\"><\/span><\/a><figcaption class=\"fg-caption\"><div class=\"fg-caption-inner\"><div class=\"fg-caption-title\">Andreas Giese - \"Es war einmal\" - Anstatt Museum<\/div><div class=\"fg-caption-desc\">Andreas Giese - \"Es war einmal\" - Anstatt Museum<\/div><\/div><\/figcaption><\/figure><div class=\"fg-loader\"><\/div><\/div><div class=\"fg-item fg-type-image fg-idle\"><figure class=\"fg-item-inner\"><a href=\"https:\/\/afc-weidhausen.de\/wp-content\/uploads\/2021\/03\/AG2018_1003.jpg\" data-caption-title=\"Andreas Giese - &quot;Wannenbad mit Nilpferd&quot;\" data-caption-desc=\"Andreas Giese - &quot;Wannenbad mit Nilpferd&quot;\" data-attachment-id=\"5676\" data-type=\"image\" class=\"fg-thumb\"><span class=\"fg-image-wrap\"><img decoding=\"async\" alt=\"AG2018_1003\" title=\"Andreas Giese - &quot;Wannenbad mit Nilpferd&quot;\" width=\"100\" height=\"100\" class=\"skip-lazy fg-image\" data-src-fg=\"https:\/\/afc-weidhausen.de\/wp-content\/uploads\/cache\/2021\/03\/AG2018_1003\/1270527210.jpg\" src=\"data:image\/svg+xml,%3Csvg%20xmlns%3D%22http%3A%2F%2Fwww.w3.org%2F2000%2Fsvg%22%20width%3D%22100%22%20height%3D%22100%22%20viewBox%3D%220%200%20100%20100%22%3E%3C%2Fsvg%3E\" loading=\"eager\"><\/span><span class=\"fg-image-overlay\"><\/span><\/a><figcaption class=\"fg-caption\"><div class=\"fg-caption-inner\"><div class=\"fg-caption-title\">Andreas Giese - \"Wannenbad mit Nilpferd\"<\/div><div class=\"fg-caption-desc\">Andreas Giese - \"Wannenbad mit Nilpferd\"<\/div><\/div><\/figcaption><\/figure><div class=\"fg-loader\"><\/div><\/div><div class=\"fg-item fg-type-image fg-idle\"><figure class=\"fg-item-inner\"><a href=\"https:\/\/afc-weidhausen.de\/wp-content\/uploads\/2021\/03\/AG2018_1004.jpg\" data-caption-title=\"Andreas Giese - &quot;Bunter Vogel&quot; - &amp;#013;\nFasching in Se\u00dflach\" data-caption-desc=\"Andreas Giese - &quot;Bunter Vogel&quot; - &amp;#013;\nFasching in Se\u00dflach\" data-attachment-id=\"5677\" data-type=\"image\" class=\"fg-thumb\"><span class=\"fg-image-wrap\"><img decoding=\"async\" alt=\"AG2018_1004\" title=\"Andreas Giese - &quot;Bunter Vogel&quot; - &amp;#13;\nFasching in Se\u00dflach\" width=\"100\" height=\"100\" class=\"skip-lazy fg-image\" data-src-fg=\"https:\/\/afc-weidhausen.de\/wp-content\/uploads\/cache\/2021\/03\/AG2018_1004\/2809449007.jpg\" src=\"data:image\/svg+xml,%3Csvg%20xmlns%3D%22http%3A%2F%2Fwww.w3.org%2F2000%2Fsvg%22%20width%3D%22100%22%20height%3D%22100%22%20viewBox%3D%220%200%20100%20100%22%3E%3C%2Fsvg%3E\" loading=\"eager\"><\/span><span class=\"fg-image-overlay\"><\/span><\/a><figcaption class=\"fg-caption\"><div class=\"fg-caption-inner\"><div class=\"fg-caption-title\">Andreas Giese - \"Bunter Vogel\" - &#013;\nFasching in Se\u00dflach<\/div><div class=\"fg-caption-desc\">Andreas Giese - \"Bunter Vogel\" - &#013;\nFasching in Se\u00dflach<\/div><\/div><\/figcaption><\/figure><div class=\"fg-loader\"><\/div><\/div><div class=\"fg-item fg-type-image fg-idle\"><figure class=\"fg-item-inner\"><a href=\"https:\/\/afc-weidhausen.de\/wp-content\/uploads\/2021\/03\/AG2018_1005.jpg\" data-caption-title=\"Andreas Giese - &quot;Fahrrad Rikscha&quot;\" data-caption-desc=\"Andreas Giese - &quot;Fahrrad Rikscha&quot;\" data-attachment-id=\"5678\" data-type=\"image\" class=\"fg-thumb\"><span class=\"fg-image-wrap\"><img decoding=\"async\" alt=\"AG2018_1005\" title=\"Andreas Giese - &quot;Fahrrad Rikscha&quot;\" width=\"100\" height=\"100\" class=\"skip-lazy fg-image\" data-src-fg=\"https:\/\/afc-weidhausen.de\/wp-content\/uploads\/cache\/2021\/03\/AG2018_1005\/3923910786.jpg\" src=\"data:image\/svg+xml,%3Csvg%20xmlns%3D%22http%3A%2F%2Fwww.w3.org%2F2000%2Fsvg%22%20width%3D%22100%22%20height%3D%22100%22%20viewBox%3D%220%200%20100%20100%22%3E%3C%2Fsvg%3E\" loading=\"eager\"><\/span><span class=\"fg-image-overlay\"><\/span><\/a><figcaption class=\"fg-caption\"><div class=\"fg-caption-inner\"><div class=\"fg-caption-title\">Andreas Giese - \"Fahrrad Rikscha\"<\/div><div class=\"fg-caption-desc\">Andreas Giese - \"Fahrrad Rikscha\"<\/div><\/div><\/figcaption><\/figure><div class=\"fg-loader\"><\/div><\/div><div class=\"fg-item fg-type-image fg-idle\"><figure class=\"fg-item-inner\"><a href=\"https:\/\/afc-weidhausen.de\/wp-content\/uploads\/2021\/03\/AG2018_1006.jpg\" data-caption-title=\"Andreas Giese - &quot;Die F\u00fclle des Herbstes&quot; - &amp;#013;\nStillleben\" data-caption-desc=\"Andreas Giese - &quot;Die F\u00fclle des Herbstes&quot; - &amp;#013;\nStillleben\" data-attachment-id=\"5679\" data-type=\"image\" class=\"fg-thumb\"><span class=\"fg-image-wrap\"><img decoding=\"async\" alt=\"AG2018_1006\" title=\"Andreas Giese - &quot;Die F\u00fclle des Herbstes&quot; - &amp;#13;\nStillleben\" width=\"100\" height=\"100\" class=\"skip-lazy fg-image\" data-src-fg=\"https:\/\/afc-weidhausen.de\/wp-content\/uploads\/cache\/2021\/03\/AG2018_1006\/2170966205.jpg\" src=\"data:image\/svg+xml,%3Csvg%20xmlns%3D%22http%3A%2F%2Fwww.w3.org%2F2000%2Fsvg%22%20width%3D%22100%22%20height%3D%22100%22%20viewBox%3D%220%200%20100%20100%22%3E%3C%2Fsvg%3E\" loading=\"eager\"><\/span><span class=\"fg-image-overlay\"><\/span><\/a><figcaption class=\"fg-caption\"><div class=\"fg-caption-inner\"><div class=\"fg-caption-title\">Andreas Giese - \"Die F\u00fclle des Herbstes\" - &#013;\nStillleben<\/div><div class=\"fg-caption-desc\">Andreas Giese - \"Die F\u00fclle des Herbstes\" - &#013;\nStillleben<\/div><\/div><\/figcaption><\/figure><div class=\"fg-loader\"><\/div><\/div><div class=\"fg-item fg-type-image fg-idle\"><figure class=\"fg-item-inner\"><a href=\"https:\/\/afc-weidhausen.de\/wp-content\/uploads\/2021\/03\/AG2018_1007.jpg\" data-caption-title=\"Andreas Giese - &quot;Kruzifix&quot; -  Wegkreuz\" data-caption-desc=\"Andreas Giese - &quot;Kruzifix&quot; -  Wegkreuz\" data-attachment-id=\"5680\" data-type=\"image\" class=\"fg-thumb\"><span class=\"fg-image-wrap\"><img decoding=\"async\" alt=\"AG2018_1007\" title=\"Andreas Giese - &quot;Kruzifix&quot; -  Wegkreuz\" width=\"100\" height=\"100\" class=\"skip-lazy fg-image\" data-src-fg=\"https:\/\/afc-weidhausen.de\/wp-content\/uploads\/cache\/2021\/03\/AG2018_1007\/1225448935.jpg\" src=\"data:image\/svg+xml,%3Csvg%20xmlns%3D%22http%3A%2F%2Fwww.w3.org%2F2000%2Fsvg%22%20width%3D%22100%22%20height%3D%22100%22%20viewBox%3D%220%200%20100%20100%22%3E%3C%2Fsvg%3E\" loading=\"eager\"><\/span><span class=\"fg-image-overlay\"><\/span><\/a><figcaption class=\"fg-caption\"><div class=\"fg-caption-inner\"><div class=\"fg-caption-title\">Andreas Giese - \"Kruzifix\" -  Wegkreuz<\/div><div class=\"fg-caption-desc\">Andreas Giese - \"Kruzifix\" -  Wegkreuz<\/div><\/div><\/figcaption><\/figure><div class=\"fg-loader\"><\/div><\/div><div class=\"fg-item fg-type-image fg-idle\"><figure class=\"fg-item-inner\"><a href=\"https:\/\/afc-weidhausen.de\/wp-content\/uploads\/2021\/03\/AG2018_1008.jpg\" data-caption-title=\"Andreas Giese - &quot;Kurpark&quot; - &amp;#013;\nGewitterstimmung\" data-caption-desc=\"Andreas Giese - &quot;Kurpark&quot; - &amp;#013;\nGewitterstimmung\" data-attachment-id=\"5681\" data-type=\"image\" class=\"fg-thumb\"><span class=\"fg-image-wrap\"><img decoding=\"async\" alt=\"AG2018_1008\" title=\"Andreas Giese - &quot;Kurpark&quot; - &amp;#13;\nGewitterstimmung\" width=\"100\" height=\"100\" class=\"skip-lazy fg-image\" data-src-fg=\"https:\/\/afc-weidhausen.de\/wp-content\/uploads\/cache\/2021\/03\/AG2018_1008\/1981921431.jpg\" src=\"data:image\/svg+xml,%3Csvg%20xmlns%3D%22http%3A%2F%2Fwww.w3.org%2F2000%2Fsvg%22%20width%3D%22100%22%20height%3D%22100%22%20viewBox%3D%220%200%20100%20100%22%3E%3C%2Fsvg%3E\" loading=\"eager\"><\/span><span class=\"fg-image-overlay\"><\/span><\/a><figcaption class=\"fg-caption\"><div class=\"fg-caption-inner\"><div class=\"fg-caption-title\">Andreas Giese - \"Kurpark\" - &#013;\nGewitterstimmung<\/div><div class=\"fg-caption-desc\">Andreas Giese - \"Kurpark\" - &#013;\nGewitterstimmung<\/div><\/div><\/figcaption><\/figure><div class=\"fg-loader\"><\/div><\/div><div class=\"fg-item fg-type-image fg-idle\"><figure class=\"fg-item-inner\"><a href=\"https:\/\/afc-weidhausen.de\/wp-content\/uploads\/2021\/03\/AG2018_1009.jpg\" data-caption-title=\"Andreas Giese - &quot;Light painting&quot; - &amp;#013;\nLichtdom\" data-caption-desc=\"Andreas Giese - &quot;Light painting&quot; - &amp;#013;\nLichtdom\" data-attachment-id=\"5682\" data-type=\"image\" class=\"fg-thumb\"><span class=\"fg-image-wrap\"><img decoding=\"async\" alt=\"AG2018_1009\" title=\"Andreas Giese - &quot;Light painting&quot; - &amp;#13;\nLichtdom\" width=\"100\" height=\"100\" class=\"skip-lazy fg-image\" data-src-fg=\"https:\/\/afc-weidhausen.de\/wp-content\/uploads\/cache\/2021\/03\/AG2018_1009\/1273439788.jpg\" src=\"data:image\/svg+xml,%3Csvg%20xmlns%3D%22http%3A%2F%2Fwww.w3.org%2F2000%2Fsvg%22%20width%3D%22100%22%20height%3D%22100%22%20viewBox%3D%220%200%20100%20100%22%3E%3C%2Fsvg%3E\" loading=\"eager\"><\/span><span class=\"fg-image-overlay\"><\/span><\/a><figcaption class=\"fg-caption\"><div class=\"fg-caption-inner\"><div class=\"fg-caption-title\">Andreas Giese - \"Light painting\" - &#013;\nLichtdom<\/div><div class=\"fg-caption-desc\">Andreas Giese - \"Light painting\" - &#013;\nLichtdom<\/div><\/div><\/figcaption><\/figure><div class=\"fg-loader\"><\/div><\/div><div class=\"fg-item fg-type-image fg-idle\"><figure class=\"fg-item-inner\"><a href=\"https:\/\/afc-weidhausen.de\/wp-content\/uploads\/2021\/03\/AG2018_1010.jpg\" data-caption-title=\"Andreas Giese - &quot;1000 j\u00e4hrige Eiche Nedensdorf&quot; - &amp;#013;\nNaturdenkmal\" data-caption-desc=\"Andreas Giese - &quot;1000 j\u00e4hrige Eiche Nedensdorf&quot; - &amp;#013;\nNaturdenkmal\" data-attachment-id=\"5683\" data-type=\"image\" class=\"fg-thumb\"><span class=\"fg-image-wrap\"><img decoding=\"async\" alt=\"AG2018_1010\" title=\"Andreas Giese - &quot;1000 j\u00e4hrige Eiche Nedensdorf&quot; - &amp;#13;\nNaturdenkmal\" width=\"100\" height=\"100\" class=\"skip-lazy fg-image\" data-src-fg=\"https:\/\/afc-weidhausen.de\/wp-content\/uploads\/cache\/2021\/03\/AG2018_1010\/2782420632.jpg\" src=\"data:image\/svg+xml,%3Csvg%20xmlns%3D%22http%3A%2F%2Fwww.w3.org%2F2000%2Fsvg%22%20width%3D%22100%22%20height%3D%22100%22%20viewBox%3D%220%200%20100%20100%22%3E%3C%2Fsvg%3E\" loading=\"eager\"><\/span><span class=\"fg-image-overlay\"><\/span><\/a><figcaption class=\"fg-caption\"><div class=\"fg-caption-inner\"><div class=\"fg-caption-title\">Andreas Giese - \"1000 j\u00e4hrige Eiche Nedensdorf\" - &#013;\nNaturdenkmal<\/div><div class=\"fg-caption-desc\">Andreas Giese - \"1000 j\u00e4hrige Eiche Nedensdorf\" - &#013;\nNaturdenkmal<\/div><\/div><\/figcaption><\/figure><div class=\"fg-loader\"><\/div><\/div><div class=\"fg-item fg-type-image fg-idle\"><figure class=\"fg-item-inner\"><a href=\"https:\/\/afc-weidhausen.de\/wp-content\/uploads\/2021\/03\/AG2018_1011.jpg\" data-caption-title=\"Andreas Giese - &quot;Was mach ich hier&quot; - &amp;#013;\nNachdenklich\" data-caption-desc=\"Andreas Giese - &quot;Was mach ich hier&quot; - &amp;#013;\nNachdenklich\" data-attachment-id=\"5684\" data-type=\"image\" class=\"fg-thumb\"><span class=\"fg-image-wrap\"><img decoding=\"async\" alt=\"AG2018_1011\" title=\"Andreas Giese - &quot;Was mach ich hier&quot; - &amp;#13;\nNachdenklich\" width=\"100\" height=\"100\" class=\"skip-lazy fg-image\" data-src-fg=\"https:\/\/afc-weidhausen.de\/wp-content\/uploads\/cache\/2021\/03\/AG2018_1011\/3067155409.jpg\" src=\"data:image\/svg+xml,%3Csvg%20xmlns%3D%22http%3A%2F%2Fwww.w3.org%2F2000%2Fsvg%22%20width%3D%22100%22%20height%3D%22100%22%20viewBox%3D%220%200%20100%20100%22%3E%3C%2Fsvg%3E\" loading=\"eager\"><\/span><span class=\"fg-image-overlay\"><\/span><\/a><figcaption class=\"fg-caption\"><div class=\"fg-caption-inner\"><div class=\"fg-caption-title\">Andreas Giese - \"Was mach ich hier\" - &#013;\nNachdenklich<\/div><div class=\"fg-caption-desc\">Andreas Giese - \"Was mach ich hier\" - &#013;\nNachdenklich<\/div><\/div><\/figcaption><\/figure><div class=\"fg-loader\"><\/div><\/div><div class=\"fg-item fg-type-image fg-idle\"><figure class=\"fg-item-inner\"><a href=\"https:\/\/afc-weidhausen.de\/wp-content\/uploads\/2021\/03\/AG2018_1012.jpg\" data-caption-title=\"Andreas Giese - &quot;Der Bruchteil einer Sekunde&quot; - &amp;#013;\nWassertropfen I\" data-caption-desc=\"Andreas Giese - &quot;Der Bruchteil einer Sekunde&quot; - &amp;#013;\nWassertropfen I\" data-attachment-id=\"5685\" data-type=\"image\" class=\"fg-thumb\"><span class=\"fg-image-wrap\"><img decoding=\"async\" alt=\"AG2018_1012\" title=\"Andreas Giese - &quot;Der Bruchteil einer Sekunde&quot; - &amp;#13;\nWassertropfen I\" width=\"100\" height=\"100\" class=\"skip-lazy fg-image\" data-src-fg=\"https:\/\/afc-weidhausen.de\/wp-content\/uploads\/cache\/2021\/03\/AG2018_1012\/3730138094.jpg\" src=\"data:image\/svg+xml,%3Csvg%20xmlns%3D%22http%3A%2F%2Fwww.w3.org%2F2000%2Fsvg%22%20width%3D%22100%22%20height%3D%22100%22%20viewBox%3D%220%200%20100%20100%22%3E%3C%2Fsvg%3E\" loading=\"eager\"><\/span><span class=\"fg-image-overlay\"><\/span><\/a><figcaption class=\"fg-caption\"><div class=\"fg-caption-inner\"><div class=\"fg-caption-title\">Andreas Giese - \"Der Bruchteil einer Sekunde\" - &#013;\nWassertropfen I<\/div><div class=\"fg-caption-desc\">Andreas Giese - \"Der Bruchteil einer Sekunde\" - &#013;\nWassertropfen I<\/div><\/div><\/figcaption><\/figure><div class=\"fg-loader\"><\/div><\/div><div class=\"fg-item fg-type-image fg-idle\"><figure class=\"fg-item-inner\"><a href=\"https:\/\/afc-weidhausen.de\/wp-content\/uploads\/2021\/03\/AG2018_1013.jpg\" data-caption-title=\"Andreas Giese - &quot;Der Bruchteil einer Sekunde&quot; - &amp;#013;\nWassertropfen II\" data-caption-desc=\"Andreas Giese - &quot;Der Bruchteil einer Sekunde&quot; - &amp;#013;\nWassertropfen II\" data-attachment-id=\"5686\" data-type=\"image\" class=\"fg-thumb\"><span class=\"fg-image-wrap\"><img decoding=\"async\" alt=\"AG2018_1013\" title=\"Andreas Giese - &quot;Der Bruchteil einer Sekunde&quot; - &amp;#13;\nWassertropfen II\" width=\"100\" height=\"100\" class=\"skip-lazy fg-image\" data-src-fg=\"https:\/\/afc-weidhausen.de\/wp-content\/uploads\/cache\/2021\/03\/AG2018_1013\/3818126677.jpg\" src=\"data:image\/svg+xml,%3Csvg%20xmlns%3D%22http%3A%2F%2Fwww.w3.org%2F2000%2Fsvg%22%20width%3D%22100%22%20height%3D%22100%22%20viewBox%3D%220%200%20100%20100%22%3E%3C%2Fsvg%3E\" loading=\"eager\"><\/span><span class=\"fg-image-overlay\"><\/span><\/a><figcaption class=\"fg-caption\"><div class=\"fg-caption-inner\"><div class=\"fg-caption-title\">Andreas Giese - \"Der Bruchteil einer Sekunde\" - &#013;\nWassertropfen II<\/div><div class=\"fg-caption-desc\">Andreas Giese - \"Der Bruchteil einer Sekunde\" - &#013;\nWassertropfen II<\/div><\/div><\/figcaption><\/figure><div class=\"fg-loader\"><\/div><\/div><div class=\"fg-item fg-type-image fg-idle\"><figure class=\"fg-item-inner\"><a href=\"https:\/\/afc-weidhausen.de\/wp-content\/uploads\/2021\/03\/AG2018_1014.jpg\" data-caption-title=\"Andreas Giese - &quot;Der Bruchteil einer Sekunde&quot; - &amp;#013;\nWassertropfen III\" data-caption-desc=\"Andreas Giese - &quot;Der Bruchteil einer Sekunde&quot; - &amp;#013;\nWassertropfen III\" data-attachment-id=\"5687\" data-type=\"image\" class=\"fg-thumb\"><span class=\"fg-image-wrap\"><img decoding=\"async\" alt=\"AG2018_1014\" title=\"Andreas Giese - &quot;Der Bruchteil einer Sekunde&quot; - &amp;#13;\nWassertropfen III\" width=\"100\" height=\"100\" class=\"skip-lazy fg-image\" data-src-fg=\"https:\/\/afc-weidhausen.de\/wp-content\/uploads\/cache\/2021\/03\/AG2018_1014\/257786768.jpg\" src=\"data:image\/svg+xml,%3Csvg%20xmlns%3D%22http%3A%2F%2Fwww.w3.org%2F2000%2Fsvg%22%20width%3D%22100%22%20height%3D%22100%22%20viewBox%3D%220%200%20100%20100%22%3E%3C%2Fsvg%3E\" loading=\"eager\"><\/span><span class=\"fg-image-overlay\"><\/span><\/a><figcaption class=\"fg-caption\"><div class=\"fg-caption-inner\"><div class=\"fg-caption-title\">Andreas Giese - \"Der Bruchteil einer Sekunde\" - &#013;\nWassertropfen III<\/div><div class=\"fg-caption-desc\">Andreas Giese - \"Der Bruchteil einer Sekunde\" - &#013;\nWassertropfen III<\/div><\/div><\/figcaption><\/figure><div class=\"fg-loader\"><\/div><\/div><div class=\"fg-item fg-type-image fg-idle\"><figure class=\"fg-item-inner\"><a href=\"https:\/\/afc-weidhausen.de\/wp-content\/uploads\/2021\/03\/AG2018_1015.jpg\" data-caption-title=\"Andreas Giese - &quot;Aug in Aug&quot; - G\u00e4nsegeier\" data-caption-desc=\"Andreas Giese - &quot;Aug in Aug&quot; - G\u00e4nsegeier\" data-attachment-id=\"5688\" data-type=\"image\" class=\"fg-thumb\"><span class=\"fg-image-wrap\"><img decoding=\"async\" alt=\"AG2018_1015\" title=\"Andreas Giese - &quot;Aug in Aug&quot; - G\u00e4nsegeier\" width=\"100\" height=\"100\" class=\"skip-lazy fg-image\" data-src-fg=\"https:\/\/afc-weidhausen.de\/wp-content\/uploads\/cache\/2021\/03\/AG2018_1015\/1103849789.jpg\" src=\"data:image\/svg+xml,%3Csvg%20xmlns%3D%22http%3A%2F%2Fwww.w3.org%2F2000%2Fsvg%22%20width%3D%22100%22%20height%3D%22100%22%20viewBox%3D%220%200%20100%20100%22%3E%3C%2Fsvg%3E\" loading=\"eager\"><\/span><span class=\"fg-image-overlay\"><\/span><\/a><figcaption class=\"fg-caption\"><div class=\"fg-caption-inner\"><div class=\"fg-caption-title\">Andreas Giese - \"Aug in Aug\" - G\u00e4nsegeier<\/div><div class=\"fg-caption-desc\">Andreas Giese - \"Aug in Aug\" - G\u00e4nsegeier<\/div><\/div><\/figcaption><\/figure><div class=\"fg-loader\"><\/div><\/div><div class=\"fg-item fg-type-image fg-idle\"><figure class=\"fg-item-inner\"><a href=\"https:\/\/afc-weidhausen.de\/wp-content\/uploads\/2021\/03\/AG2018_1016.jpg\" data-caption-title=\"Andreas Giese - &quot;Streifen sind modern&quot; - &amp;#013;\nZebra Portrait\" data-caption-desc=\"Andreas Giese - &quot;Streifen sind modern&quot; - &amp;#013;\nZebra Portrait\" data-attachment-id=\"5689\" data-type=\"image\" class=\"fg-thumb\"><span class=\"fg-image-wrap\"><img decoding=\"async\" alt=\"AG2018_1016\" title=\"Andreas Giese - &quot;Streifen sind modern&quot; - &amp;#13;\nZebra Portrait\" width=\"100\" height=\"100\" class=\"skip-lazy fg-image\" data-src-fg=\"https:\/\/afc-weidhausen.de\/wp-content\/uploads\/cache\/2021\/03\/AG2018_1016\/693049602.jpg\" src=\"data:image\/svg+xml,%3Csvg%20xmlns%3D%22http%3A%2F%2Fwww.w3.org%2F2000%2Fsvg%22%20width%3D%22100%22%20height%3D%22100%22%20viewBox%3D%220%200%20100%20100%22%3E%3C%2Fsvg%3E\" loading=\"eager\"><\/span><span class=\"fg-image-overlay\"><\/span><\/a><figcaption class=\"fg-caption\"><div class=\"fg-caption-inner\"><div class=\"fg-caption-title\">Andreas Giese - \"Streifen sind modern\" - &#013;\nZebra Portrait<\/div><div class=\"fg-caption-desc\">Andreas Giese - \"Streifen sind modern\" - &#013;\nZebra Portrait<\/div><\/div><\/figcaption><\/figure><div class=\"fg-loader\"><\/div><\/div><div class=\"fg-item fg-type-image fg-idle\"><figure class=\"fg-item-inner\"><a href=\"https:\/\/afc-weidhausen.de\/wp-content\/uploads\/2021\/03\/GS2018_0185.jpg\" data-caption-title=\"G\u00fcnther Schmidt - &quot;Untern Rock geschaut&quot; - &amp;#013;\nSchaufenster in Florenz\" data-caption-desc=\"G\u00fcnther Schmidt - &quot;Untern Rock geschaut&quot; - &amp;#013;\nSchaufenster in Florenz\" data-attachment-id=\"5690\" data-type=\"image\" class=\"fg-thumb\"><span class=\"fg-image-wrap\"><img decoding=\"async\" alt=\"GS2018_0185\" title=\"G\u00fcnther Schmidt - &quot;Untern Rock geschaut&quot; - &amp;#13;\nSchaufenster in Florenz\" width=\"100\" height=\"100\" class=\"skip-lazy fg-image\" data-src-fg=\"https:\/\/afc-weidhausen.de\/wp-content\/uploads\/cache\/2021\/03\/GS2018_0185\/2065521603.jpg\" src=\"data:image\/svg+xml,%3Csvg%20xmlns%3D%22http%3A%2F%2Fwww.w3.org%2F2000%2Fsvg%22%20width%3D%22100%22%20height%3D%22100%22%20viewBox%3D%220%200%20100%20100%22%3E%3C%2Fsvg%3E\" loading=\"eager\"><\/span><span class=\"fg-image-overlay\"><\/span><\/a><figcaption class=\"fg-caption\"><div class=\"fg-caption-inner\"><div class=\"fg-caption-title\">G\u00fcnther Schmidt - \"Untern Rock geschaut\" - &#013;\nSchaufenster in Florenz<\/div><div class=\"fg-caption-desc\">G\u00fcnther Schmidt - \"Untern Rock geschaut\" - &#013;\nSchaufenster in Florenz<\/div><\/div><\/figcaption><\/figure><div class=\"fg-loader\"><\/div><\/div><div class=\"fg-item fg-type-image fg-idle\"><figure class=\"fg-item-inner\"><a href=\"https:\/\/afc-weidhausen.de\/wp-content\/uploads\/2021\/03\/GS2018_0350.jpg\" data-caption-title=\"G\u00fcnther Schmidt - &quot;Alles in Blau&quot; - &amp;#013;\nArtischockenbl\u00fcte\" data-caption-desc=\"G\u00fcnther Schmidt - &quot;Alles in Blau&quot; - &amp;#013;\nArtischockenbl\u00fcte\" data-attachment-id=\"5691\" data-type=\"image\" class=\"fg-thumb\"><span class=\"fg-image-wrap\"><img decoding=\"async\" alt=\"GS2018_0350\" title=\"G\u00fcnther Schmidt - &quot;Alles in Blau&quot; - &amp;#13;\nArtischockenbl\u00fcte\" width=\"100\" height=\"100\" class=\"skip-lazy fg-image\" data-src-fg=\"https:\/\/afc-weidhausen.de\/wp-content\/uploads\/cache\/2021\/03\/GS2018_0350\/541857041.jpg\" src=\"data:image\/svg+xml,%3Csvg%20xmlns%3D%22http%3A%2F%2Fwww.w3.org%2F2000%2Fsvg%22%20width%3D%22100%22%20height%3D%22100%22%20viewBox%3D%220%200%20100%20100%22%3E%3C%2Fsvg%3E\" loading=\"eager\"><\/span><span class=\"fg-image-overlay\"><\/span><\/a><figcaption class=\"fg-caption\"><div class=\"fg-caption-inner\"><div class=\"fg-caption-title\">G\u00fcnther Schmidt - \"Alles in Blau\" - &#013;\nArtischockenbl\u00fcte<\/div><div class=\"fg-caption-desc\">G\u00fcnther Schmidt - \"Alles in Blau\" - &#013;\nArtischockenbl\u00fcte<\/div><\/div><\/figcaption><\/figure><div class=\"fg-loader\"><\/div><\/div><div class=\"fg-item fg-type-image fg-idle\"><figure class=\"fg-item-inner\"><a href=\"https:\/\/afc-weidhausen.de\/wp-content\/uploads\/2021\/03\/GS2018_0454.jpg\" data-caption-title=\"G\u00fcnther Schmidt - &quot;Der getragene Mann&quot; - &amp;#013;\nFlorenz\" data-caption-desc=\"G\u00fcnther Schmidt - &quot;Der getragene Mann&quot; - &amp;#013;\nFlorenz\" data-attachment-id=\"5692\" data-type=\"image\" class=\"fg-thumb\"><span class=\"fg-image-wrap\"><img decoding=\"async\" alt=\"GS2018_0454\" title=\"G\u00fcnther Schmidt - &quot;Der getragene Mann&quot; - &amp;#13;\nFlorenz\" width=\"100\" height=\"100\" class=\"skip-lazy fg-image\" data-src-fg=\"https:\/\/afc-weidhausen.de\/wp-content\/uploads\/cache\/2021\/03\/GS2018_0454\/3082198711.jpg\" src=\"data:image\/svg+xml,%3Csvg%20xmlns%3D%22http%3A%2F%2Fwww.w3.org%2F2000%2Fsvg%22%20width%3D%22100%22%20height%3D%22100%22%20viewBox%3D%220%200%20100%20100%22%3E%3C%2Fsvg%3E\" loading=\"eager\"><\/span><span class=\"fg-image-overlay\"><\/span><\/a><figcaption class=\"fg-caption\"><div class=\"fg-caption-inner\"><div class=\"fg-caption-title\">G\u00fcnther Schmidt - \"Der getragene Mann\" - &#013;\nFlorenz<\/div><div class=\"fg-caption-desc\">G\u00fcnther Schmidt - \"Der getragene Mann\" - &#013;\nFlorenz<\/div><\/div><\/figcaption><\/figure><div class=\"fg-loader\"><\/div><\/div><div class=\"fg-item fg-type-image fg-idle\"><figure class=\"fg-item-inner\"><a href=\"https:\/\/afc-weidhausen.de\/wp-content\/uploads\/2021\/03\/GS2018_0524.jpg\" data-caption-title=\"G\u00fcnther Schmidt - &quot;Glas und Stahl&quot; - &amp;#013;\nFu\u00dfg\u00e4nger\u00fcberf\u00fchrung in Leipzig\" data-caption-desc=\"G\u00fcnther Schmidt - &quot;Glas und Stahl&quot; - &amp;#013;\nFu\u00dfg\u00e4nger\u00fcberf\u00fchrung in Leipzig\" data-attachment-id=\"5693\" data-type=\"image\" class=\"fg-thumb\"><span class=\"fg-image-wrap\"><img decoding=\"async\" alt=\"GS2018_0524\" title=\"G\u00fcnther Schmidt - &quot;Glas und Stahl&quot; - &amp;#13;\nFu\u00dfg\u00e4nger\u00fcberf\u00fchrung in Leipzig\" width=\"100\" height=\"100\" class=\"skip-lazy fg-image\" data-src-fg=\"https:\/\/afc-weidhausen.de\/wp-content\/uploads\/cache\/2021\/03\/GS2018_0524\/3659460508.jpg\" src=\"data:image\/svg+xml,%3Csvg%20xmlns%3D%22http%3A%2F%2Fwww.w3.org%2F2000%2Fsvg%22%20width%3D%22100%22%20height%3D%22100%22%20viewBox%3D%220%200%20100%20100%22%3E%3C%2Fsvg%3E\" loading=\"eager\"><\/span><span class=\"fg-image-overlay\"><\/span><\/a><figcaption class=\"fg-caption\"><div class=\"fg-caption-inner\"><div class=\"fg-caption-title\">G\u00fcnther Schmidt - \"Glas und Stahl\" - &#013;\nFu\u00dfg\u00e4nger\u00fcberf\u00fchrung in Leipzig<\/div><div class=\"fg-caption-desc\">G\u00fcnther Schmidt - \"Glas und Stahl\" - &#013;\nFu\u00dfg\u00e4nger\u00fcberf\u00fchrung in Leipzig<\/div><\/div><\/figcaption><\/figure><div class=\"fg-loader\"><\/div><\/div><div class=\"fg-item fg-type-image fg-idle\"><figure class=\"fg-item-inner\"><a href=\"https:\/\/afc-weidhausen.de\/wp-content\/uploads\/2021\/03\/GS2018_0573.jpg\" data-caption-title=\"G\u00fcnther Schmidt - &quot;Ozelot&quot; - &amp;#013;\nZoo Leipzig\" data-caption-desc=\"G\u00fcnther Schmidt - &quot;Ozelot&quot; - &amp;#013;\nZoo Leipzig\" data-attachment-id=\"5694\" data-type=\"image\" class=\"fg-thumb\"><span class=\"fg-image-wrap\"><img decoding=\"async\" alt=\"GS2018_0573\" title=\"G\u00fcnther Schmidt - &quot;Ozelot&quot; - &amp;#13;\nZoo Leipzig\" width=\"100\" height=\"100\" class=\"skip-lazy fg-image\" data-src-fg=\"https:\/\/afc-weidhausen.de\/wp-content\/uploads\/cache\/2021\/03\/GS2018_0573\/1173351965.jpg\" src=\"data:image\/svg+xml,%3Csvg%20xmlns%3D%22http%3A%2F%2Fwww.w3.org%2F2000%2Fsvg%22%20width%3D%22100%22%20height%3D%22100%22%20viewBox%3D%220%200%20100%20100%22%3E%3C%2Fsvg%3E\" loading=\"eager\"><\/span><span class=\"fg-image-overlay\"><\/span><\/a><figcaption class=\"fg-caption\"><div class=\"fg-caption-inner\"><div class=\"fg-caption-title\">G\u00fcnther Schmidt - \"Ozelot\" - &#013;\nZoo Leipzig<\/div><div class=\"fg-caption-desc\">G\u00fcnther Schmidt - \"Ozelot\" - &#013;\nZoo Leipzig<\/div><\/div><\/figcaption><\/figure><div class=\"fg-loader\"><\/div><\/div><div class=\"fg-item fg-type-image fg-idle\"><figure class=\"fg-item-inner\"><a href=\"https:\/\/afc-weidhausen.de\/wp-content\/uploads\/2021\/03\/GS2018_0644.jpg\" data-caption-title=\"G\u00fcnther Schmidt - &quot;Versteckt&quot; - Zoo Leipzig\" data-caption-desc=\"G\u00fcnther Schmidt - &quot;Versteckt&quot; - Zoo Leipzig\" data-attachment-id=\"5695\" data-type=\"image\" class=\"fg-thumb\"><span class=\"fg-image-wrap\"><img decoding=\"async\" alt=\"GS2018_0644\" title=\"G\u00fcnther Schmidt - &quot;Versteckt&quot; - Zoo Leipzig\" width=\"100\" height=\"100\" class=\"skip-lazy fg-image\" data-src-fg=\"https:\/\/afc-weidhausen.de\/wp-content\/uploads\/cache\/2021\/03\/GS2018_0644\/2073761566.jpg\" src=\"data:image\/svg+xml,%3Csvg%20xmlns%3D%22http%3A%2F%2Fwww.w3.org%2F2000%2Fsvg%22%20width%3D%22100%22%20height%3D%22100%22%20viewBox%3D%220%200%20100%20100%22%3E%3C%2Fsvg%3E\" loading=\"eager\"><\/span><span class=\"fg-image-overlay\"><\/span><\/a><figcaption class=\"fg-caption\"><div class=\"fg-caption-inner\"><div class=\"fg-caption-title\">G\u00fcnther Schmidt - \"Versteckt\" - Zoo Leipzig<\/div><div class=\"fg-caption-desc\">G\u00fcnther Schmidt - \"Versteckt\" - Zoo Leipzig<\/div><\/div><\/figcaption><\/figure><div class=\"fg-loader\"><\/div><\/div><div class=\"fg-item fg-type-image fg-idle\"><figure class=\"fg-item-inner\"><a href=\"https:\/\/afc-weidhausen.de\/wp-content\/uploads\/2021\/03\/GS2018_0649.jpg\" data-caption-title=\"G\u00fcnther Schmidt - &quot;Mal untersuchen!&quot; - &amp;#013;\nOrang-Utan, Zoo Leipzig\" data-caption-desc=\"G\u00fcnther Schmidt - &quot;Mal untersuchen!&quot; - &amp;#013;\nOrang-Utan, Zoo Leipzig\" data-attachment-id=\"5696\" data-type=\"image\" class=\"fg-thumb\"><span class=\"fg-image-wrap\"><img decoding=\"async\" alt=\"GS2018_0649\" title=\"G\u00fcnther Schmidt - &quot;Mal untersuchen!&quot; - &amp;#13;\nOrang-Utan, Zoo Leipzig\" width=\"100\" height=\"100\" class=\"skip-lazy fg-image\" data-src-fg=\"https:\/\/afc-weidhausen.de\/wp-content\/uploads\/cache\/2021\/03\/GS2018_0649\/301112554.jpg\" src=\"data:image\/svg+xml,%3Csvg%20xmlns%3D%22http%3A%2F%2Fwww.w3.org%2F2000%2Fsvg%22%20width%3D%22100%22%20height%3D%22100%22%20viewBox%3D%220%200%20100%20100%22%3E%3C%2Fsvg%3E\" loading=\"eager\"><\/span><span class=\"fg-image-overlay\"><\/span><\/a><figcaption class=\"fg-caption\"><div class=\"fg-caption-inner\"><div class=\"fg-caption-title\">G\u00fcnther Schmidt - \"Mal untersuchen!\" - &#013;\nOrang-Utan, Zoo Leipzig<\/div><div class=\"fg-caption-desc\">G\u00fcnther Schmidt - \"Mal untersuchen!\" - &#013;\nOrang-Utan, Zoo Leipzig<\/div><\/div><\/figcaption><\/figure><div class=\"fg-loader\"><\/div><\/div><div class=\"fg-item fg-type-image fg-idle\"><figure class=\"fg-item-inner\"><a href=\"https:\/\/afc-weidhausen.de\/wp-content\/uploads\/2021\/03\/GS2018_1458.jpg\" data-caption-title=\"G\u00fcnther Schmidt - &quot;Morgen am Strand&quot;- &amp;#013;\nBournemouth, S\u00fcdengland\" data-caption-desc=\"G\u00fcnther Schmidt - &quot;Morgen am Strand&quot;- &amp;#013;\nBournemouth, S\u00fcdengland\" data-attachment-id=\"5697\" data-type=\"image\" class=\"fg-thumb\"><span class=\"fg-image-wrap\"><img decoding=\"async\" alt=\"GS2018_1458\" title=\"G\u00fcnther Schmidt - &quot;Morgen am Strand&quot;- &amp;#13;\nBournemouth, S\u00fcdengland\" width=\"100\" height=\"100\" class=\"skip-lazy fg-image\" data-src-fg=\"https:\/\/afc-weidhausen.de\/wp-content\/uploads\/cache\/2021\/03\/GS2018_1458\/3914592278.jpg\" src=\"data:image\/svg+xml,%3Csvg%20xmlns%3D%22http%3A%2F%2Fwww.w3.org%2F2000%2Fsvg%22%20width%3D%22100%22%20height%3D%22100%22%20viewBox%3D%220%200%20100%20100%22%3E%3C%2Fsvg%3E\" loading=\"eager\"><\/span><span class=\"fg-image-overlay\"><\/span><\/a><figcaption class=\"fg-caption\"><div class=\"fg-caption-inner\"><div class=\"fg-caption-title\">G\u00fcnther Schmidt - \"Morgen am Strand\"- &#013;\nBournemouth, S\u00fcdengland<\/div><div class=\"fg-caption-desc\">G\u00fcnther Schmidt - \"Morgen am Strand\"- &#013;\nBournemouth, S\u00fcdengland<\/div><\/div><\/figcaption><\/figure><div class=\"fg-loader\"><\/div><\/div><div class=\"fg-item fg-type-image fg-idle\"><figure class=\"fg-item-inner\"><a href=\"https:\/\/afc-weidhausen.de\/wp-content\/uploads\/2021\/03\/GS2018_1459.jpg\" data-caption-title=\"G\u00fcnther Schmidt - &quot;Spuren am Strand&quot; - &amp;#013;\nBournemouth, S\u00fcdengland\" data-caption-desc=\"G\u00fcnther Schmidt - &quot;Spuren am Strand&quot; - &amp;#013;\nBournemouth, S\u00fcdengland\" data-attachment-id=\"5698\" data-type=\"image\" class=\"fg-thumb\"><span class=\"fg-image-wrap\"><img decoding=\"async\" alt=\"GS2018_1459\" title=\"G\u00fcnther Schmidt - &quot;Spuren am Strand&quot; - &amp;#13;\nBournemouth, S\u00fcdengland\" width=\"100\" height=\"100\" class=\"skip-lazy fg-image\" data-src-fg=\"https:\/\/afc-weidhausen.de\/wp-content\/uploads\/cache\/2021\/03\/GS2018_1459\/2814712507.jpg\" src=\"data:image\/svg+xml,%3Csvg%20xmlns%3D%22http%3A%2F%2Fwww.w3.org%2F2000%2Fsvg%22%20width%3D%22100%22%20height%3D%22100%22%20viewBox%3D%220%200%20100%20100%22%3E%3C%2Fsvg%3E\" loading=\"eager\"><\/span><span class=\"fg-image-overlay\"><\/span><\/a><figcaption class=\"fg-caption\"><div class=\"fg-caption-inner\"><div class=\"fg-caption-title\">G\u00fcnther Schmidt - \"Spuren am Strand\" - &#013;\nBournemouth, S\u00fcdengland<\/div><div class=\"fg-caption-desc\">G\u00fcnther Schmidt - \"Spuren am Strand\" - &#013;\nBournemouth, S\u00fcdengland<\/div><\/div><\/figcaption><\/figure><div class=\"fg-loader\"><\/div><\/div><div class=\"fg-item fg-type-image fg-idle\"><figure class=\"fg-item-inner\"><a href=\"https:\/\/afc-weidhausen.de\/wp-content\/uploads\/2021\/03\/GS2018_1488.jpg\" data-caption-title=\"G\u00fcnther Schmidt - &quot;Strandkabinen&quot; -  Bournemouth, S\u00fcdengland\" data-caption-desc=\"G\u00fcnther Schmidt - &quot;Strandkabinen&quot; -  Bournemouth, S\u00fcdengland\" data-attachment-id=\"5699\" data-type=\"image\" class=\"fg-thumb\"><span class=\"fg-image-wrap\"><img decoding=\"async\" alt=\"GS2018_1488\" title=\"G\u00fcnther Schmidt - &quot;Strandkabinen&quot; -  Bournemouth, S\u00fcdengland\" width=\"100\" height=\"100\" class=\"skip-lazy fg-image\" data-src-fg=\"https:\/\/afc-weidhausen.de\/wp-content\/uploads\/cache\/2021\/03\/GS2018_1488\/2083228334.jpg\" src=\"data:image\/svg+xml,%3Csvg%20xmlns%3D%22http%3A%2F%2Fwww.w3.org%2F2000%2Fsvg%22%20width%3D%22100%22%20height%3D%22100%22%20viewBox%3D%220%200%20100%20100%22%3E%3C%2Fsvg%3E\" loading=\"eager\"><\/span><span class=\"fg-image-overlay\"><\/span><\/a><figcaption class=\"fg-caption\"><div class=\"fg-caption-inner\"><div class=\"fg-caption-title\">G\u00fcnther Schmidt - \"Strandkabinen\" -  Bournemouth, S\u00fcdengland<\/div><div class=\"fg-caption-desc\">G\u00fcnther Schmidt - \"Strandkabinen\" -  Bournemouth, S\u00fcdengland<\/div><\/div><\/figcaption><\/figure><div class=\"fg-loader\"><\/div><\/div><div class=\"fg-item fg-type-image fg-idle\"><figure class=\"fg-item-inner\"><a href=\"https:\/\/afc-weidhausen.de\/wp-content\/uploads\/2021\/03\/GS2018_1793.jpg\" data-caption-title=\"G\u00fcnther Schmidt - &quot;Rhos-Pedn&quot; - Minack, S\u00fcdengland\" data-caption-desc=\"G\u00fcnther Schmidt - &quot;Rhos-Pedn&quot; - Minack, S\u00fcdengland\" data-attachment-id=\"5700\" data-type=\"image\" class=\"fg-thumb\"><span class=\"fg-image-wrap\"><img decoding=\"async\" alt=\"GS2018_1793\" title=\"G\u00fcnther Schmidt - &quot;Rhos-Pedn&quot; - Minack, S\u00fcdengland\" width=\"100\" height=\"100\" class=\"skip-lazy fg-image\" data-src-fg=\"https:\/\/afc-weidhausen.de\/wp-content\/uploads\/cache\/2021\/03\/GS2018_1793\/2915847497.jpg\" src=\"data:image\/svg+xml,%3Csvg%20xmlns%3D%22http%3A%2F%2Fwww.w3.org%2F2000%2Fsvg%22%20width%3D%22100%22%20height%3D%22100%22%20viewBox%3D%220%200%20100%20100%22%3E%3C%2Fsvg%3E\" loading=\"eager\"><\/span><span class=\"fg-image-overlay\"><\/span><\/a><figcaption class=\"fg-caption\"><div class=\"fg-caption-inner\"><div class=\"fg-caption-title\">G\u00fcnther Schmidt - \"Rhos-Pedn\" - Minack, S\u00fcdengland<\/div><div class=\"fg-caption-desc\">G\u00fcnther Schmidt - \"Rhos-Pedn\" - Minack, S\u00fcdengland<\/div><\/div><\/figcaption><\/figure><div class=\"fg-loader\"><\/div><\/div><div class=\"fg-item fg-type-image fg-idle\"><figure class=\"fg-item-inner\"><a href=\"https:\/\/afc-weidhausen.de\/wp-content\/uploads\/2021\/03\/GS2018_2661.jpg\" data-caption-title=\"G\u00fcnther Schmidt - &quot;Library and Learning Center&quot; - &amp;#013;\nWirtschaftsuniversit\u00e4t Wien\" data-caption-desc=\"G\u00fcnther Schmidt - &quot;Library and Learning Center&quot; - &amp;#013;\nWirtschaftsuniversit\u00e4t Wien\" data-attachment-id=\"5701\" data-type=\"image\" class=\"fg-thumb\"><span class=\"fg-image-wrap\"><img decoding=\"async\" alt=\"GS2018_2661\" title=\"G\u00fcnther Schmidt - &quot;Library and Learning Center&quot; - &amp;#13;\nWirtschaftsuniversit\u00e4t Wien\" width=\"100\" height=\"100\" class=\"skip-lazy fg-image\" data-src-fg=\"https:\/\/afc-weidhausen.de\/wp-content\/uploads\/cache\/2021\/03\/GS2018_2661\/2692480774.jpg\" src=\"data:image\/svg+xml,%3Csvg%20xmlns%3D%22http%3A%2F%2Fwww.w3.org%2F2000%2Fsvg%22%20width%3D%22100%22%20height%3D%22100%22%20viewBox%3D%220%200%20100%20100%22%3E%3C%2Fsvg%3E\" loading=\"eager\"><\/span><span class=\"fg-image-overlay\"><\/span><\/a><figcaption class=\"fg-caption\"><div class=\"fg-caption-inner\"><div class=\"fg-caption-title\">G\u00fcnther Schmidt - \"Library and Learning Center\" - &#013;\nWirtschaftsuniversit\u00e4t Wien<\/div><div class=\"fg-caption-desc\">G\u00fcnther Schmidt - \"Library and Learning Center\" - &#013;\nWirtschaftsuniversit\u00e4t Wien<\/div><\/div><\/figcaption><\/figure><div class=\"fg-loader\"><\/div><\/div><div class=\"fg-item fg-type-image fg-idle\"><figure class=\"fg-item-inner\"><a href=\"https:\/\/afc-weidhausen.de\/wp-content\/uploads\/2021\/03\/GS2018_2896.jpg\" data-caption-title=\"G\u00fcnther Schmidt - &quot;Im Abendlicht&quot; - &amp;#013;\nStaffelberg, S\u00fcdhang\" data-caption-desc=\"G\u00fcnther Schmidt - &quot;Im Abendlicht&quot; - &amp;#013;\nStaffelberg, S\u00fcdhang\" data-attachment-id=\"5702\" data-type=\"image\" class=\"fg-thumb\"><span class=\"fg-image-wrap\"><img decoding=\"async\" alt=\"GS2018_2896\" title=\"G\u00fcnther Schmidt - &quot;Im Abendlicht&quot; - &amp;#13;\nStaffelberg, S\u00fcdhang\" width=\"100\" height=\"100\" class=\"skip-lazy fg-image\" data-src-fg=\"https:\/\/afc-weidhausen.de\/wp-content\/uploads\/cache\/2021\/03\/GS2018_2896\/2594346840.jpg\" src=\"data:image\/svg+xml,%3Csvg%20xmlns%3D%22http%3A%2F%2Fwww.w3.org%2F2000%2Fsvg%22%20width%3D%22100%22%20height%3D%22100%22%20viewBox%3D%220%200%20100%20100%22%3E%3C%2Fsvg%3E\" loading=\"eager\"><\/span><span class=\"fg-image-overlay\"><\/span><\/a><figcaption class=\"fg-caption\"><div class=\"fg-caption-inner\"><div class=\"fg-caption-title\">G\u00fcnther Schmidt - \"Im Abendlicht\" - &#013;\nStaffelberg, S\u00fcdhang<\/div><div class=\"fg-caption-desc\">G\u00fcnther Schmidt - \"Im Abendlicht\" - &#013;\nStaffelberg, S\u00fcdhang<\/div><\/div><\/figcaption><\/figure><div class=\"fg-loader\"><\/div><\/div><div class=\"fg-item fg-type-image fg-idle\"><figure class=\"fg-item-inner\"><a href=\"https:\/\/afc-weidhausen.de\/wp-content\/uploads\/2021\/03\/WF2018_0330.jpg\" data-caption-title=\"Werner Fichtel - &quot;Autsch&quot;\" data-caption-desc=\"Werner Fichtel - &quot;Autsch&quot;\" data-attachment-id=\"5703\" data-type=\"image\" class=\"fg-thumb\"><span class=\"fg-image-wrap\"><img decoding=\"async\" alt=\"WF2018_0330\" title=\"Werner Fichtel - &quot;Autsch&quot;\" width=\"100\" height=\"100\" class=\"skip-lazy fg-image\" data-src-fg=\"https:\/\/afc-weidhausen.de\/wp-content\/uploads\/cache\/2021\/03\/WF2018_0330\/1110968386.jpg\" src=\"data:image\/svg+xml,%3Csvg%20xmlns%3D%22http%3A%2F%2Fwww.w3.org%2F2000%2Fsvg%22%20width%3D%22100%22%20height%3D%22100%22%20viewBox%3D%220%200%20100%20100%22%3E%3C%2Fsvg%3E\" loading=\"eager\"><\/span><span class=\"fg-image-overlay\"><\/span><\/a><figcaption class=\"fg-caption\"><div class=\"fg-caption-inner\"><div class=\"fg-caption-title\">Werner Fichtel - \"Autsch\"<\/div><div class=\"fg-caption-desc\">Werner Fichtel - \"Autsch\"<\/div><\/div><\/figcaption><\/figure><div class=\"fg-loader\"><\/div><\/div><div class=\"fg-item fg-type-image fg-idle\"><figure class=\"fg-item-inner\"><a href=\"https:\/\/afc-weidhausen.de\/wp-content\/uploads\/2021\/03\/WF2018_0535.jpg\" data-caption-title=\"Werner Fichtel - &quot;Sonnenuntergang&quot; Staffelberg\" data-caption-desc=\"Werner Fichtel - &quot;Sonnenuntergang&quot; Staffelberg\" data-attachment-id=\"5704\" data-type=\"image\" class=\"fg-thumb\"><span class=\"fg-image-wrap\"><img decoding=\"async\" alt=\"WF2018_0535\" title=\"Werner Fichtel - &quot;Sonnenuntergang&quot; Staffelberg\" width=\"100\" height=\"100\" class=\"skip-lazy fg-image\" data-src-fg=\"https:\/\/afc-weidhausen.de\/wp-content\/uploads\/cache\/2021\/03\/WF2018_0535\/3630513078.jpg\" src=\"data:image\/svg+xml,%3Csvg%20xmlns%3D%22http%3A%2F%2Fwww.w3.org%2F2000%2Fsvg%22%20width%3D%22100%22%20height%3D%22100%22%20viewBox%3D%220%200%20100%20100%22%3E%3C%2Fsvg%3E\" loading=\"eager\"><\/span><span class=\"fg-image-overlay\"><\/span><\/a><figcaption class=\"fg-caption\"><div class=\"fg-caption-inner\"><div class=\"fg-caption-title\">Werner Fichtel - \"Sonnenuntergang\" Staffelberg<\/div><div class=\"fg-caption-desc\">Werner Fichtel - \"Sonnenuntergang\" Staffelberg<\/div><\/div><\/figcaption><\/figure><div class=\"fg-loader\"><\/div><\/div><div class=\"fg-item fg-type-image fg-idle\"><figure class=\"fg-item-inner\"><a href=\"https:\/\/afc-weidhausen.de\/wp-content\/uploads\/2021\/03\/WF2018_0882.jpg\" data-caption-title=\"Werner Fichtel - &quot;Libelle&quot; Biotop bei Redwitz\" data-caption-desc=\"Werner Fichtel - &quot;Libelle&quot; Biotop bei Redwitz\" data-attachment-id=\"5705\" data-type=\"image\" class=\"fg-thumb\"><span class=\"fg-image-wrap\"><img decoding=\"async\" alt=\"WF2018_0882\" title=\"Werner Fichtel - &quot;Libelle&quot; Biotop bei Redwitz\" width=\"100\" height=\"100\" class=\"skip-lazy fg-image\" data-src-fg=\"https:\/\/afc-weidhausen.de\/wp-content\/uploads\/cache\/2021\/03\/WF2018_0882\/1124093982.jpg\" src=\"data:image\/svg+xml,%3Csvg%20xmlns%3D%22http%3A%2F%2Fwww.w3.org%2F2000%2Fsvg%22%20width%3D%22100%22%20height%3D%22100%22%20viewBox%3D%220%200%20100%20100%22%3E%3C%2Fsvg%3E\" loading=\"eager\"><\/span><span class=\"fg-image-overlay\"><\/span><\/a><figcaption class=\"fg-caption\"><div class=\"fg-caption-inner\"><div class=\"fg-caption-title\">Werner Fichtel - \"Libelle\" Biotop bei Redwitz<\/div><div class=\"fg-caption-desc\">Werner Fichtel - \"Libelle\" Biotop bei Redwitz<\/div><\/div><\/figcaption><\/figure><div class=\"fg-loader\"><\/div><\/div><div class=\"fg-item fg-type-image fg-idle\"><figure class=\"fg-item-inner\"><a href=\"https:\/\/afc-weidhausen.de\/wp-content\/uploads\/2021\/03\/WF2018_1212.jpg\" data-caption-title=\"Werner Fichtel - &quot;Mia&quot;\" data-caption-desc=\"Werner Fichtel - &quot;Mia&quot;\" data-attachment-id=\"5706\" data-type=\"image\" class=\"fg-thumb\"><span class=\"fg-image-wrap\"><img decoding=\"async\" alt=\"WF2018_1212\" title=\"Werner Fichtel - &quot;Mia&quot;\" width=\"100\" height=\"100\" class=\"skip-lazy fg-image\" data-src-fg=\"https:\/\/afc-weidhausen.de\/wp-content\/uploads\/cache\/2021\/03\/WF2018_1212\/3361945449.jpg\" src=\"data:image\/svg+xml,%3Csvg%20xmlns%3D%22http%3A%2F%2Fwww.w3.org%2F2000%2Fsvg%22%20width%3D%22100%22%20height%3D%22100%22%20viewBox%3D%220%200%20100%20100%22%3E%3C%2Fsvg%3E\" loading=\"eager\"><\/span><span class=\"fg-image-overlay\"><\/span><\/a><figcaption class=\"fg-caption\"><div class=\"fg-caption-inner\"><div class=\"fg-caption-title\">Werner Fichtel - \"Mia\"<\/div><div class=\"fg-caption-desc\">Werner Fichtel - \"Mia\"<\/div><\/div><\/figcaption><\/figure><div class=\"fg-loader\"><\/div><\/div><div class=\"fg-item fg-type-image fg-idle\"><figure class=\"fg-item-inner\"><a href=\"https:\/\/afc-weidhausen.de\/wp-content\/uploads\/2021\/03\/WF2018_1705.jpg\" data-caption-title=\"Werner Fichtel - &quot;Am Ende des Tunnels&quot; U-Bahn-Station in Wien\" data-caption-desc=\"Werner Fichtel - &quot;Am Ende des Tunnels&quot; U-Bahn-Station in Wien\" data-attachment-id=\"5707\" data-type=\"image\" class=\"fg-thumb\"><span class=\"fg-image-wrap\"><img decoding=\"async\" alt=\"WF2018_1705\" title=\"Werner Fichtel - &quot;Am Ende des Tunnels&quot; U-Bahn-Station in Wien\" width=\"100\" height=\"100\" class=\"skip-lazy fg-image\" data-src-fg=\"https:\/\/afc-weidhausen.de\/wp-content\/uploads\/cache\/2021\/03\/WF2018_1705\/3590297259.jpg\" src=\"data:image\/svg+xml,%3Csvg%20xmlns%3D%22http%3A%2F%2Fwww.w3.org%2F2000%2Fsvg%22%20width%3D%22100%22%20height%3D%22100%22%20viewBox%3D%220%200%20100%20100%22%3E%3C%2Fsvg%3E\" loading=\"eager\"><\/span><span class=\"fg-image-overlay\"><\/span><\/a><figcaption class=\"fg-caption\"><div class=\"fg-caption-inner\"><div class=\"fg-caption-title\">Werner Fichtel - \"Am Ende des Tunnels\" U-Bahn-Station in Wien<\/div><div class=\"fg-caption-desc\">Werner Fichtel - \"Am Ende des Tunnels\" U-Bahn-Station in Wien<\/div><\/div><\/figcaption><\/figure><div class=\"fg-loader\"><\/div><\/div><div class=\"fg-item fg-type-image fg-idle\"><figure class=\"fg-item-inner\"><a href=\"https:\/\/afc-weidhausen.de\/wp-content\/uploads\/2021\/03\/WF2018_2431.jpg\" data-caption-title=\"Werner Fichtel - &quot;Kos 6&quot; Insel Usedom\" data-caption-desc=\"Werner Fichtel - &quot;Kos 6&quot; Insel Usedom\" data-attachment-id=\"5708\" data-type=\"image\" class=\"fg-thumb\"><span class=\"fg-image-wrap\"><img decoding=\"async\" alt=\"WF2018_2431\" title=\"Werner Fichtel - &quot;Kos 6&quot; Insel Usedom\" width=\"100\" height=\"100\" class=\"skip-lazy fg-image\" data-src-fg=\"https:\/\/afc-weidhausen.de\/wp-content\/uploads\/cache\/2021\/03\/WF2018_2431\/2563871653.jpg\" src=\"data:image\/svg+xml,%3Csvg%20xmlns%3D%22http%3A%2F%2Fwww.w3.org%2F2000%2Fsvg%22%20width%3D%22100%22%20height%3D%22100%22%20viewBox%3D%220%200%20100%20100%22%3E%3C%2Fsvg%3E\" loading=\"eager\"><\/span><span class=\"fg-image-overlay\"><\/span><\/a><figcaption class=\"fg-caption\"><div class=\"fg-caption-inner\"><div class=\"fg-caption-title\">Werner Fichtel - \"Kos 6\" Insel Usedom<\/div><div class=\"fg-caption-desc\">Werner Fichtel - \"Kos 6\" Insel Usedom<\/div><\/div><\/figcaption><\/figure><div class=\"fg-loader\"><\/div><\/div><div class=\"fg-item fg-type-image fg-idle\"><figure class=\"fg-item-inner\"><a href=\"https:\/\/afc-weidhausen.de\/wp-content\/uploads\/2021\/03\/WF2018_2567.jpg\" data-caption-title=\"Werner Fichtel - &quot;kleiner Pilz&quot;\" data-caption-desc=\"Werner Fichtel - &quot;kleiner Pilz&quot;\" data-attachment-id=\"5709\" data-type=\"image\" class=\"fg-thumb\"><span class=\"fg-image-wrap\"><img decoding=\"async\" alt=\"WF2018_2567\" title=\"Werner Fichtel - &quot;kleiner Pilz&quot;\" width=\"100\" height=\"100\" class=\"skip-lazy fg-image\" data-src-fg=\"https:\/\/afc-weidhausen.de\/wp-content\/uploads\/cache\/2021\/03\/WF2018_2567\/501269391.jpg\" src=\"data:image\/svg+xml,%3Csvg%20xmlns%3D%22http%3A%2F%2Fwww.w3.org%2F2000%2Fsvg%22%20width%3D%22100%22%20height%3D%22100%22%20viewBox%3D%220%200%20100%20100%22%3E%3C%2Fsvg%3E\" loading=\"eager\"><\/span><span class=\"fg-image-overlay\"><\/span><\/a><figcaption class=\"fg-caption\"><div class=\"fg-caption-inner\"><div class=\"fg-caption-title\">Werner Fichtel - \"kleiner Pilz\"<\/div><div class=\"fg-caption-desc\">Werner Fichtel - \"kleiner Pilz\"<\/div><\/div><\/figcaption><\/figure><div class=\"fg-loader\"><\/div><\/div><div class=\"fg-item fg-type-image fg-idle\"><figure class=\"fg-item-inner\"><a href=\"https:\/\/afc-weidhausen.de\/wp-content\/uploads\/2021\/03\/WF2018_3159.jpg\" data-caption-title=\"Werner Fichtel - &quot;Biergarten am fr\u00fchen Morgen&quot; Rudufersee bei Schw\u00fcrbitz\" data-caption-desc=\"Werner Fichtel - &quot;Biergarten am fr\u00fchen Morgen&quot; Rudufersee bei Schw\u00fcrbitz\" data-attachment-id=\"5710\" data-type=\"image\" class=\"fg-thumb\"><span class=\"fg-image-wrap\"><img decoding=\"async\" alt=\"WF2018_3159\" title=\"Werner Fichtel - &quot;Biergarten am fr\u00fchen Morgen&quot; Rudufersee bei Schw\u00fcrbitz\" width=\"100\" height=\"100\" class=\"skip-lazy fg-image\" data-src-fg=\"https:\/\/afc-weidhausen.de\/wp-content\/uploads\/cache\/2021\/03\/WF2018_3159\/3449149298.jpg\" src=\"data:image\/svg+xml,%3Csvg%20xmlns%3D%22http%3A%2F%2Fwww.w3.org%2F2000%2Fsvg%22%20width%3D%22100%22%20height%3D%22100%22%20viewBox%3D%220%200%20100%20100%22%3E%3C%2Fsvg%3E\" loading=\"eager\"><\/span><span class=\"fg-image-overlay\"><\/span><\/a><figcaption class=\"fg-caption\"><div class=\"fg-caption-inner\"><div class=\"fg-caption-title\">Werner Fichtel - \"Biergarten am fr\u00fchen Morgen\" Rudufersee bei Schw\u00fcrbitz<\/div><div class=\"fg-caption-desc\">Werner Fichtel - \"Biergarten am fr\u00fchen Morgen\" Rudufersee bei Schw\u00fcrbitz<\/div><\/div><\/figcaption><\/figure><div class=\"fg-loader\"><\/div><\/div><div class=\"fg-item fg-type-image fg-idle\"><figure class=\"fg-item-inner\"><a href=\"https:\/\/afc-weidhausen.de\/wp-content\/uploads\/2021\/03\/WF2018_4293.jpg\" data-caption-title=\"Werner Fichtel - &quot;Amsel&quot;\" data-caption-desc=\"Werner Fichtel - &quot;Amsel&quot;\" data-attachment-id=\"5711\" data-type=\"image\" class=\"fg-thumb\"><span class=\"fg-image-wrap\"><img decoding=\"async\" alt=\"WF2018_4293\" title=\"Werner Fichtel - &quot;Amsel&quot;\" width=\"100\" height=\"100\" class=\"skip-lazy fg-image\" data-src-fg=\"https:\/\/afc-weidhausen.de\/wp-content\/uploads\/cache\/2021\/03\/WF2018_4293\/2657542642.jpg\" src=\"data:image\/svg+xml,%3Csvg%20xmlns%3D%22http%3A%2F%2Fwww.w3.org%2F2000%2Fsvg%22%20width%3D%22100%22%20height%3D%22100%22%20viewBox%3D%220%200%20100%20100%22%3E%3C%2Fsvg%3E\" loading=\"eager\"><\/span><span class=\"fg-image-overlay\"><\/span><\/a><figcaption class=\"fg-caption\"><div class=\"fg-caption-inner\"><div class=\"fg-caption-title\">Werner Fichtel - \"Amsel\"<\/div><div class=\"fg-caption-desc\">Werner Fichtel - \"Amsel\"<\/div><\/div><\/figcaption><\/figure><div class=\"fg-loader\"><\/div><\/div><div class=\"fg-item fg-type-image fg-idle\"><figure class=\"fg-item-inner\"><a href=\"https:\/\/afc-weidhausen.de\/wp-content\/uploads\/2021\/03\/WF2018_5729.jpg\" data-caption-title=\"Werner Fichtel - &quot;Kanupolo&quot; S\u00fcddeutsche Meisterschaft in Schney\" data-caption-desc=\"Werner Fichtel - &quot;Kanupolo&quot; S\u00fcddeutsche Meisterschaft in Schney\" data-attachment-id=\"5712\" data-type=\"image\" class=\"fg-thumb\"><span class=\"fg-image-wrap\"><img decoding=\"async\" alt=\"WF2018_5729\" title=\"Werner Fichtel - &quot;Kanupolo&quot; S\u00fcddeutsche Meisterschaft in Schney\" width=\"100\" height=\"100\" class=\"skip-lazy fg-image\" data-src-fg=\"https:\/\/afc-weidhausen.de\/wp-content\/uploads\/cache\/2021\/03\/WF2018_5729\/1530456390.jpg\" src=\"data:image\/svg+xml,%3Csvg%20xmlns%3D%22http%3A%2F%2Fwww.w3.org%2F2000%2Fsvg%22%20width%3D%22100%22%20height%3D%22100%22%20viewBox%3D%220%200%20100%20100%22%3E%3C%2Fsvg%3E\" loading=\"eager\"><\/span><span class=\"fg-image-overlay\"><\/span><\/a><figcaption class=\"fg-caption\"><div class=\"fg-caption-inner\"><div class=\"fg-caption-title\">Werner Fichtel - \"Kanupolo\" S\u00fcddeutsche Meisterschaft in Schney<\/div><div class=\"fg-caption-desc\">Werner Fichtel - \"Kanupolo\" S\u00fcddeutsche Meisterschaft in Schney<\/div><\/div><\/figcaption><\/figure><div class=\"fg-loader\"><\/div><\/div><div class=\"fg-item fg-type-image fg-idle\"><figure class=\"fg-item-inner\"><a href=\"https:\/\/afc-weidhausen.de\/wp-content\/uploads\/2021\/03\/WF2018_6330.jpg\" data-caption-title=\"Werner Fichtel - &quot;Leberbl\u00fcmchen&quot;\" data-caption-desc=\"Werner Fichtel - &quot;Leberbl\u00fcmchen&quot;\" data-attachment-id=\"5713\" data-type=\"image\" class=\"fg-thumb\"><span class=\"fg-image-wrap\"><img decoding=\"async\" alt=\"WF2018_6330\" title=\"Werner Fichtel - &quot;Leberbl\u00fcmchen&quot;\" width=\"100\" height=\"100\" class=\"skip-lazy fg-image\" data-src-fg=\"https:\/\/afc-weidhausen.de\/wp-content\/uploads\/cache\/2021\/03\/WF2018_6330\/621696905.jpg\" src=\"data:image\/svg+xml,%3Csvg%20xmlns%3D%22http%3A%2F%2Fwww.w3.org%2F2000%2Fsvg%22%20width%3D%22100%22%20height%3D%22100%22%20viewBox%3D%220%200%20100%20100%22%3E%3C%2Fsvg%3E\" loading=\"eager\"><\/span><span class=\"fg-image-overlay\"><\/span><\/a><figcaption class=\"fg-caption\"><div class=\"fg-caption-inner\"><div class=\"fg-caption-title\">Werner Fichtel - \"Leberbl\u00fcmchen\"<\/div><div class=\"fg-caption-desc\">Werner Fichtel - \"Leberbl\u00fcmchen\"<\/div><\/div><\/figcaption><\/figure><div class=\"fg-loader\"><\/div><\/div><div class=\"fg-item fg-type-image fg-idle\"><figure class=\"fg-item-inner\"><a href=\"https:\/\/afc-weidhausen.de\/wp-content\/uploads\/2021\/03\/WF2018_7961.jpg\" data-caption-title=\"Werner Fichtel - &quot;Musikus&quot; Bozner Markt Mittenwald\" data-caption-desc=\"Werner Fichtel - &quot;Musikus&quot; Bozner Markt Mittenwald\" data-attachment-id=\"5714\" data-type=\"image\" class=\"fg-thumb\"><span class=\"fg-image-wrap\"><img decoding=\"async\" alt=\"WF2018_7961\" title=\"Werner Fichtel - &quot;Musikus&quot; Bozner Markt Mittenwald\" width=\"100\" height=\"100\" class=\"skip-lazy fg-image\" data-src-fg=\"https:\/\/afc-weidhausen.de\/wp-content\/uploads\/cache\/2021\/03\/WF2018_7961\/2856063110.jpg\" src=\"data:image\/svg+xml,%3Csvg%20xmlns%3D%22http%3A%2F%2Fwww.w3.org%2F2000%2Fsvg%22%20width%3D%22100%22%20height%3D%22100%22%20viewBox%3D%220%200%20100%20100%22%3E%3C%2Fsvg%3E\" loading=\"eager\"><\/span><span class=\"fg-image-overlay\"><\/span><\/a><figcaption class=\"fg-caption\"><div class=\"fg-caption-inner\"><div class=\"fg-caption-title\">Werner Fichtel - \"Musikus\" Bozner Markt Mittenwald<\/div><div class=\"fg-caption-desc\">Werner Fichtel - \"Musikus\" Bozner Markt Mittenwald<\/div><\/div><\/figcaption><\/figure><div class=\"fg-loader\"><\/div><\/div><div class=\"fg-item fg-type-image fg-idle\"><figure class=\"fg-item-inner\"><a href=\"https:\/\/afc-weidhausen.de\/wp-content\/uploads\/2021\/03\/WF2018_9286.jpg\" data-caption-title=\"Werner Fichtel - &quot;Fu\u00dfg\u00e4ngerbr\u00fccke in Wien&quot;\" data-caption-desc=\"Werner Fichtel - &quot;Fu\u00dfg\u00e4ngerbr\u00fccke in Wien&quot;\" data-attachment-id=\"5715\" data-type=\"image\" class=\"fg-thumb\"><span class=\"fg-image-wrap\"><img decoding=\"async\" alt=\"WF2018_9286\" title=\"Werner Fichtel - &quot;Fu\u00dfg\u00e4ngerbr\u00fccke in Wien&quot;\" width=\"100\" height=\"100\" class=\"skip-lazy fg-image\" data-src-fg=\"https:\/\/afc-weidhausen.de\/wp-content\/uploads\/cache\/2021\/03\/WF2018_9286\/614884640.jpg\" src=\"data:image\/svg+xml,%3Csvg%20xmlns%3D%22http%3A%2F%2Fwww.w3.org%2F2000%2Fsvg%22%20width%3D%22100%22%20height%3D%22100%22%20viewBox%3D%220%200%20100%20100%22%3E%3C%2Fsvg%3E\" loading=\"eager\"><\/span><span class=\"fg-image-overlay\"><\/span><\/a><figcaption class=\"fg-caption\"><div class=\"fg-caption-inner\"><div class=\"fg-caption-title\">Werner Fichtel - \"Fu\u00dfg\u00e4ngerbr\u00fccke in Wien\"<\/div><div class=\"fg-caption-desc\">Werner Fichtel - \"Fu\u00dfg\u00e4ngerbr\u00fccke in Wien\"<\/div><\/div><\/figcaption><\/figure><div class=\"fg-loader\"><\/div><\/div><\/div>\n\n","protected":false},"excerpt":{"rendered":"","protected":false},"author":4,"featured_media":0,"parent":7052,"menu_order":4,"comment_status":"closed","ping_status":"closed","template":"","meta":{"cybocfi_hide_featured_image":"","footnotes":""},"class_list":["post-3386","page","type-page","status-publish","hentry"],"_links":{"self":[{"href":"https:\/\/afc-weidhausen.de\/index.php?rest_route=\/wp\/v2\/pages\/3386","targetHints":{"allow":["GET"]}}],"collection":[{"href":"https:\/\/afc-weidhausen.de\/index.php?rest_route=\/wp\/v2\/pages"}],"about":[{"href":"https:\/\/afc-weidhausen.de\/index.php?rest_route=\/wp\/v2\/types\/page"}],"author":[{"embeddable":true,"href":"https:\/\/afc-weidhausen.de\/index.php?rest_route=\/wp\/v2\/users\/4"}],"replies":[{"embeddable":true,"href":"https:\/\/afc-weidhausen.de\/index.php?rest_route=%2Fwp%2Fv2%2Fcomments&post=3386"}],"version-history":[{"count":7,"href":"https:\/\/afc-weidhausen.de\/index.php?rest_route=\/wp\/v2\/pages\/3386\/revisions"}],"predecessor-version":[{"id":6125,"href":"https:\/\/afc-weidhausen.de\/index.php?rest_route=\/wp\/v2\/pages\/3386\/revisions\/6125"}],"up":[{"embeddable":true,"href":"https:\/\/afc-weidhausen.de\/index.php?rest_route=\/wp\/v2\/pages\/7052"}],"wp:attachment":[{"href":"https:\/\/afc-weidhausen.de\/index.php?rest_route=%2Fwp%2Fv2%2Fmedia&parent=3386"}],"curies":[{"name":"wp","href":"https:\/\/api.w.org\/{rel}","templated":true}]}}