{"id":2994,"date":"2017-05-02T12:21:25","date_gmt":"2017-05-02T10:21:25","guid":{"rendered":"https:\/\/afc-weidhausen.de\/?page_id=2994"},"modified":"2023-04-12T15:00:26","modified_gmt":"2023-04-12T14:00:26","slug":"bilder-der-osterausstellung-2017","status":"publish","type":"page","link":"https:\/\/afc-weidhausen.de\/?page_id=2994","title":{"rendered":"Bilder der Osterausstellung 2017"},"content":{"rendered":"<style type=\"text\/css\">\n#foogallery-gallery-5421 .fg-image { width: 100px; }\n#foogallery-gallery-5421 { --fg-gutter: 10px; }<\/style>\n\t\t\t<div class=\"foogallery foogallery-container foogallery-default foogallery-lightbox-foobox fg-center fg-default fg-ready fg-light fg-border-thin fg-loading-default fg-loaded-fade-in fg-caption-hover fg-hover-fade fg-hover-zoom\" id=\"foogallery-gallery-5421\" data-foogallery=\"{&quot;item&quot;:{&quot;showCaptionTitle&quot;:true,&quot;showCaptionDescription&quot;:true},&quot;lazy&quot;:true}\" style=\"--fg-title-line-clamp: 0; --fg-description-line-clamp: 0;\" >\n\t<div class=\"fg-item fg-type-image fg-idle\"><figure class=\"fg-item-inner\"><a href=\"https:\/\/afc-weidhausen.de\/wp-content\/uploads\/2021\/03\/GL2017_1012.jpg\" data-caption-title=\"Gunther Lersch - &quot;Werkstatt&quot;\" data-caption-desc=\"Gunther Lersch - &quot;Werkstatt&quot;\" data-attachment-id=\"5422\" data-type=\"image\" class=\"fg-thumb\"><span class=\"fg-image-wrap\"><img decoding=\"async\" alt=\"GL2017_1012\" title=\"Gunther Lersch - &quot;Werkstatt&quot;\" width=\"100\" height=\"100\" class=\"skip-lazy fg-image\" data-src-fg=\"https:\/\/afc-weidhausen.de\/wp-content\/uploads\/cache\/2021\/03\/GL2017_1012\/2123325105.jpg\" src=\"data:image\/svg+xml,%3Csvg%20xmlns%3D%22http%3A%2F%2Fwww.w3.org%2F2000%2Fsvg%22%20width%3D%22100%22%20height%3D%22100%22%20viewBox%3D%220%200%20100%20100%22%3E%3C%2Fsvg%3E\" loading=\"eager\"><\/span><span class=\"fg-image-overlay\"><\/span><\/a><figcaption class=\"fg-caption\"><div class=\"fg-caption-inner\"><div class=\"fg-caption-title\">Gunther Lersch - \"Werkstatt\"<\/div><div class=\"fg-caption-desc\">Gunther Lersch - \"Werkstatt\"<\/div><\/div><\/figcaption><\/figure><div class=\"fg-loader\"><\/div><\/div><div class=\"fg-item fg-type-image fg-idle\"><figure class=\"fg-item-inner\"><a href=\"https:\/\/afc-weidhausen.de\/wp-content\/uploads\/2021\/03\/GL2017_1011.jpg\" data-caption-title=\"Gunther Lersch - &quot;Stra\u00dfenkunst&quot;\" data-caption-desc=\"Gunther Lersch - &quot;Stra\u00dfenkunst&quot;\" data-attachment-id=\"5423\" data-type=\"image\" class=\"fg-thumb\"><span class=\"fg-image-wrap\"><img decoding=\"async\" alt=\"GL2017_1011\" title=\"Gunther Lersch - &quot;Stra\u00dfenkunst&quot;\" width=\"100\" height=\"100\" class=\"skip-lazy fg-image\" data-src-fg=\"https:\/\/afc-weidhausen.de\/wp-content\/uploads\/cache\/2021\/03\/GL2017_1011\/369831566.jpg\" src=\"data:image\/svg+xml,%3Csvg%20xmlns%3D%22http%3A%2F%2Fwww.w3.org%2F2000%2Fsvg%22%20width%3D%22100%22%20height%3D%22100%22%20viewBox%3D%220%200%20100%20100%22%3E%3C%2Fsvg%3E\" loading=\"eager\"><\/span><span class=\"fg-image-overlay\"><\/span><\/a><figcaption class=\"fg-caption\"><div class=\"fg-caption-inner\"><div class=\"fg-caption-title\">Gunther Lersch - \"Stra\u00dfenkunst\"<\/div><div class=\"fg-caption-desc\">Gunther Lersch - \"Stra\u00dfenkunst\"<\/div><\/div><\/figcaption><\/figure><div class=\"fg-loader\"><\/div><\/div><div class=\"fg-item fg-type-image fg-idle\"><figure class=\"fg-item-inner\"><a href=\"https:\/\/afc-weidhausen.de\/wp-content\/uploads\/2021\/03\/GL2017_1010.jpg\" data-caption-title=\"Gunther Lersch - &quot;Mohnblume&quot;\" data-caption-desc=\"Gunther Lersch - &quot;Mohnblume&quot;\" data-attachment-id=\"5424\" data-type=\"image\" class=\"fg-thumb\"><span class=\"fg-image-wrap\"><img decoding=\"async\" alt=\"GL2017_1010\" title=\"Gunther Lersch - &quot;Mohnblume&quot;\" width=\"100\" height=\"100\" class=\"skip-lazy fg-image\" data-src-fg=\"https:\/\/afc-weidhausen.de\/wp-content\/uploads\/cache\/2021\/03\/GL2017_1010\/84042695.jpg\" src=\"data:image\/svg+xml,%3Csvg%20xmlns%3D%22http%3A%2F%2Fwww.w3.org%2F2000%2Fsvg%22%20width%3D%22100%22%20height%3D%22100%22%20viewBox%3D%220%200%20100%20100%22%3E%3C%2Fsvg%3E\" loading=\"eager\"><\/span><span class=\"fg-image-overlay\"><\/span><\/a><figcaption class=\"fg-caption\"><div class=\"fg-caption-inner\"><div class=\"fg-caption-title\">Gunther Lersch - \"Mohnblume\"<\/div><div class=\"fg-caption-desc\">Gunther Lersch - \"Mohnblume\"<\/div><\/div><\/figcaption><\/figure><div class=\"fg-loader\"><\/div><\/div><div class=\"fg-item fg-type-image fg-idle\"><figure class=\"fg-item-inner\"><a href=\"https:\/\/afc-weidhausen.de\/wp-content\/uploads\/2021\/03\/GL2017_1009.jpg\" data-caption-title=\"Gunther Lersch - &quot;Margerite&quot;\" data-caption-desc=\"Gunther Lersch - &quot;Margerite&quot;\" data-attachment-id=\"5425\" data-type=\"image\" class=\"fg-thumb\"><span class=\"fg-image-wrap\"><img decoding=\"async\" alt=\"GL2017_1009\" title=\"Gunther Lersch - &quot;Margerite&quot;\" width=\"100\" height=\"100\" class=\"skip-lazy fg-image\" data-src-fg=\"https:\/\/afc-weidhausen.de\/wp-content\/uploads\/cache\/2021\/03\/GL2017_1009\/3946650483.jpg\" src=\"data:image\/svg+xml,%3Csvg%20xmlns%3D%22http%3A%2F%2Fwww.w3.org%2F2000%2Fsvg%22%20width%3D%22100%22%20height%3D%22100%22%20viewBox%3D%220%200%20100%20100%22%3E%3C%2Fsvg%3E\" loading=\"eager\"><\/span><span class=\"fg-image-overlay\"><\/span><\/a><figcaption class=\"fg-caption\"><div class=\"fg-caption-inner\"><div class=\"fg-caption-title\">Gunther Lersch - \"Margerite\"<\/div><div class=\"fg-caption-desc\">Gunther Lersch - \"Margerite\"<\/div><\/div><\/figcaption><\/figure><div class=\"fg-loader\"><\/div><\/div><div class=\"fg-item fg-type-image fg-idle\"><figure class=\"fg-item-inner\"><a href=\"https:\/\/afc-weidhausen.de\/wp-content\/uploads\/2021\/03\/GL2017_1008.jpg\" data-caption-title=\"Gunther Lersch - &quot;Klosterkirche&quot;\" data-caption-desc=\"Gunther Lersch - &quot;Klosterkirche&quot;\" data-attachment-id=\"5426\" data-type=\"image\" class=\"fg-thumb\"><span class=\"fg-image-wrap\"><img decoding=\"async\" alt=\"GL2017_1008\" title=\"Gunther Lersch - &quot;Klosterkirche&quot;\" width=\"100\" height=\"100\" class=\"skip-lazy fg-image\" data-src-fg=\"https:\/\/afc-weidhausen.de\/wp-content\/uploads\/cache\/2021\/03\/GL2017_1008\/3606808008.jpg\" src=\"data:image\/svg+xml,%3Csvg%20xmlns%3D%22http%3A%2F%2Fwww.w3.org%2F2000%2Fsvg%22%20width%3D%22100%22%20height%3D%22100%22%20viewBox%3D%220%200%20100%20100%22%3E%3C%2Fsvg%3E\" loading=\"eager\"><\/span><span class=\"fg-image-overlay\"><\/span><\/a><figcaption class=\"fg-caption\"><div class=\"fg-caption-inner\"><div class=\"fg-caption-title\">Gunther Lersch - \"Klosterkirche\"<\/div><div class=\"fg-caption-desc\">Gunther Lersch - \"Klosterkirche\"<\/div><\/div><\/figcaption><\/figure><div class=\"fg-loader\"><\/div><\/div><div class=\"fg-item fg-type-image fg-idle\"><figure class=\"fg-item-inner\"><a href=\"https:\/\/afc-weidhausen.de\/wp-content\/uploads\/2021\/03\/GL2017_1007.jpg\" data-caption-title=\"Gunther Lersch - &quot;Kleiner Racker&quot;\" data-caption-desc=\"Gunther Lersch - &quot;Kleiner Racker&quot;\" data-attachment-id=\"5427\" data-type=\"image\" class=\"fg-thumb\"><span class=\"fg-image-wrap\"><img decoding=\"async\" alt=\"GL2017_1007\" title=\"Gunther Lersch - &quot;Kleiner Racker&quot;\" width=\"100\" height=\"100\" class=\"skip-lazy fg-image\" data-src-fg=\"https:\/\/afc-weidhausen.de\/wp-content\/uploads\/cache\/2021\/03\/GL2017_1007\/3922780344.jpg\" src=\"data:image\/svg+xml,%3Csvg%20xmlns%3D%22http%3A%2F%2Fwww.w3.org%2F2000%2Fsvg%22%20width%3D%22100%22%20height%3D%22100%22%20viewBox%3D%220%200%20100%20100%22%3E%3C%2Fsvg%3E\" loading=\"eager\"><\/span><span class=\"fg-image-overlay\"><\/span><\/a><figcaption class=\"fg-caption\"><div class=\"fg-caption-inner\"><div class=\"fg-caption-title\">Gunther Lersch - \"Kleiner Racker\"<\/div><div class=\"fg-caption-desc\">Gunther Lersch - \"Kleiner Racker\"<\/div><\/div><\/figcaption><\/figure><div class=\"fg-loader\"><\/div><\/div><div class=\"fg-item fg-type-image fg-idle\"><figure class=\"fg-item-inner\"><a href=\"https:\/\/afc-weidhausen.de\/wp-content\/uploads\/2021\/03\/GL2017_1006.jpg\" data-caption-title=\"Gunther Lersch - &quot;G\u00e4nsegeier&quot;\" data-caption-desc=\"Gunther Lersch - &quot;G\u00e4nsegeier&quot;\" data-attachment-id=\"5428\" data-type=\"image\" class=\"fg-thumb\"><span class=\"fg-image-wrap\"><img decoding=\"async\" alt=\"GL2017_1006\" title=\"Gunther Lersch - &quot;G\u00e4nsegeier&quot;\" width=\"100\" height=\"100\" class=\"skip-lazy fg-image\" data-src-fg=\"https:\/\/afc-weidhausen.de\/wp-content\/uploads\/cache\/2021\/03\/GL2017_1006\/2806385173.jpg\" src=\"data:image\/svg+xml,%3Csvg%20xmlns%3D%22http%3A%2F%2Fwww.w3.org%2F2000%2Fsvg%22%20width%3D%22100%22%20height%3D%22100%22%20viewBox%3D%220%200%20100%20100%22%3E%3C%2Fsvg%3E\" loading=\"eager\"><\/span><span class=\"fg-image-overlay\"><\/span><\/a><figcaption class=\"fg-caption\"><div class=\"fg-caption-inner\"><div class=\"fg-caption-title\">Gunther Lersch - \"G\u00e4nsegeier\"<\/div><div class=\"fg-caption-desc\">Gunther Lersch - \"G\u00e4nsegeier\"<\/div><\/div><\/figcaption><\/figure><div class=\"fg-loader\"><\/div><\/div><div class=\"fg-item fg-type-image fg-idle\"><figure class=\"fg-item-inner\"><a href=\"https:\/\/afc-weidhausen.de\/wp-content\/uploads\/2021\/03\/GL2017_1005.jpg\" data-caption-title=\"Gunther Lersch - &quot;Fr\u00fchlingsbote&quot;\" data-caption-desc=\"Gunther Lersch - &quot;Fr\u00fchlingsbote&quot;\" data-attachment-id=\"5429\" data-type=\"image\" class=\"fg-thumb\"><span class=\"fg-image-wrap\"><img decoding=\"async\" alt=\"GL2017_1005\" title=\"Gunther Lersch - &quot;Fr\u00fchlingsbote&quot;\" width=\"100\" height=\"100\" class=\"skip-lazy fg-image\" data-src-fg=\"https:\/\/afc-weidhausen.de\/wp-content\/uploads\/cache\/2021\/03\/GL2017_1005\/3485628970.jpg\" src=\"data:image\/svg+xml,%3Csvg%20xmlns%3D%22http%3A%2F%2Fwww.w3.org%2F2000%2Fsvg%22%20width%3D%22100%22%20height%3D%22100%22%20viewBox%3D%220%200%20100%20100%22%3E%3C%2Fsvg%3E\" loading=\"eager\"><\/span><span class=\"fg-image-overlay\"><\/span><\/a><figcaption class=\"fg-caption\"><div class=\"fg-caption-inner\"><div class=\"fg-caption-title\">Gunther Lersch - \"Fr\u00fchlingsbote\"<\/div><div class=\"fg-caption-desc\">Gunther Lersch - \"Fr\u00fchlingsbote\"<\/div><\/div><\/figcaption><\/figure><div class=\"fg-loader\"><\/div><\/div><div class=\"fg-item fg-type-image fg-idle\"><figure class=\"fg-item-inner\"><a href=\"https:\/\/afc-weidhausen.de\/wp-content\/uploads\/2021\/03\/GL2017_1004.jpg\" data-caption-title=\"Gunther Lersch - &quot;Falter&quot;\" data-caption-desc=\"Gunther Lersch - &quot;Falter&quot;\" data-attachment-id=\"5430\" data-type=\"image\" class=\"fg-thumb\"><span class=\"fg-image-wrap\"><img decoding=\"async\" alt=\"GL2017_1004\" title=\"Gunther Lersch - &quot;Falter&quot;\" width=\"100\" height=\"100\" class=\"skip-lazy fg-image\" data-src-fg=\"https:\/\/afc-weidhausen.de\/wp-content\/uploads\/cache\/2021\/03\/GL2017_1004\/931086084.jpg\" src=\"data:image\/svg+xml,%3Csvg%20xmlns%3D%22http%3A%2F%2Fwww.w3.org%2F2000%2Fsvg%22%20width%3D%22100%22%20height%3D%22100%22%20viewBox%3D%220%200%20100%20100%22%3E%3C%2Fsvg%3E\" loading=\"eager\"><\/span><span class=\"fg-image-overlay\"><\/span><\/a><figcaption class=\"fg-caption\"><div class=\"fg-caption-inner\"><div class=\"fg-caption-title\">Gunther Lersch - \"Falter\"<\/div><div class=\"fg-caption-desc\">Gunther Lersch - \"Falter\"<\/div><\/div><\/figcaption><\/figure><div class=\"fg-loader\"><\/div><\/div><div class=\"fg-item fg-type-image fg-idle\"><figure class=\"fg-item-inner\"><a href=\"https:\/\/afc-weidhausen.de\/wp-content\/uploads\/2021\/03\/GL2017_1003.jpg\" data-caption-title=\"Gunther Lersch - &quot;Eisblatt&quot;\" data-caption-desc=\"Gunther Lersch - &quot;Eisblatt&quot;\" data-attachment-id=\"5431\" data-type=\"image\" class=\"fg-thumb\"><span class=\"fg-image-wrap\"><img decoding=\"async\" alt=\"GL2017_1003\" title=\"Gunther Lersch - &quot;Eisblatt&quot;\" width=\"100\" height=\"100\" class=\"skip-lazy fg-image\" data-src-fg=\"https:\/\/afc-weidhausen.de\/wp-content\/uploads\/cache\/2021\/03\/GL2017_1003\/3685827009.jpg\" src=\"data:image\/svg+xml,%3Csvg%20xmlns%3D%22http%3A%2F%2Fwww.w3.org%2F2000%2Fsvg%22%20width%3D%22100%22%20height%3D%22100%22%20viewBox%3D%220%200%20100%20100%22%3E%3C%2Fsvg%3E\" loading=\"eager\"><\/span><span class=\"fg-image-overlay\"><\/span><\/a><figcaption class=\"fg-caption\"><div class=\"fg-caption-inner\"><div class=\"fg-caption-title\">Gunther Lersch - \"Eisblatt\"<\/div><div class=\"fg-caption-desc\">Gunther Lersch - \"Eisblatt\"<\/div><\/div><\/figcaption><\/figure><div class=\"fg-loader\"><\/div><\/div><div class=\"fg-item fg-type-image fg-idle\"><figure class=\"fg-item-inner\"><a href=\"https:\/\/afc-weidhausen.de\/wp-content\/uploads\/2021\/03\/GL2017_1002.jpg\" data-caption-title=\"Gunther Lersch - &quot;Austrags B\u00e4nkla&quot;\" data-caption-desc=\"Gunther Lersch - &quot;Austrags B\u00e4nkla&quot;\" data-attachment-id=\"5432\" data-type=\"image\" class=\"fg-thumb\"><span class=\"fg-image-wrap\"><img decoding=\"async\" alt=\"GL2017_1002\" title=\"Gunther Lersch - &quot;Austrags B\u00e4nkla&quot;\" width=\"100\" height=\"100\" class=\"skip-lazy fg-image\" data-src-fg=\"https:\/\/afc-weidhausen.de\/wp-content\/uploads\/cache\/2021\/03\/GL2017_1002\/3866615674.jpg\" src=\"data:image\/svg+xml,%3Csvg%20xmlns%3D%22http%3A%2F%2Fwww.w3.org%2F2000%2Fsvg%22%20width%3D%22100%22%20height%3D%22100%22%20viewBox%3D%220%200%20100%20100%22%3E%3C%2Fsvg%3E\" loading=\"eager\"><\/span><span class=\"fg-image-overlay\"><\/span><\/a><figcaption class=\"fg-caption\"><div class=\"fg-caption-inner\"><div class=\"fg-caption-title\">Gunther Lersch - \"Austrags B\u00e4nkla\"<\/div><div class=\"fg-caption-desc\">Gunther Lersch - \"Austrags B\u00e4nkla\"<\/div><\/div><\/figcaption><\/figure><div class=\"fg-loader\"><\/div><\/div><div class=\"fg-item fg-type-image fg-idle\"><figure class=\"fg-item-inner\"><a href=\"https:\/\/afc-weidhausen.de\/wp-content\/uploads\/2021\/03\/GL2017_1001.jpg\" data-caption-title=\"Gunther Lersch - &quot;alter Mond triftt Venus&quot;\" data-caption-desc=\"Gunther Lersch - &quot;alter Mond triftt Venus&quot;\" data-attachment-id=\"5433\" data-type=\"image\" class=\"fg-thumb\"><span class=\"fg-image-wrap\"><img decoding=\"async\" alt=\"GL2017_1001\" title=\"Gunther Lersch - &quot;alter Mond triftt Venus&quot;\" width=\"100\" height=\"100\" class=\"skip-lazy fg-image\" data-src-fg=\"https:\/\/afc-weidhausen.de\/wp-content\/uploads\/cache\/2021\/03\/GL2017_1001\/2398334789.jpg\" src=\"data:image\/svg+xml,%3Csvg%20xmlns%3D%22http%3A%2F%2Fwww.w3.org%2F2000%2Fsvg%22%20width%3D%22100%22%20height%3D%22100%22%20viewBox%3D%220%200%20100%20100%22%3E%3C%2Fsvg%3E\" loading=\"eager\"><\/span><span class=\"fg-image-overlay\"><\/span><\/a><figcaption class=\"fg-caption\"><div class=\"fg-caption-inner\"><div class=\"fg-caption-title\">Gunther Lersch - \"alter Mond triftt Venus\"<\/div><div class=\"fg-caption-desc\">Gunther Lersch - \"alter Mond triftt Venus\"<\/div><\/div><\/figcaption><\/figure><div class=\"fg-loader\"><\/div><\/div><div class=\"fg-item fg-type-image fg-idle\"><figure class=\"fg-item-inner\"><a href=\"https:\/\/afc-weidhausen.de\/wp-content\/uploads\/2021\/03\/IG2017-1001.jpg\" data-caption-title=\"Ina G\u00e4rtner - &quot;Morgentau&quot;\" data-caption-desc=\"Ina G\u00e4rtner - &quot;Morgentau&quot;\" data-attachment-id=\"5434\" data-type=\"image\" class=\"fg-thumb\"><span class=\"fg-image-wrap\"><img decoding=\"async\" alt=\"IG2017-1001\" title=\"Ina G\u00e4rtner - &quot;Morgentau&quot;\" width=\"100\" height=\"100\" class=\"skip-lazy fg-image\" data-src-fg=\"https:\/\/afc-weidhausen.de\/wp-content\/uploads\/cache\/2021\/03\/IG2017-1001\/898038634.jpg\" src=\"data:image\/svg+xml,%3Csvg%20xmlns%3D%22http%3A%2F%2Fwww.w3.org%2F2000%2Fsvg%22%20width%3D%22100%22%20height%3D%22100%22%20viewBox%3D%220%200%20100%20100%22%3E%3C%2Fsvg%3E\" loading=\"eager\"><\/span><span class=\"fg-image-overlay\"><\/span><\/a><figcaption class=\"fg-caption\"><div class=\"fg-caption-inner\"><div class=\"fg-caption-title\">Ina G\u00e4rtner - \"Morgentau\"<\/div><div class=\"fg-caption-desc\">Ina G\u00e4rtner - \"Morgentau\"<\/div><\/div><\/figcaption><\/figure><div class=\"fg-loader\"><\/div><\/div><div class=\"fg-item fg-type-image fg-idle\"><figure class=\"fg-item-inner\"><a href=\"https:\/\/afc-weidhausen.de\/wp-content\/uploads\/2021\/03\/IG2017-1002.jpg\" data-caption-title=\"Ina G\u00e4rtner - &quot;G\u00f6ffel&quot;\" data-caption-desc=\"Ina G\u00e4rtner - &quot;G\u00f6ffel&quot;\" data-attachment-id=\"5435\" data-type=\"image\" class=\"fg-thumb\"><span class=\"fg-image-wrap\"><img decoding=\"async\" alt=\"IG2017-1002\" title=\"Ina G\u00e4rtner - &quot;G\u00f6ffel&quot;\" width=\"100\" height=\"100\" class=\"skip-lazy fg-image\" data-src-fg=\"https:\/\/afc-weidhausen.de\/wp-content\/uploads\/cache\/2021\/03\/IG2017-1002\/1560447829.jpg\" src=\"data:image\/svg+xml,%3Csvg%20xmlns%3D%22http%3A%2F%2Fwww.w3.org%2F2000%2Fsvg%22%20width%3D%22100%22%20height%3D%22100%22%20viewBox%3D%220%200%20100%20100%22%3E%3C%2Fsvg%3E\" loading=\"eager\"><\/span><span class=\"fg-image-overlay\"><\/span><\/a><figcaption class=\"fg-caption\"><div class=\"fg-caption-inner\"><div class=\"fg-caption-title\">Ina G\u00e4rtner - \"G\u00f6ffel\"<\/div><div class=\"fg-caption-desc\">Ina G\u00e4rtner - \"G\u00f6ffel\"<\/div><\/div><\/figcaption><\/figure><div class=\"fg-loader\"><\/div><\/div><div class=\"fg-item fg-type-image fg-idle\"><figure class=\"fg-item-inner\"><a href=\"https:\/\/afc-weidhausen.de\/wp-content\/uploads\/2021\/03\/IG2017-1003.jpg\" data-caption-title=\"Ina G\u00e4rtner - &quot;relaxt&quot; - Wismar\" data-caption-desc=\"Ina G\u00e4rtner - &quot;relaxt&quot; - Wismar\" data-attachment-id=\"5436\" data-type=\"image\" class=\"fg-thumb\"><span class=\"fg-image-wrap\"><img decoding=\"async\" alt=\"IG2017-1003\" title=\"Ina G\u00e4rtner - &quot;relaxt&quot; - Wismar\" width=\"100\" height=\"100\" class=\"skip-lazy fg-image\" data-src-fg=\"https:\/\/afc-weidhausen.de\/wp-content\/uploads\/cache\/2021\/03\/IG2017-1003\/1623463406.jpg\" src=\"data:image\/svg+xml,%3Csvg%20xmlns%3D%22http%3A%2F%2Fwww.w3.org%2F2000%2Fsvg%22%20width%3D%22100%22%20height%3D%22100%22%20viewBox%3D%220%200%20100%20100%22%3E%3C%2Fsvg%3E\" loading=\"eager\"><\/span><span class=\"fg-image-overlay\"><\/span><\/a><figcaption class=\"fg-caption\"><div class=\"fg-caption-inner\"><div class=\"fg-caption-title\">Ina G\u00e4rtner - \"relaxt\" - Wismar<\/div><div class=\"fg-caption-desc\">Ina G\u00e4rtner - \"relaxt\" - Wismar<\/div><\/div><\/figcaption><\/figure><div class=\"fg-loader\"><\/div><\/div><div class=\"fg-item fg-type-image fg-idle\"><figure class=\"fg-item-inner\"><a href=\"https:\/\/afc-weidhausen.de\/wp-content\/uploads\/2021\/03\/IG2017-1004.jpg\" data-caption-title=\"Ina G\u00e4rtner - &quot;W\u00fcnsch Dir was&quot; - Insel Poel\" data-caption-desc=\"Ina G\u00e4rtner - &quot;W\u00fcnsch Dir was&quot; - Insel Poel\" data-attachment-id=\"5437\" data-type=\"image\" class=\"fg-thumb\"><span class=\"fg-image-wrap\"><img decoding=\"async\" alt=\"IG2017-1004\" title=\"Ina G\u00e4rtner - &quot;W\u00fcnsch Dir was&quot; - Insel Poel\" width=\"100\" height=\"100\" class=\"skip-lazy fg-image\" data-src-fg=\"https:\/\/afc-weidhausen.de\/wp-content\/uploads\/cache\/2021\/03\/IG2017-1004\/2349493035.jpg\" src=\"data:image\/svg+xml,%3Csvg%20xmlns%3D%22http%3A%2F%2Fwww.w3.org%2F2000%2Fsvg%22%20width%3D%22100%22%20height%3D%22100%22%20viewBox%3D%220%200%20100%20100%22%3E%3C%2Fsvg%3E\" loading=\"eager\"><\/span><span class=\"fg-image-overlay\"><\/span><\/a><figcaption class=\"fg-caption\"><div class=\"fg-caption-inner\"><div class=\"fg-caption-title\">Ina G\u00e4rtner - \"W\u00fcnsch Dir was\" - Insel Poel<\/div><div class=\"fg-caption-desc\">Ina G\u00e4rtner - \"W\u00fcnsch Dir was\" - Insel Poel<\/div><\/div><\/figcaption><\/figure><div class=\"fg-loader\"><\/div><\/div><div class=\"fg-item fg-type-image fg-idle\"><figure class=\"fg-item-inner\"><a href=\"https:\/\/afc-weidhausen.de\/wp-content\/uploads\/2021\/03\/IG2017-1005.jpg\" data-caption-title=\"Ina G\u00e4rtner - &quot;Herbstallee&quot; - Insel Poel\" data-caption-desc=\"Ina G\u00e4rtner - &quot;Herbstallee&quot; - Insel Poel\" data-attachment-id=\"5438\" data-type=\"image\" class=\"fg-thumb\"><span class=\"fg-image-wrap\"><img decoding=\"async\" alt=\"IG2017-1005\" title=\"Ina G\u00e4rtner - &quot;Herbstallee&quot; - Insel Poel\" width=\"100\" height=\"100\" class=\"skip-lazy fg-image\" data-src-fg=\"https:\/\/afc-weidhausen.de\/wp-content\/uploads\/cache\/2021\/03\/IG2017-1005\/3265036678.jpg\" src=\"data:image\/svg+xml,%3Csvg%20xmlns%3D%22http%3A%2F%2Fwww.w3.org%2F2000%2Fsvg%22%20width%3D%22100%22%20height%3D%22100%22%20viewBox%3D%220%200%20100%20100%22%3E%3C%2Fsvg%3E\" loading=\"eager\"><\/span><span class=\"fg-image-overlay\"><\/span><\/a><figcaption class=\"fg-caption\"><div class=\"fg-caption-inner\"><div class=\"fg-caption-title\">Ina G\u00e4rtner - \"Herbstallee\" - Insel Poel<\/div><div class=\"fg-caption-desc\">Ina G\u00e4rtner - \"Herbstallee\" - Insel Poel<\/div><\/div><\/figcaption><\/figure><div class=\"fg-loader\"><\/div><\/div><div class=\"fg-item fg-type-image fg-idle\"><figure class=\"fg-item-inner\"><a href=\"https:\/\/afc-weidhausen.de\/wp-content\/uploads\/2021\/03\/IG2017-1006.jpg\" data-caption-title=\"Ina G\u00e4rtner - &quot;Gestrandet&quot;\" data-caption-desc=\"Ina G\u00e4rtner - &quot;Gestrandet&quot;\" data-attachment-id=\"5439\" data-type=\"image\" class=\"fg-thumb\"><span class=\"fg-image-wrap\"><img decoding=\"async\" alt=\"IG2017-1006\" title=\"Ina G\u00e4rtner - &quot;Gestrandet&quot;\" width=\"100\" height=\"100\" class=\"skip-lazy fg-image\" data-src-fg=\"https:\/\/afc-weidhausen.de\/wp-content\/uploads\/cache\/2021\/03\/IG2017-1006\/2853761465.jpg\" src=\"data:image\/svg+xml,%3Csvg%20xmlns%3D%22http%3A%2F%2Fwww.w3.org%2F2000%2Fsvg%22%20width%3D%22100%22%20height%3D%22100%22%20viewBox%3D%220%200%20100%20100%22%3E%3C%2Fsvg%3E\" loading=\"eager\"><\/span><span class=\"fg-image-overlay\"><\/span><\/a><figcaption class=\"fg-caption\"><div class=\"fg-caption-inner\"><div class=\"fg-caption-title\">Ina G\u00e4rtner - \"Gestrandet\"<\/div><div class=\"fg-caption-desc\">Ina G\u00e4rtner - \"Gestrandet\"<\/div><\/div><\/figcaption><\/figure><div class=\"fg-loader\"><\/div><\/div><div class=\"fg-item fg-type-image fg-idle\"><figure class=\"fg-item-inner\"><a href=\"https:\/\/afc-weidhausen.de\/wp-content\/uploads\/2021\/03\/IG2017-1007.jpg\" data-caption-title=\"Ina G\u00e4rtner - &quot;Spuren im Sand&quot;\" data-caption-desc=\"Ina G\u00e4rtner - &quot;Spuren im Sand&quot;\" data-attachment-id=\"5440\" data-type=\"image\" class=\"fg-thumb\"><span class=\"fg-image-wrap\"><img decoding=\"async\" alt=\"IG2017-1007\" title=\"Ina G\u00e4rtner - &quot;Spuren im Sand&quot;\" width=\"100\" height=\"100\" class=\"skip-lazy fg-image\" data-src-fg=\"https:\/\/afc-weidhausen.de\/wp-content\/uploads\/cache\/2021\/03\/IG2017-1007\/3310273829.jpg\" src=\"data:image\/svg+xml,%3Csvg%20xmlns%3D%22http%3A%2F%2Fwww.w3.org%2F2000%2Fsvg%22%20width%3D%22100%22%20height%3D%22100%22%20viewBox%3D%220%200%20100%20100%22%3E%3C%2Fsvg%3E\" loading=\"eager\"><\/span><span class=\"fg-image-overlay\"><\/span><\/a><figcaption class=\"fg-caption\"><div class=\"fg-caption-inner\"><div class=\"fg-caption-title\">Ina G\u00e4rtner - \"Spuren im Sand\"<\/div><div class=\"fg-caption-desc\">Ina G\u00e4rtner - \"Spuren im Sand\"<\/div><\/div><\/figcaption><\/figure><div class=\"fg-loader\"><\/div><\/div><div class=\"fg-item fg-type-image fg-idle\"><figure class=\"fg-item-inner\"><a href=\"https:\/\/afc-weidhausen.de\/wp-content\/uploads\/2021\/03\/IG2017-1008.jpg\" data-caption-title=\"Ina G\u00e4rtner - &quot;Wellenverlauf&quot;\" data-caption-desc=\"Ina G\u00e4rtner - &quot;Wellenverlauf&quot;\" data-attachment-id=\"5441\" data-type=\"image\" class=\"fg-thumb\"><span class=\"fg-image-wrap\"><img decoding=\"async\" alt=\"IG2017-1008\" title=\"Ina G\u00e4rtner - &quot;Wellenverlauf&quot;\" width=\"100\" height=\"100\" class=\"skip-lazy fg-image\" data-src-fg=\"https:\/\/afc-weidhausen.de\/wp-content\/uploads\/cache\/2021\/03\/IG2017-1008\/4200964181.jpg\" src=\"data:image\/svg+xml,%3Csvg%20xmlns%3D%22http%3A%2F%2Fwww.w3.org%2F2000%2Fsvg%22%20width%3D%22100%22%20height%3D%22100%22%20viewBox%3D%220%200%20100%20100%22%3E%3C%2Fsvg%3E\" loading=\"eager\"><\/span><span class=\"fg-image-overlay\"><\/span><\/a><figcaption class=\"fg-caption\"><div class=\"fg-caption-inner\"><div class=\"fg-caption-title\">Ina G\u00e4rtner - \"Wellenverlauf\"<\/div><div class=\"fg-caption-desc\">Ina G\u00e4rtner - \"Wellenverlauf\"<\/div><\/div><\/figcaption><\/figure><div class=\"fg-loader\"><\/div><\/div><div class=\"fg-item fg-type-image fg-idle\"><figure class=\"fg-item-inner\"><a href=\"https:\/\/afc-weidhausen.de\/wp-content\/uploads\/2021\/03\/IG2017-1009.jpg\" data-caption-title=\"Ina G\u00e4rtner - &quot;Musik f\u00fcr die Augen&quot; - Landesgartenschau Bayreuth\" data-caption-desc=\"Ina G\u00e4rtner - &quot;Musik f\u00fcr die Augen&quot; - Landesgartenschau Bayreuth\" data-attachment-id=\"5442\" data-type=\"image\" class=\"fg-thumb\"><span class=\"fg-image-wrap\"><img decoding=\"async\" alt=\"IG2017-1009\" title=\"Ina G\u00e4rtner - &quot;Musik f\u00fcr die Augen&quot; - Landesgartenschau Bayreuth\" width=\"100\" height=\"100\" class=\"skip-lazy fg-image\" data-src-fg=\"https:\/\/afc-weidhausen.de\/wp-content\/uploads\/cache\/2021\/03\/IG2017-1009\/3349364462.jpg\" src=\"data:image\/svg+xml,%3Csvg%20xmlns%3D%22http%3A%2F%2Fwww.w3.org%2F2000%2Fsvg%22%20width%3D%22100%22%20height%3D%22100%22%20viewBox%3D%220%200%20100%20100%22%3E%3C%2Fsvg%3E\" loading=\"eager\"><\/span><span class=\"fg-image-overlay\"><\/span><\/a><figcaption class=\"fg-caption\"><div class=\"fg-caption-inner\"><div class=\"fg-caption-title\">Ina G\u00e4rtner - \"Musik f\u00fcr die Augen\" - Landesgartenschau Bayreuth<\/div><div class=\"fg-caption-desc\">Ina G\u00e4rtner - \"Musik f\u00fcr die Augen\" - Landesgartenschau Bayreuth<\/div><\/div><\/figcaption><\/figure><div class=\"fg-loader\"><\/div><\/div><div class=\"fg-item fg-type-image fg-idle\"><figure class=\"fg-item-inner\"><a href=\"https:\/\/afc-weidhausen.de\/wp-content\/uploads\/2021\/03\/IG2017-1010.jpg\" data-caption-title=\"Ina G\u00e4rtner - &quot;Geier Wally&quot;\" data-caption-desc=\"Ina G\u00e4rtner - &quot;Geier Wally&quot;\" data-attachment-id=\"5443\" data-type=\"image\" class=\"fg-thumb\"><span class=\"fg-image-wrap\"><img decoding=\"async\" alt=\"IG2017-1010\" title=\"Ina G\u00e4rtner - &quot;Geier Wally&quot;\" width=\"100\" height=\"100\" class=\"skip-lazy fg-image\" data-src-fg=\"https:\/\/afc-weidhausen.de\/wp-content\/uploads\/cache\/2021\/03\/IG2017-1010\/698107482.jpg\" src=\"data:image\/svg+xml,%3Csvg%20xmlns%3D%22http%3A%2F%2Fwww.w3.org%2F2000%2Fsvg%22%20width%3D%22100%22%20height%3D%22100%22%20viewBox%3D%220%200%20100%20100%22%3E%3C%2Fsvg%3E\" loading=\"eager\"><\/span><span class=\"fg-image-overlay\"><\/span><\/a><figcaption class=\"fg-caption\"><div class=\"fg-caption-inner\"><div class=\"fg-caption-title\">Ina G\u00e4rtner - \"Geier Wally\"<\/div><div class=\"fg-caption-desc\">Ina G\u00e4rtner - \"Geier Wally\"<\/div><\/div><\/figcaption><\/figure><div class=\"fg-loader\"><\/div><\/div><div class=\"fg-item fg-type-image fg-idle\"><figure class=\"fg-item-inner\"><a href=\"https:\/\/afc-weidhausen.de\/wp-content\/uploads\/2021\/03\/IG2017-1011.jpg\" data-caption-title=\"Ina G\u00e4rtner - &quot;Farbverlauf&quot;\" data-caption-desc=\"Ina G\u00e4rtner - &quot;Farbverlauf&quot;\" data-attachment-id=\"5444\" data-type=\"image\" class=\"fg-thumb\"><span class=\"fg-image-wrap\"><img decoding=\"async\" alt=\"IG2017-1011\" title=\"Ina G\u00e4rtner - &quot;Farbverlauf&quot;\" width=\"100\" height=\"100\" class=\"skip-lazy fg-image\" data-src-fg=\"https:\/\/afc-weidhausen.de\/wp-content\/uploads\/cache\/2021\/03\/IG2017-1011\/982846227.jpg\" src=\"data:image\/svg+xml,%3Csvg%20xmlns%3D%22http%3A%2F%2Fwww.w3.org%2F2000%2Fsvg%22%20width%3D%22100%22%20height%3D%22100%22%20viewBox%3D%220%200%20100%20100%22%3E%3C%2Fsvg%3E\" loading=\"eager\"><\/span><span class=\"fg-image-overlay\"><\/span><\/a><figcaption class=\"fg-caption\"><div class=\"fg-caption-inner\"><div class=\"fg-caption-title\">Ina G\u00e4rtner - \"Farbverlauf\"<\/div><div class=\"fg-caption-desc\">Ina G\u00e4rtner - \"Farbverlauf\"<\/div><\/div><\/figcaption><\/figure><div class=\"fg-loader\"><\/div><\/div><div class=\"fg-item fg-type-image fg-idle\"><figure class=\"fg-item-inner\"><a href=\"https:\/\/afc-weidhausen.de\/wp-content\/uploads\/2021\/03\/IG2017-1012.jpg\" data-caption-title=\"Ina G\u00e4rtner - &quot;Tagwerk&quot;\" data-caption-desc=\"Ina G\u00e4rtner - &quot;Tagwerk&quot;\" data-attachment-id=\"5445\" data-type=\"image\" class=\"fg-thumb\"><span class=\"fg-image-wrap\"><img decoding=\"async\" alt=\"IG2017-1012\" title=\"Ina G\u00e4rtner - &quot;Tagwerk&quot;\" width=\"100\" height=\"100\" class=\"skip-lazy fg-image\" data-src-fg=\"https:\/\/afc-weidhausen.de\/wp-content\/uploads\/cache\/2021\/03\/IG2017-1012\/1376877356.jpg\" src=\"data:image\/svg+xml,%3Csvg%20xmlns%3D%22http%3A%2F%2Fwww.w3.org%2F2000%2Fsvg%22%20width%3D%22100%22%20height%3D%22100%22%20viewBox%3D%220%200%20100%20100%22%3E%3C%2Fsvg%3E\" loading=\"eager\"><\/span><span class=\"fg-image-overlay\"><\/span><\/a><figcaption class=\"fg-caption\"><div class=\"fg-caption-inner\"><div class=\"fg-caption-title\">Ina G\u00e4rtner - \"Tagwerk\"<\/div><div class=\"fg-caption-desc\">Ina G\u00e4rtner - \"Tagwerk\"<\/div><\/div><\/figcaption><\/figure><div class=\"fg-loader\"><\/div><\/div><div class=\"fg-item fg-type-image fg-idle\"><figure class=\"fg-item-inner\"><a href=\"https:\/\/afc-weidhausen.de\/wp-content\/uploads\/2021\/03\/IG2017-1013.jpg\" data-caption-title=\"Ina G\u00e4rtner - &quot;Fr\u00fchjahrsputz&quot; - Wildpark Tambach\" data-caption-desc=\"Ina G\u00e4rtner - &quot;Fr\u00fchjahrsputz&quot; - Wildpark Tambach\" data-attachment-id=\"5446\" data-type=\"image\" class=\"fg-thumb\"><span class=\"fg-image-wrap\"><img decoding=\"async\" alt=\"IG2017-1013\" title=\"Ina G\u00e4rtner - &quot;Fr\u00fchjahrsputz&quot; - Wildpark Tambach\" width=\"100\" height=\"100\" class=\"skip-lazy fg-image\" data-src-fg=\"https:\/\/afc-weidhausen.de\/wp-content\/uploads\/cache\/2021\/03\/IG2017-1013\/1876419991.jpg\" src=\"data:image\/svg+xml,%3Csvg%20xmlns%3D%22http%3A%2F%2Fwww.w3.org%2F2000%2Fsvg%22%20width%3D%22100%22%20height%3D%22100%22%20viewBox%3D%220%200%20100%20100%22%3E%3C%2Fsvg%3E\" loading=\"eager\"><\/span><span class=\"fg-image-overlay\"><\/span><\/a><figcaption class=\"fg-caption\"><div class=\"fg-caption-inner\"><div class=\"fg-caption-title\">Ina G\u00e4rtner - \"Fr\u00fchjahrsputz\" - Wildpark Tambach<\/div><div class=\"fg-caption-desc\">Ina G\u00e4rtner - \"Fr\u00fchjahrsputz\" - Wildpark Tambach<\/div><\/div><\/figcaption><\/figure><div class=\"fg-loader\"><\/div><\/div><div class=\"fg-item fg-type-image fg-idle\"><figure class=\"fg-item-inner\"><a href=\"https:\/\/afc-weidhausen.de\/wp-content\/uploads\/2021\/03\/AG2017-1001.jpg\" data-caption-title=\"Andreas Giese - &quot;Veitsberg im Nebel&quot;\" data-caption-desc=\"Andreas Giese - &quot;Veitsberg im Nebel&quot;\" data-attachment-id=\"5447\" data-type=\"image\" class=\"fg-thumb\"><span class=\"fg-image-wrap\"><img decoding=\"async\" alt=\"AG2017-1001\" title=\"Andreas Giese - &quot;Veitsberg im Nebel&quot;\" width=\"100\" height=\"100\" class=\"skip-lazy fg-image\" data-src-fg=\"https:\/\/afc-weidhausen.de\/wp-content\/uploads\/cache\/2021\/03\/AG2017-1001\/3419615097.jpg\" src=\"data:image\/svg+xml,%3Csvg%20xmlns%3D%22http%3A%2F%2Fwww.w3.org%2F2000%2Fsvg%22%20width%3D%22100%22%20height%3D%22100%22%20viewBox%3D%220%200%20100%20100%22%3E%3C%2Fsvg%3E\" loading=\"eager\"><\/span><span class=\"fg-image-overlay\"><\/span><\/a><figcaption class=\"fg-caption\"><div class=\"fg-caption-inner\"><div class=\"fg-caption-title\">Andreas Giese - \"Veitsberg im Nebel\"<\/div><div class=\"fg-caption-desc\">Andreas Giese - \"Veitsberg im Nebel\"<\/div><\/div><\/figcaption><\/figure><div class=\"fg-loader\"><\/div><\/div><div class=\"fg-item fg-type-image fg-idle\"><figure class=\"fg-item-inner\"><a href=\"https:\/\/afc-weidhausen.de\/wp-content\/uploads\/2021\/03\/AG2017-1002.jpg\" data-caption-title=\"Andreas Giese- &quot;Physalis alkekengi&quot; - Lampionblume\" data-caption-desc=\"Andreas Giese- &quot;Physalis alkekengi&quot; - Lampionblume\" data-attachment-id=\"5448\" data-type=\"image\" class=\"fg-thumb\"><span class=\"fg-image-wrap\"><img decoding=\"async\" alt=\"AG2017-1002\" title=\"Andreas Giese- &quot;Physalis alkekengi&quot; - Lampionblume\" width=\"100\" height=\"100\" class=\"skip-lazy fg-image\" data-src-fg=\"https:\/\/afc-weidhausen.de\/wp-content\/uploads\/cache\/2021\/03\/AG2017-1002\/3345007273.jpg\" src=\"data:image\/svg+xml,%3Csvg%20xmlns%3D%22http%3A%2F%2Fwww.w3.org%2F2000%2Fsvg%22%20width%3D%22100%22%20height%3D%22100%22%20viewBox%3D%220%200%20100%20100%22%3E%3C%2Fsvg%3E\" loading=\"eager\"><\/span><span class=\"fg-image-overlay\"><\/span><\/a><figcaption class=\"fg-caption\"><div class=\"fg-caption-inner\"><div class=\"fg-caption-title\">Andreas Giese- \"Physalis alkekengi\" - Lampionblume<\/div><div class=\"fg-caption-desc\">Andreas Giese- \"Physalis alkekengi\" - Lampionblume<\/div><\/div><\/figcaption><\/figure><div class=\"fg-loader\"><\/div><\/div><div class=\"fg-item fg-type-image fg-idle\"><figure class=\"fg-item-inner\"><a href=\"https:\/\/afc-weidhausen.de\/wp-content\/uploads\/2021\/03\/AG2017-1003.jpg\" data-caption-title=\"Andreas Giese - &quot;Schlangen Flaschen&quot;\" data-caption-desc=\"Andreas Giese - &quot;Schlangen Flaschen&quot;\" data-attachment-id=\"5449\" data-type=\"image\" class=\"fg-thumb\"><span class=\"fg-image-wrap\"><img decoding=\"async\" alt=\"AG2017-1003\" title=\"Andreas Giese - &quot;Schlangen Flaschen&quot;\" width=\"100\" height=\"100\" class=\"skip-lazy fg-image\" data-src-fg=\"https:\/\/afc-weidhausen.de\/wp-content\/uploads\/cache\/2021\/03\/AG2017-1003\/3988895211.jpg\" src=\"data:image\/svg+xml,%3Csvg%20xmlns%3D%22http%3A%2F%2Fwww.w3.org%2F2000%2Fsvg%22%20width%3D%22100%22%20height%3D%22100%22%20viewBox%3D%220%200%20100%20100%22%3E%3C%2Fsvg%3E\" loading=\"eager\"><\/span><span class=\"fg-image-overlay\"><\/span><\/a><figcaption class=\"fg-caption\"><div class=\"fg-caption-inner\"><div class=\"fg-caption-title\">Andreas Giese - \"Schlangen Flaschen\"<\/div><div class=\"fg-caption-desc\">Andreas Giese - \"Schlangen Flaschen\"<\/div><\/div><\/figcaption><\/figure><div class=\"fg-loader\"><\/div><\/div><div class=\"fg-item fg-type-image fg-idle\"><figure class=\"fg-item-inner\"><a href=\"https:\/\/afc-weidhausen.de\/wp-content\/uploads\/2021\/03\/AG2017-1004.jpg\" data-caption-title=\"Andreas Giese - &quot;Kreuzgang&quot; - Dom zu Brixen\" data-caption-desc=\"Andreas Giese - &quot;Kreuzgang&quot; - Dom zu Brixen\" data-attachment-id=\"5450\" data-type=\"image\" class=\"fg-thumb\"><span class=\"fg-image-wrap\"><img decoding=\"async\" alt=\"AG2017-1004\" title=\"Andreas Giese - &quot;Kreuzgang&quot; - Dom zu Brixen\" width=\"100\" height=\"100\" class=\"skip-lazy fg-image\" data-src-fg=\"https:\/\/afc-weidhausen.de\/wp-content\/uploads\/cache\/2021\/03\/AG2017-1004\/3541301570.jpg\" src=\"data:image\/svg+xml,%3Csvg%20xmlns%3D%22http%3A%2F%2Fwww.w3.org%2F2000%2Fsvg%22%20width%3D%22100%22%20height%3D%22100%22%20viewBox%3D%220%200%20100%20100%22%3E%3C%2Fsvg%3E\" loading=\"eager\"><\/span><span class=\"fg-image-overlay\"><\/span><\/a><figcaption class=\"fg-caption\"><div class=\"fg-caption-inner\"><div class=\"fg-caption-title\">Andreas Giese - \"Kreuzgang\" - Dom zu Brixen<\/div><div class=\"fg-caption-desc\">Andreas Giese - \"Kreuzgang\" - Dom zu Brixen<\/div><\/div><\/figcaption><\/figure><div class=\"fg-loader\"><\/div><\/div><div class=\"fg-item fg-type-image fg-idle\"><figure class=\"fg-item-inner\"><a href=\"https:\/\/afc-weidhausen.de\/wp-content\/uploads\/2021\/03\/AG2017-1005.jpg\" data-caption-title=\"Andreas Giese - &quot;Unter Volldampf&quot;\" data-caption-desc=\"Andreas Giese - &quot;Unter Volldampf&quot;\" data-attachment-id=\"5451\" data-type=\"image\" class=\"fg-thumb\"><span class=\"fg-image-wrap\"><img decoding=\"async\" alt=\"AG2017-1005\" title=\"Andreas Giese - &quot;Unter Volldampf&quot;\" width=\"100\" height=\"100\" class=\"skip-lazy fg-image\" data-src-fg=\"https:\/\/afc-weidhausen.de\/wp-content\/uploads\/cache\/2021\/03\/AG2017-1005\/4189228544.jpg\" src=\"data:image\/svg+xml,%3Csvg%20xmlns%3D%22http%3A%2F%2Fwww.w3.org%2F2000%2Fsvg%22%20width%3D%22100%22%20height%3D%22100%22%20viewBox%3D%220%200%20100%20100%22%3E%3C%2Fsvg%3E\" loading=\"eager\"><\/span><span class=\"fg-image-overlay\"><\/span><\/a><figcaption class=\"fg-caption\"><div class=\"fg-caption-inner\"><div class=\"fg-caption-title\">Andreas Giese - \"Unter Volldampf\"<\/div><div class=\"fg-caption-desc\">Andreas Giese - \"Unter Volldampf\"<\/div><\/div><\/figcaption><\/figure><div class=\"fg-loader\"><\/div><\/div><div class=\"fg-item fg-type-image fg-idle\"><figure class=\"fg-item-inner\"><a href=\"https:\/\/afc-weidhausen.de\/wp-content\/uploads\/2021\/03\/AG2017-1006.jpg\" data-caption-title=\"Andreas Giese - &quot;Eckardtsturm bei Nacht&quot;\" data-caption-desc=\"Andreas Giese - &quot;Eckardtsturm bei Nacht&quot;\" data-attachment-id=\"5452\" data-type=\"image\" class=\"fg-thumb\"><span class=\"fg-image-wrap\"><img decoding=\"async\" alt=\"AG2017-1006\" title=\"Andreas Giese - &quot;Eckardtsturm bei Nacht&quot;\" width=\"100\" height=\"100\" class=\"skip-lazy fg-image\" data-src-fg=\"https:\/\/afc-weidhausen.de\/wp-content\/uploads\/cache\/2021\/03\/AG2017-1006\/2253461446.jpg\" src=\"data:image\/svg+xml,%3Csvg%20xmlns%3D%22http%3A%2F%2Fwww.w3.org%2F2000%2Fsvg%22%20width%3D%22100%22%20height%3D%22100%22%20viewBox%3D%220%200%20100%20100%22%3E%3C%2Fsvg%3E\" loading=\"eager\"><\/span><span class=\"fg-image-overlay\"><\/span><\/a><figcaption class=\"fg-caption\"><div class=\"fg-caption-inner\"><div class=\"fg-caption-title\">Andreas Giese - \"Eckardtsturm bei Nacht\"<\/div><div class=\"fg-caption-desc\">Andreas Giese - \"Eckardtsturm bei Nacht\"<\/div><\/div><\/figcaption><\/figure><div class=\"fg-loader\"><\/div><\/div><div class=\"fg-item fg-type-image fg-idle\"><figure class=\"fg-item-inner\"><a href=\"https:\/\/afc-weidhausen.de\/wp-content\/uploads\/2021\/03\/AG2017-1007.jpg\" data-caption-title=\"Andreas Giese - &quot;Rot Weis Blau&quot;\" data-caption-desc=\"Andreas Giese - &quot;Rot Weis Blau&quot;\" data-attachment-id=\"5453\" data-type=\"image\" class=\"fg-thumb\"><span class=\"fg-image-wrap\"><img decoding=\"async\" alt=\"AG2017-1007\" title=\"Andreas Giese - &quot;Rot Weis Blau&quot;\" width=\"100\" height=\"100\" class=\"skip-lazy fg-image\" data-src-fg=\"https:\/\/afc-weidhausen.de\/wp-content\/uploads\/cache\/2021\/03\/AG2017-1007\/2901434500.jpg\" src=\"data:image\/svg+xml,%3Csvg%20xmlns%3D%22http%3A%2F%2Fwww.w3.org%2F2000%2Fsvg%22%20width%3D%22100%22%20height%3D%22100%22%20viewBox%3D%220%200%20100%20100%22%3E%3C%2Fsvg%3E\" loading=\"eager\"><\/span><span class=\"fg-image-overlay\"><\/span><\/a><figcaption class=\"fg-caption\"><div class=\"fg-caption-inner\"><div class=\"fg-caption-title\">Andreas Giese - \"Rot Weis Blau\"<\/div><div class=\"fg-caption-desc\">Andreas Giese - \"Rot Weis Blau\"<\/div><\/div><\/figcaption><\/figure><div class=\"fg-loader\"><\/div><\/div><div class=\"fg-item fg-type-image fg-idle\"><figure class=\"fg-item-inner\"><a href=\"https:\/\/afc-weidhausen.de\/wp-content\/uploads\/2021\/03\/AG2017-1008.jpg\" data-caption-title=\"Andreas Giese - &quot; &quot;Herbst in Ebnet&quot;\" data-caption-desc=\"Andreas Giese - &quot; &quot;Herbst in Ebnet&quot;\" data-attachment-id=\"5454\" data-type=\"image\" class=\"fg-thumb\"><span class=\"fg-image-wrap\"><img decoding=\"async\" alt=\"AG2017-1008\" title=\"Andreas Giese - &quot; &quot;Herbst in Ebnet&quot;\" width=\"100\" height=\"100\" class=\"skip-lazy fg-image\" data-src-fg=\"https:\/\/afc-weidhausen.de\/wp-content\/uploads\/cache\/2021\/03\/AG2017-1008\/2859679743.jpg\" src=\"data:image\/svg+xml,%3Csvg%20xmlns%3D%22http%3A%2F%2Fwww.w3.org%2F2000%2Fsvg%22%20width%3D%22100%22%20height%3D%22100%22%20viewBox%3D%220%200%20100%20100%22%3E%3C%2Fsvg%3E\" loading=\"eager\"><\/span><span class=\"fg-image-overlay\"><\/span><\/a><figcaption class=\"fg-caption\"><div class=\"fg-caption-inner\"><div class=\"fg-caption-title\">Andreas Giese - \" \"Herbst in Ebnet\"<\/div><div class=\"fg-caption-desc\">Andreas Giese - \" \"Herbst in Ebnet\"<\/div><\/div><\/figcaption><\/figure><div class=\"fg-loader\"><\/div><\/div><div class=\"fg-item fg-type-image fg-idle\"><figure class=\"fg-item-inner\"><a href=\"https:\/\/afc-weidhausen.de\/wp-content\/uploads\/2021\/03\/AG2017-1009.jpg\" data-caption-title=\"Andreas Giese - &quot;Klosterkirche Sonnefeld&quot;\" data-caption-desc=\"Andreas Giese - &quot;Klosterkirche Sonnefeld&quot;\" data-attachment-id=\"5455\" data-type=\"image\" class=\"fg-thumb\"><span class=\"fg-image-wrap\"><img decoding=\"async\" alt=\"AG2017-1009\" title=\"Andreas Giese - &quot;Klosterkirche Sonnefeld&quot;\" width=\"100\" height=\"100\" class=\"skip-lazy fg-image\" data-src-fg=\"https:\/\/afc-weidhausen.de\/wp-content\/uploads\/cache\/2021\/03\/AG2017-1009\/2161264829.jpg\" src=\"data:image\/svg+xml,%3Csvg%20xmlns%3D%22http%3A%2F%2Fwww.w3.org%2F2000%2Fsvg%22%20width%3D%22100%22%20height%3D%22100%22%20viewBox%3D%220%200%20100%20100%22%3E%3C%2Fsvg%3E\" loading=\"eager\"><\/span><span class=\"fg-image-overlay\"><\/span><\/a><figcaption class=\"fg-caption\"><div class=\"fg-caption-inner\"><div class=\"fg-caption-title\">Andreas Giese - \"Klosterkirche Sonnefeld\"<\/div><div class=\"fg-caption-desc\">Andreas Giese - \"Klosterkirche Sonnefeld\"<\/div><\/div><\/figcaption><\/figure><div class=\"fg-loader\"><\/div><\/div><div class=\"fg-item fg-type-image fg-idle\"><figure class=\"fg-item-inner\"><a href=\"https:\/\/afc-weidhausen.de\/wp-content\/uploads\/2021\/03\/AG2017-1010.jpg\" data-caption-title=\"Andreas Giese - &quot;Kloster Banz&quot;\" data-caption-desc=\"Andreas Giese - &quot;Kloster Banz&quot;\" data-attachment-id=\"5456\" data-type=\"image\" class=\"fg-thumb\"><span class=\"fg-image-wrap\"><img decoding=\"async\" alt=\"AG2017-1010\" title=\"Andreas Giese - &quot;Kloster Banz&quot;\" width=\"100\" height=\"100\" class=\"skip-lazy fg-image\" data-src-fg=\"https:\/\/afc-weidhausen.de\/wp-content\/uploads\/cache\/2021\/03\/AG2017-1010\/2039142896.jpg\" src=\"data:image\/svg+xml,%3Csvg%20xmlns%3D%22http%3A%2F%2Fwww.w3.org%2F2000%2Fsvg%22%20width%3D%22100%22%20height%3D%22100%22%20viewBox%3D%220%200%20100%20100%22%3E%3C%2Fsvg%3E\" loading=\"eager\"><\/span><span class=\"fg-image-overlay\"><\/span><\/a><figcaption class=\"fg-caption\"><div class=\"fg-caption-inner\"><div class=\"fg-caption-title\">Andreas Giese - \"Kloster Banz\"<\/div><div class=\"fg-caption-desc\">Andreas Giese - \"Kloster Banz\"<\/div><\/div><\/figcaption><\/figure><div class=\"fg-loader\"><\/div><\/div><div class=\"fg-item fg-type-image fg-idle\"><figure class=\"fg-item-inner\"><a href=\"https:\/\/afc-weidhausen.de\/wp-content\/uploads\/2021\/03\/AG2017-1011.jpg\" data-caption-title=\"Andreas Giese - &quot;Brunnen im Klosterhof&quot;\" data-caption-desc=\"Andreas Giese - &quot;Brunnen im Klosterhof&quot;\" data-attachment-id=\"5457\" data-type=\"image\" class=\"fg-thumb\"><span class=\"fg-image-wrap\"><img decoding=\"async\" alt=\"AG2017-1011\" title=\"Andreas Giese - &quot;Brunnen im Klosterhof&quot;\" width=\"100\" height=\"100\" class=\"skip-lazy fg-image\" data-src-fg=\"https:\/\/afc-weidhausen.de\/wp-content\/uploads\/cache\/2021\/03\/AG2017-1011\/1395371698.jpg\" src=\"data:image\/svg+xml,%3Csvg%20xmlns%3D%22http%3A%2F%2Fwww.w3.org%2F2000%2Fsvg%22%20width%3D%22100%22%20height%3D%22100%22%20viewBox%3D%220%200%20100%20100%22%3E%3C%2Fsvg%3E\" loading=\"eager\"><\/span><span class=\"fg-image-overlay\"><\/span><\/a><figcaption class=\"fg-caption\"><div class=\"fg-caption-inner\"><div class=\"fg-caption-title\">Andreas Giese - \"Brunnen im Klosterhof\"<\/div><div class=\"fg-caption-desc\">Andreas Giese - \"Brunnen im Klosterhof\"<\/div><\/div><\/figcaption><\/figure><div class=\"fg-loader\"><\/div><\/div><div class=\"fg-item fg-type-image fg-idle\"><figure class=\"fg-item-inner\"><a href=\"https:\/\/afc-weidhausen.de\/wp-content\/uploads\/2021\/03\/AG2017-1012.jpg\" data-caption-title=\"Andreas Giese - &quot;Neue Energie&quot;\" data-caption-desc=\"Andreas Giese - &quot;Neue Energie&quot;\" data-attachment-id=\"5458\" data-type=\"image\" class=\"fg-thumb\"><span class=\"fg-image-wrap\"><img decoding=\"async\" alt=\"AG2017-1012\" title=\"Andreas Giese - &quot;Neue Energie&quot;\" width=\"100\" height=\"100\" class=\"skip-lazy fg-image\" data-src-fg=\"https:\/\/afc-weidhausen.de\/wp-content\/uploads\/cache\/2021\/03\/AG2017-1012\/1603814242.jpg\" src=\"data:image\/svg+xml,%3Csvg%20xmlns%3D%22http%3A%2F%2Fwww.w3.org%2F2000%2Fsvg%22%20width%3D%22100%22%20height%3D%22100%22%20viewBox%3D%220%200%20100%20100%22%3E%3C%2Fsvg%3E\" loading=\"eager\"><\/span><span class=\"fg-image-overlay\"><\/span><\/a><figcaption class=\"fg-caption\"><div class=\"fg-caption-inner\"><div class=\"fg-caption-title\">Andreas Giese - \"Neue Energie\"<\/div><div class=\"fg-caption-desc\">Andreas Giese - \"Neue Energie\"<\/div><\/div><\/figcaption><\/figure><div class=\"fg-loader\"><\/div><\/div><div class=\"fg-item fg-type-image fg-idle\"><figure class=\"fg-item-inner\"><a href=\"https:\/\/afc-weidhausen.de\/wp-content\/uploads\/2021\/03\/AG2017-1013.jpg\" data-caption-title=\"Andreas Giese - &quot;Modell Silke&quot; - Arbeitsabend im Fotoclub\" data-caption-desc=\"Andreas Giese - &quot;Modell Silke&quot; - Arbeitsabend im Fotoclub\" data-attachment-id=\"5459\" data-type=\"image\" class=\"fg-thumb\"><span class=\"fg-image-wrap\"><img decoding=\"async\" alt=\"AG2017-1013\" title=\"Andreas Giese - &quot;Modell Silke&quot; - Arbeitsabend im Fotoclub\" width=\"100\" height=\"100\" class=\"skip-lazy fg-image\" data-src-fg=\"https:\/\/afc-weidhausen.de\/wp-content\/uploads\/cache\/2021\/03\/AG2017-1013\/1966683168.jpg\" src=\"data:image\/svg+xml,%3Csvg%20xmlns%3D%22http%3A%2F%2Fwww.w3.org%2F2000%2Fsvg%22%20width%3D%22100%22%20height%3D%22100%22%20viewBox%3D%220%200%20100%20100%22%3E%3C%2Fsvg%3E\" loading=\"eager\"><\/span><span class=\"fg-image-overlay\"><\/span><\/a><figcaption class=\"fg-caption\"><div class=\"fg-caption-inner\"><div class=\"fg-caption-title\">Andreas Giese - \"Modell Silke\" - Arbeitsabend im Fotoclub<\/div><div class=\"fg-caption-desc\">Andreas Giese - \"Modell Silke\" - Arbeitsabend im Fotoclub<\/div><\/div><\/figcaption><\/figure><div class=\"fg-loader\"><\/div><\/div><div class=\"fg-item fg-type-image fg-idle\"><figure class=\"fg-item-inner\"><a href=\"https:\/\/afc-weidhausen.de\/wp-content\/uploads\/2021\/03\/AG2017-1014.jpg\" data-caption-title=\"Andreas Giese - &quot;Modell Silke&quot; - Arbeitsabend im Fotoclub\" data-caption-desc=\"Andreas Giese - &quot;Modell Silke&quot; - Arbeitsabend im Fotoclub\" data-attachment-id=\"5460\" data-type=\"image\" class=\"fg-thumb\"><span class=\"fg-image-wrap\"><img decoding=\"async\" alt=\"AG2017-1014\" title=\"Andreas Giese - &quot;Modell Silke&quot; - Arbeitsabend im Fotoclub\" width=\"100\" height=\"100\" class=\"skip-lazy fg-image\" data-src-fg=\"https:\/\/afc-weidhausen.de\/wp-content\/uploads\/cache\/2021\/03\/AG2017-1014\/2409453016.jpg\" src=\"data:image\/svg+xml,%3Csvg%20xmlns%3D%22http%3A%2F%2Fwww.w3.org%2F2000%2Fsvg%22%20width%3D%22100%22%20height%3D%22100%22%20viewBox%3D%220%200%20100%20100%22%3E%3C%2Fsvg%3E\" loading=\"eager\"><\/span><span class=\"fg-image-overlay\"><\/span><\/a><figcaption class=\"fg-caption\"><div class=\"fg-caption-inner\"><div class=\"fg-caption-title\">Andreas Giese - \"Modell Silke\" - Arbeitsabend im Fotoclub<\/div><div class=\"fg-caption-desc\">Andreas Giese - \"Modell Silke\" - Arbeitsabend im Fotoclub<\/div><\/div><\/figcaption><\/figure><div class=\"fg-loader\"><\/div><\/div><div class=\"fg-item fg-type-image fg-idle\"><figure class=\"fg-item-inner\"><a href=\"https:\/\/afc-weidhausen.de\/wp-content\/uploads\/2021\/03\/AG2017-1015.jpg\" data-caption-title=\"Andreas Giese - &quot;Ansitz unterm Baum&quot;\" data-caption-desc=\"Andreas Giese - &quot;Ansitz unterm Baum&quot;\" data-attachment-id=\"5461\" data-type=\"image\" class=\"fg-thumb\"><span class=\"fg-image-wrap\"><img decoding=\"async\" alt=\"AG2017-1015\" title=\"Andreas Giese - &quot;Ansitz unterm Baum&quot;\" width=\"100\" height=\"100\" class=\"skip-lazy fg-image\" data-src-fg=\"https:\/\/afc-weidhausen.de\/wp-content\/uploads\/cache\/2021\/03\/AG2017-1015\/2772181658.jpg\" src=\"data:image\/svg+xml,%3Csvg%20xmlns%3D%22http%3A%2F%2Fwww.w3.org%2F2000%2Fsvg%22%20width%3D%22100%22%20height%3D%22100%22%20viewBox%3D%220%200%20100%20100%22%3E%3C%2Fsvg%3E\" loading=\"eager\"><\/span><span class=\"fg-image-overlay\"><\/span><\/a><figcaption class=\"fg-caption\"><div class=\"fg-caption-inner\"><div class=\"fg-caption-title\">Andreas Giese - \"Ansitz unterm Baum\"<\/div><div class=\"fg-caption-desc\">Andreas Giese - \"Ansitz unterm Baum\"<\/div><\/div><\/figcaption><\/figure><div class=\"fg-loader\"><\/div><\/div><div class=\"fg-item fg-type-image fg-idle\"><figure class=\"fg-item-inner\"><a href=\"https:\/\/afc-weidhausen.de\/wp-content\/uploads\/2021\/03\/GS2017-5400.jpg\" data-caption-title=\"G\u00fcnther Schmidt - &quot;Seitenportal&quot; - Klosterkirche Sonnefeld\" data-caption-desc=\"G\u00fcnther Schmidt - &quot;Seitenportal&quot; - Klosterkirche Sonnefeld\" data-attachment-id=\"5462\" data-type=\"image\" class=\"fg-thumb\"><span class=\"fg-image-wrap\"><img decoding=\"async\" alt=\"GS2017-5400\" title=\"G\u00fcnther Schmidt - &quot;Seitenportal&quot; - Klosterkirche Sonnefeld\" width=\"100\" height=\"100\" class=\"skip-lazy fg-image\" data-src-fg=\"https:\/\/afc-weidhausen.de\/wp-content\/uploads\/cache\/2021\/03\/GS2017-5400\/3638327127.jpg\" src=\"data:image\/svg+xml,%3Csvg%20xmlns%3D%22http%3A%2F%2Fwww.w3.org%2F2000%2Fsvg%22%20width%3D%22100%22%20height%3D%22100%22%20viewBox%3D%220%200%20100%20100%22%3E%3C%2Fsvg%3E\" loading=\"eager\"><\/span><span class=\"fg-image-overlay\"><\/span><\/a><figcaption class=\"fg-caption\"><div class=\"fg-caption-inner\"><div class=\"fg-caption-title\">G\u00fcnther Schmidt - \"Seitenportal\" - Klosterkirche Sonnefeld<\/div><div class=\"fg-caption-desc\">G\u00fcnther Schmidt - \"Seitenportal\" - Klosterkirche Sonnefeld<\/div><\/div><\/figcaption><\/figure><div class=\"fg-loader\"><\/div><\/div><div class=\"fg-item fg-type-image fg-idle\"><figure class=\"fg-item-inner\"><a href=\"https:\/\/afc-weidhausen.de\/wp-content\/uploads\/2021\/03\/GS2017-5965.jpg\" data-caption-title=\"G\u00fcnther Schmidt - &quot;Hospital de Sant Pau&quot; - Barcelona\" data-caption-desc=\"G\u00fcnther Schmidt - &quot;Hospital de Sant Pau&quot; - Barcelona\" data-attachment-id=\"5463\" data-type=\"image\" class=\"fg-thumb\"><span class=\"fg-image-wrap\"><img decoding=\"async\" alt=\"GS2017-5965\" title=\"G\u00fcnther Schmidt - &quot;Hospital de Sant Pau&quot; - Barcelona\" width=\"100\" height=\"100\" class=\"skip-lazy fg-image\" data-src-fg=\"https:\/\/afc-weidhausen.de\/wp-content\/uploads\/cache\/2021\/03\/GS2017-5965\/4040424661.jpg\" src=\"data:image\/svg+xml,%3Csvg%20xmlns%3D%22http%3A%2F%2Fwww.w3.org%2F2000%2Fsvg%22%20width%3D%22100%22%20height%3D%22100%22%20viewBox%3D%220%200%20100%20100%22%3E%3C%2Fsvg%3E\" loading=\"eager\"><\/span><span class=\"fg-image-overlay\"><\/span><\/a><figcaption class=\"fg-caption\"><div class=\"fg-caption-inner\"><div class=\"fg-caption-title\">G\u00fcnther Schmidt - \"Hospital de Sant Pau\" - Barcelona<\/div><div class=\"fg-caption-desc\">G\u00fcnther Schmidt - \"Hospital de Sant Pau\" - Barcelona<\/div><\/div><\/figcaption><\/figure><div class=\"fg-loader\"><\/div><\/div><div class=\"fg-item fg-type-image fg-idle\"><figure class=\"fg-item-inner\"><a href=\"https:\/\/afc-weidhausen.de\/wp-content\/uploads\/2021\/03\/GS2017-6136.jpg\" data-caption-title=\"G\u00fcnther Schmidt - &quot;Die Gejagten&quot; - Barcelona\" data-caption-desc=\"G\u00fcnther Schmidt - &quot;Die Gejagten&quot; - Barcelona\" data-attachment-id=\"5464\" data-type=\"image\" class=\"fg-thumb\"><span class=\"fg-image-wrap\"><img decoding=\"async\" alt=\"GS2017-6136\" title=\"G\u00fcnther Schmidt - &quot;Die Gejagten&quot; - Barcelona\" width=\"100\" height=\"100\" class=\"skip-lazy fg-image\" data-src-fg=\"https:\/\/afc-weidhausen.de\/wp-content\/uploads\/cache\/2021\/03\/GS2017-6136\/1633539419.jpg\" src=\"data:image\/svg+xml,%3Csvg%20xmlns%3D%22http%3A%2F%2Fwww.w3.org%2F2000%2Fsvg%22%20width%3D%22100%22%20height%3D%22100%22%20viewBox%3D%220%200%20100%20100%22%3E%3C%2Fsvg%3E\" loading=\"eager\"><\/span><span class=\"fg-image-overlay\"><\/span><\/a><figcaption class=\"fg-caption\"><div class=\"fg-caption-inner\"><div class=\"fg-caption-title\">G\u00fcnther Schmidt - \"Die Gejagten\" - Barcelona<\/div><div class=\"fg-caption-desc\">G\u00fcnther Schmidt - \"Die Gejagten\" - Barcelona<\/div><\/div><\/figcaption><\/figure><div class=\"fg-loader\"><\/div><\/div><div class=\"fg-item fg-type-image fg-idle\"><figure class=\"fg-item-inner\"><a href=\"https:\/\/afc-weidhausen.de\/wp-content\/uploads\/2021\/03\/GS2017-7272.jpg\" data-caption-title=\"G\u00fcnther Schmidt - &quot;Statue Franz Kafka&quot; - Prag\" data-caption-desc=\"G\u00fcnther Schmidt - &quot;Statue Franz Kafka&quot; - Prag\" data-attachment-id=\"5465\" data-type=\"image\" class=\"fg-thumb\"><span class=\"fg-image-wrap\"><img decoding=\"async\" alt=\"GS2017-7272\" title=\"G\u00fcnther Schmidt - &quot;Statue Franz Kafka&quot; - Prag\" width=\"100\" height=\"100\" class=\"skip-lazy fg-image\" data-src-fg=\"https:\/\/afc-weidhausen.de\/wp-content\/uploads\/cache\/2021\/03\/GS2017-7272\/1950980530.jpg\" src=\"data:image\/svg+xml,%3Csvg%20xmlns%3D%22http%3A%2F%2Fwww.w3.org%2F2000%2Fsvg%22%20width%3D%22100%22%20height%3D%22100%22%20viewBox%3D%220%200%20100%20100%22%3E%3C%2Fsvg%3E\" loading=\"eager\"><\/span><span class=\"fg-image-overlay\"><\/span><\/a><figcaption class=\"fg-caption\"><div class=\"fg-caption-inner\"><div class=\"fg-caption-title\">G\u00fcnther Schmidt - \"Statue Franz Kafka\" - Prag<\/div><div class=\"fg-caption-desc\">G\u00fcnther Schmidt - \"Statue Franz Kafka\" - Prag<\/div><\/div><\/figcaption><\/figure><div class=\"fg-loader\"><\/div><\/div><div class=\"fg-item fg-type-image fg-idle\"><figure class=\"fg-item-inner\"><a href=\"https:\/\/afc-weidhausen.de\/wp-content\/uploads\/2021\/03\/GS2017-7557.jpg\" data-caption-title=\"G\u00fcnther Schmidt - &quot;Durchfahrt&quot; - U-Bahnstation K\u0159i\u017e\u00edkova, Prag\" data-caption-desc=\"G\u00fcnther Schmidt - &quot;Durchfahrt&quot; - U-Bahnstation K\u0159i\u017e\u00edkova, Prag\" data-attachment-id=\"5466\" data-type=\"image\" class=\"fg-thumb\"><span class=\"fg-image-wrap\"><img decoding=\"async\" alt=\"GS2017-7557\" title=\"G\u00fcnther Schmidt - &quot;Durchfahrt&quot; - U-Bahnstation K\u0159i\u017e\u00edkova, Prag\" width=\"100\" height=\"100\" class=\"skip-lazy fg-image\" data-src-fg=\"https:\/\/afc-weidhausen.de\/wp-content\/uploads\/cache\/2021\/03\/GS2017-7557\/32455180.jpg\" src=\"data:image\/svg+xml,%3Csvg%20xmlns%3D%22http%3A%2F%2Fwww.w3.org%2F2000%2Fsvg%22%20width%3D%22100%22%20height%3D%22100%22%20viewBox%3D%220%200%20100%20100%22%3E%3C%2Fsvg%3E\" loading=\"eager\"><\/span><span class=\"fg-image-overlay\"><\/span><\/a><figcaption class=\"fg-caption\"><div class=\"fg-caption-inner\"><div class=\"fg-caption-title\">G\u00fcnther Schmidt - \"Durchfahrt\" - U-Bahnstation K\u0159i\u017e\u00edkova, Prag<\/div><div class=\"fg-caption-desc\">G\u00fcnther Schmidt - \"Durchfahrt\" - U-Bahnstation K\u0159i\u017e\u00edkova, Prag<\/div><\/div><\/figcaption><\/figure><div class=\"fg-loader\"><\/div><\/div><div class=\"fg-item fg-type-image fg-idle\"><figure class=\"fg-item-inner\"><a href=\"https:\/\/afc-weidhausen.de\/wp-content\/uploads\/2021\/03\/GS2017-7681.jpg\" data-caption-title=\"G\u00fcnther Schmidt - &quot;Die Wartende&quot; - U-Bahnstation K\u0159i\u017e\u00edkova, Prag\" data-caption-desc=\"G\u00fcnther Schmidt - &quot;Die Wartende&quot; - U-Bahnstation K\u0159i\u017e\u00edkova, Prag\" data-attachment-id=\"5467\" data-type=\"image\" class=\"fg-thumb\"><span class=\"fg-image-wrap\"><img decoding=\"async\" alt=\"GS2017-7681\" title=\"G\u00fcnther Schmidt - &quot;Die Wartende&quot; - U-Bahnstation K\u0159i\u017e\u00edkova, Prag\" width=\"100\" height=\"100\" class=\"skip-lazy fg-image\" data-src-fg=\"https:\/\/afc-weidhausen.de\/wp-content\/uploads\/cache\/2021\/03\/GS2017-7681\/1005787139.jpg\" src=\"data:image\/svg+xml,%3Csvg%20xmlns%3D%22http%3A%2F%2Fwww.w3.org%2F2000%2Fsvg%22%20width%3D%22100%22%20height%3D%22100%22%20viewBox%3D%220%200%20100%20100%22%3E%3C%2Fsvg%3E\" loading=\"eager\"><\/span><span class=\"fg-image-overlay\"><\/span><\/a><figcaption class=\"fg-caption\"><div class=\"fg-caption-inner\"><div class=\"fg-caption-title\">G\u00fcnther Schmidt - \"Die Wartende\" - U-Bahnstation K\u0159i\u017e\u00edkova, Prag<\/div><div class=\"fg-caption-desc\">G\u00fcnther Schmidt - \"Die Wartende\" - U-Bahnstation K\u0159i\u017e\u00edkova, Prag<\/div><\/div><\/figcaption><\/figure><div class=\"fg-loader\"><\/div><\/div><div class=\"fg-item fg-type-image fg-idle\"><figure class=\"fg-item-inner\"><a href=\"https:\/\/afc-weidhausen.de\/wp-content\/uploads\/2021\/03\/GS2017-7791.jpg\" data-caption-title=\"G\u00fcnther Schmidt - &quot;Auf der Pirsch&quot;- Morgen im Th\u00fcringer Wald\" data-caption-desc=\"G\u00fcnther Schmidt - &quot;Auf der Pirsch&quot;- Morgen im Th\u00fcringer Wald\" data-attachment-id=\"5468\" data-type=\"image\" class=\"fg-thumb\"><span class=\"fg-image-wrap\"><img decoding=\"async\" alt=\"GS2017-7791\" title=\"G\u00fcnther Schmidt - &quot;Auf der Pirsch&quot;- Morgen im Th\u00fcringer Wald\" width=\"100\" height=\"100\" class=\"skip-lazy fg-image\" data-src-fg=\"https:\/\/afc-weidhausen.de\/wp-content\/uploads\/cache\/2021\/03\/GS2017-7791\/1098288461.jpg\" src=\"data:image\/svg+xml,%3Csvg%20xmlns%3D%22http%3A%2F%2Fwww.w3.org%2F2000%2Fsvg%22%20width%3D%22100%22%20height%3D%22100%22%20viewBox%3D%220%200%20100%20100%22%3E%3C%2Fsvg%3E\" loading=\"eager\"><\/span><span class=\"fg-image-overlay\"><\/span><\/a><figcaption class=\"fg-caption\"><div class=\"fg-caption-inner\"><div class=\"fg-caption-title\">G\u00fcnther Schmidt - \"Auf der Pirsch\"- Morgen im Th\u00fcringer Wald<\/div><div class=\"fg-caption-desc\">G\u00fcnther Schmidt - \"Auf der Pirsch\"- Morgen im Th\u00fcringer Wald<\/div><\/div><\/figcaption><\/figure><div class=\"fg-loader\"><\/div><\/div><div class=\"fg-item fg-type-image fg-idle\"><figure class=\"fg-item-inner\"><a href=\"https:\/\/afc-weidhausen.de\/wp-content\/uploads\/2021\/03\/GS2017-7822.jpg\" data-caption-title=\"G\u00fcnther Schmidt - &quot;Verdrehte Welt&quot; - Schieferpark Lehesten\" data-caption-desc=\"G\u00fcnther Schmidt - &quot;Verdrehte Welt&quot; - Schieferpark Lehesten\" data-attachment-id=\"5469\" data-type=\"image\" class=\"fg-thumb\"><span class=\"fg-image-wrap\"><img decoding=\"async\" alt=\"GS2017-7822\" title=\"G\u00fcnther Schmidt - &quot;Verdrehte Welt&quot; - Schieferpark Lehesten\" width=\"100\" height=\"100\" class=\"skip-lazy fg-image\" data-src-fg=\"https:\/\/afc-weidhausen.de\/wp-content\/uploads\/cache\/2021\/03\/GS2017-7822\/1521236002.jpg\" src=\"data:image\/svg+xml,%3Csvg%20xmlns%3D%22http%3A%2F%2Fwww.w3.org%2F2000%2Fsvg%22%20width%3D%22100%22%20height%3D%22100%22%20viewBox%3D%220%200%20100%20100%22%3E%3C%2Fsvg%3E\" loading=\"eager\"><\/span><span class=\"fg-image-overlay\"><\/span><\/a><figcaption class=\"fg-caption\"><div class=\"fg-caption-inner\"><div class=\"fg-caption-title\">G\u00fcnther Schmidt - \"Verdrehte Welt\" - Schieferpark Lehesten<\/div><div class=\"fg-caption-desc\">G\u00fcnther Schmidt - \"Verdrehte Welt\" - Schieferpark Lehesten<\/div><\/div><\/figcaption><\/figure><div class=\"fg-loader\"><\/div><\/div><div class=\"fg-item fg-type-image fg-idle\"><figure class=\"fg-item-inner\"><a href=\"https:\/\/afc-weidhausen.de\/wp-content\/uploads\/2021\/03\/GS2017-7839.jpg\" data-caption-title=\"G\u00fcnther Schmidt -&quot;Tonfrequenzen&quot; - Schieferpark Lehesten\" data-caption-desc=\"G\u00fcnther Schmidt -&quot;Tonfrequenzen&quot; - Schieferpark Lehesten\" data-attachment-id=\"5470\" data-type=\"image\" class=\"fg-thumb\"><span class=\"fg-image-wrap\"><img decoding=\"async\" alt=\"GS2017-7839\" title=\"G\u00fcnther Schmidt -&quot;Tonfrequenzen&quot; - Schieferpark Lehesten\" width=\"100\" height=\"100\" class=\"skip-lazy fg-image\" data-src-fg=\"https:\/\/afc-weidhausen.de\/wp-content\/uploads\/cache\/2021\/03\/GS2017-7839\/615150983.jpg\" src=\"data:image\/svg+xml,%3Csvg%20xmlns%3D%22http%3A%2F%2Fwww.w3.org%2F2000%2Fsvg%22%20width%3D%22100%22%20height%3D%22100%22%20viewBox%3D%220%200%20100%20100%22%3E%3C%2Fsvg%3E\" loading=\"eager\"><\/span><span class=\"fg-image-overlay\"><\/span><\/a><figcaption class=\"fg-caption\"><div class=\"fg-caption-inner\"><div class=\"fg-caption-title\">G\u00fcnther Schmidt -\"Tonfrequenzen\" - Schieferpark Lehesten<\/div><div class=\"fg-caption-desc\">G\u00fcnther Schmidt -\"Tonfrequenzen\" - Schieferpark Lehesten<\/div><\/div><\/figcaption><\/figure><div class=\"fg-loader\"><\/div><\/div><div class=\"fg-item fg-type-image fg-idle\"><figure class=\"fg-item-inner\"><a href=\"https:\/\/afc-weidhausen.de\/wp-content\/uploads\/2021\/03\/GS2017-7874.jpg\" data-caption-title=\"G\u00fcnther Schmidt - &quot;Spiegelung&quot; - Schieferpark Lehesten\" data-caption-desc=\"G\u00fcnther Schmidt - &quot;Spiegelung&quot; - Schieferpark Lehesten\" data-attachment-id=\"5471\" data-type=\"image\" class=\"fg-thumb\"><span class=\"fg-image-wrap\"><img decoding=\"async\" alt=\"GS2017-7874\" title=\"G\u00fcnther Schmidt - &quot;Spiegelung&quot; - Schieferpark Lehesten\" width=\"100\" height=\"100\" class=\"skip-lazy fg-image\" data-src-fg=\"https:\/\/afc-weidhausen.de\/wp-content\/uploads\/cache\/2021\/03\/GS2017-7874\/71845510.jpg\" src=\"data:image\/svg+xml,%3Csvg%20xmlns%3D%22http%3A%2F%2Fwww.w3.org%2F2000%2Fsvg%22%20width%3D%22100%22%20height%3D%22100%22%20viewBox%3D%220%200%20100%20100%22%3E%3C%2Fsvg%3E\" loading=\"eager\"><\/span><span class=\"fg-image-overlay\"><\/span><\/a><figcaption class=\"fg-caption\"><div class=\"fg-caption-inner\"><div class=\"fg-caption-title\">G\u00fcnther Schmidt - \"Spiegelung\" - Schieferpark Lehesten<\/div><div class=\"fg-caption-desc\">G\u00fcnther Schmidt - \"Spiegelung\" - Schieferpark Lehesten<\/div><\/div><\/figcaption><\/figure><div class=\"fg-loader\"><\/div><\/div><div class=\"fg-item fg-type-image fg-idle\"><figure class=\"fg-item-inner\"><a href=\"https:\/\/afc-weidhausen.de\/wp-content\/uploads\/2021\/03\/GS2017-8209.jpg\" data-caption-title=\"G\u00fcnther Schmidt -&quot;Sp\u00e4tsommertag&quot;- Thumsee, Bad Reichenhall\" data-caption-desc=\"G\u00fcnther Schmidt -&quot;Sp\u00e4tsommertag&quot;- Thumsee, Bad Reichenhall\" data-attachment-id=\"5472\" data-type=\"image\" class=\"fg-thumb\"><span class=\"fg-image-wrap\"><img decoding=\"async\" alt=\"GS2017-8209\" title=\"G\u00fcnther Schmidt -&quot;Sp\u00e4tsommertag&quot;- Thumsee, Bad Reichenhall\" width=\"100\" height=\"100\" class=\"skip-lazy fg-image\" data-src-fg=\"https:\/\/afc-weidhausen.de\/wp-content\/uploads\/cache\/2021\/03\/GS2017-8209\/2392507572.jpg\" src=\"data:image\/svg+xml,%3Csvg%20xmlns%3D%22http%3A%2F%2Fwww.w3.org%2F2000%2Fsvg%22%20width%3D%22100%22%20height%3D%22100%22%20viewBox%3D%220%200%20100%20100%22%3E%3C%2Fsvg%3E\" loading=\"eager\"><\/span><span class=\"fg-image-overlay\"><\/span><\/a><figcaption class=\"fg-caption\"><div class=\"fg-caption-inner\"><div class=\"fg-caption-title\">G\u00fcnther Schmidt -\"Sp\u00e4tsommertag\"- Thumsee, Bad Reichenhall<\/div><div class=\"fg-caption-desc\">G\u00fcnther Schmidt -\"Sp\u00e4tsommertag\"- Thumsee, Bad Reichenhall<\/div><\/div><\/figcaption><\/figure><div class=\"fg-loader\"><\/div><\/div><div class=\"fg-item fg-type-image fg-idle\"><figure class=\"fg-item-inner\"><a href=\"https:\/\/afc-weidhausen.de\/wp-content\/uploads\/2021\/03\/GS2017-8649.jpg\" data-caption-title=\"G\u00fcnther Schmidt - &quot;Variation II\u201c - Klosterruine Paulinzella\" data-caption-desc=\"G\u00fcnther Schmidt - &quot;Variation II\u201c - Klosterruine Paulinzella\" data-attachment-id=\"5473\" data-type=\"image\" class=\"fg-thumb\"><span class=\"fg-image-wrap\"><img decoding=\"async\" alt=\"GS2017-8649\" title=\"G\u00fcnther Schmidt - &quot;Variation II\u201c - Klosterruine Paulinzella\" width=\"100\" height=\"100\" class=\"skip-lazy fg-image\" data-src-fg=\"https:\/\/afc-weidhausen.de\/wp-content\/uploads\/cache\/2021\/03\/GS2017-8649\/1016480286.jpg\" src=\"data:image\/svg+xml,%3Csvg%20xmlns%3D%22http%3A%2F%2Fwww.w3.org%2F2000%2Fsvg%22%20width%3D%22100%22%20height%3D%22100%22%20viewBox%3D%220%200%20100%20100%22%3E%3C%2Fsvg%3E\" loading=\"eager\"><\/span><span class=\"fg-image-overlay\"><\/span><\/a><figcaption class=\"fg-caption\"><div class=\"fg-caption-inner\"><div class=\"fg-caption-title\">G\u00fcnther Schmidt - \"Variation II\u201c - Klosterruine Paulinzella<\/div><div class=\"fg-caption-desc\">G\u00fcnther Schmidt - \"Variation II\u201c - Klosterruine Paulinzella<\/div><\/div><\/figcaption><\/figure><div class=\"fg-loader\"><\/div><\/div><div class=\"fg-item fg-type-image fg-idle\"><figure class=\"fg-item-inner\"><a href=\"https:\/\/afc-weidhausen.de\/wp-content\/uploads\/2021\/03\/GS2017-8696.jpg\" data-caption-title=\"G\u00fcnther Schmidt - &quot;Variation I\u201c - Klosterruine Paulinzella\" data-caption-desc=\"G\u00fcnther Schmidt - &quot;Variation I\u201c - Klosterruine Paulinzella\" data-attachment-id=\"5474\" data-type=\"image\" class=\"fg-thumb\"><span class=\"fg-image-wrap\"><img decoding=\"async\" alt=\"GS2017-8696\" title=\"G\u00fcnther Schmidt - &quot;Variation I\u201c - Klosterruine Paulinzella\" width=\"100\" height=\"100\" class=\"skip-lazy fg-image\" data-src-fg=\"https:\/\/afc-weidhausen.de\/wp-content\/uploads\/cache\/2021\/03\/GS2017-8696\/3411737138.jpg\" src=\"data:image\/svg+xml,%3Csvg%20xmlns%3D%22http%3A%2F%2Fwww.w3.org%2F2000%2Fsvg%22%20width%3D%22100%22%20height%3D%22100%22%20viewBox%3D%220%200%20100%20100%22%3E%3C%2Fsvg%3E\" loading=\"eager\"><\/span><span class=\"fg-image-overlay\"><\/span><\/a><figcaption class=\"fg-caption\"><div class=\"fg-caption-inner\"><div class=\"fg-caption-title\">G\u00fcnther Schmidt - \"Variation I\u201c - Klosterruine Paulinzella<\/div><div class=\"fg-caption-desc\">G\u00fcnther Schmidt - \"Variation I\u201c - Klosterruine Paulinzella<\/div><\/div><\/figcaption><\/figure><div class=\"fg-loader\"><\/div><\/div><div class=\"fg-item fg-type-image fg-idle\"><figure class=\"fg-item-inner\"><a href=\"https:\/\/afc-weidhausen.de\/wp-content\/uploads\/2021\/03\/GS2017-9048.jpg\" data-caption-title=\"G\u00fcnther Schmidt - &quot;Mein Haus, mein Garten, mein Teich&quot; - Wildpark Tambach\" data-caption-desc=\"G\u00fcnther Schmidt - &quot;Mein Haus, mein Garten, mein Teich&quot; - Wildpark Tambach\" data-attachment-id=\"5475\" data-type=\"image\" class=\"fg-thumb\"><span class=\"fg-image-wrap\"><img decoding=\"async\" alt=\"GS2017-9048\" title=\"G\u00fcnther Schmidt - &quot;Mein Haus, mein Garten, mein Teich&quot; - Wildpark Tambach\" width=\"100\" height=\"100\" class=\"skip-lazy fg-image\" data-src-fg=\"https:\/\/afc-weidhausen.de\/wp-content\/uploads\/cache\/2021\/03\/GS2017-9048\/84203276.jpg\" src=\"data:image\/svg+xml,%3Csvg%20xmlns%3D%22http%3A%2F%2Fwww.w3.org%2F2000%2Fsvg%22%20width%3D%22100%22%20height%3D%22100%22%20viewBox%3D%220%200%20100%20100%22%3E%3C%2Fsvg%3E\" loading=\"eager\"><\/span><span class=\"fg-image-overlay\"><\/span><\/a><figcaption class=\"fg-caption\"><div class=\"fg-caption-inner\"><div class=\"fg-caption-title\">G\u00fcnther Schmidt - \"Mein Haus, mein Garten, mein Teich\" - Wildpark Tambach<\/div><div class=\"fg-caption-desc\">G\u00fcnther Schmidt - \"Mein Haus, mein Garten, mein Teich\" - Wildpark Tambach<\/div><\/div><\/figcaption><\/figure><div class=\"fg-loader\"><\/div><\/div><div class=\"fg-item fg-type-image fg-idle\"><figure class=\"fg-item-inner\"><a href=\"https:\/\/afc-weidhausen.de\/wp-content\/uploads\/2021\/03\/GS2017-9149.jpg\" data-caption-title=\"G\u00fcnther Schmidt - &quot;Fr\u00fchjahrsm\u00fcdigkeit&quot; - Luchs im Wildpark Tambach\" data-caption-desc=\"G\u00fcnther Schmidt - &quot;Fr\u00fchjahrsm\u00fcdigkeit&quot; - Luchs im Wildpark Tambach\" data-attachment-id=\"5476\" data-type=\"image\" class=\"fg-thumb\"><span class=\"fg-image-wrap\"><img decoding=\"async\" alt=\"GS2017-9149\" title=\"G\u00fcnther Schmidt - &quot;Fr\u00fchjahrsm\u00fcdigkeit&quot; - Luchs im Wildpark Tambach\" width=\"100\" height=\"100\" class=\"skip-lazy fg-image\" data-src-fg=\"https:\/\/afc-weidhausen.de\/wp-content\/uploads\/cache\/2021\/03\/GS2017-9149\/3607110281.jpg\" src=\"data:image\/svg+xml,%3Csvg%20xmlns%3D%22http%3A%2F%2Fwww.w3.org%2F2000%2Fsvg%22%20width%3D%22100%22%20height%3D%22100%22%20viewBox%3D%220%200%20100%20100%22%3E%3C%2Fsvg%3E\" loading=\"eager\"><\/span><span class=\"fg-image-overlay\"><\/span><\/a><figcaption class=\"fg-caption\"><div class=\"fg-caption-inner\"><div class=\"fg-caption-title\">G\u00fcnther Schmidt - \"Fr\u00fchjahrsm\u00fcdigkeit\" - Luchs im Wildpark Tambach<\/div><div class=\"fg-caption-desc\">G\u00fcnther Schmidt - \"Fr\u00fchjahrsm\u00fcdigkeit\" - Luchs im Wildpark Tambach<\/div><\/div><\/figcaption><\/figure><div class=\"fg-loader\"><\/div><\/div><div class=\"fg-item fg-type-image fg-idle\"><figure class=\"fg-item-inner\"><a href=\"https:\/\/afc-weidhausen.de\/wp-content\/uploads\/2021\/03\/WF2017_8883.jpg\" data-caption-title=\"Werner Fichtel - &quot;Karlsbr\u00fccke&quot; - Prag\" data-caption-desc=\"Werner Fichtel - &quot;Karlsbr\u00fccke&quot; - Prag\" data-attachment-id=\"5477\" data-type=\"image\" class=\"fg-thumb\"><span class=\"fg-image-wrap\"><img decoding=\"async\" alt=\"WF2017_8883\" title=\"Werner Fichtel - &quot;Karlsbr\u00fccke&quot; - Prag\" width=\"100\" height=\"100\" class=\"skip-lazy fg-image\" data-src-fg=\"https:\/\/afc-weidhausen.de\/wp-content\/uploads\/cache\/2021\/03\/WF2017_8883\/2118744065.jpg\" src=\"data:image\/svg+xml,%3Csvg%20xmlns%3D%22http%3A%2F%2Fwww.w3.org%2F2000%2Fsvg%22%20width%3D%22100%22%20height%3D%22100%22%20viewBox%3D%220%200%20100%20100%22%3E%3C%2Fsvg%3E\" loading=\"eager\"><\/span><span class=\"fg-image-overlay\"><\/span><\/a><figcaption class=\"fg-caption\"><div class=\"fg-caption-inner\"><div class=\"fg-caption-title\">Werner Fichtel - \"Karlsbr\u00fccke\" - Prag<\/div><div class=\"fg-caption-desc\">Werner Fichtel - \"Karlsbr\u00fccke\" - Prag<\/div><\/div><\/figcaption><\/figure><div class=\"fg-loader\"><\/div><\/div><div class=\"fg-item fg-type-image fg-idle\"><figure class=\"fg-item-inner\"><a href=\"https:\/\/afc-weidhausen.de\/wp-content\/uploads\/2021\/03\/WF2017_8706-a.jpg\" data-caption-title=\"Werner Fichtel - &quot;Sonnenaufgang&quot; - Prag\" data-caption-desc=\"Werner Fichtel - &quot;Sonnenaufgang&quot; - Prag\" data-attachment-id=\"5478\" data-type=\"image\" class=\"fg-thumb\"><span class=\"fg-image-wrap\"><img decoding=\"async\" alt=\"WF2017_8706-a\" title=\"Werner Fichtel - &quot;Sonnenaufgang&quot; - Prag\" width=\"100\" height=\"100\" class=\"skip-lazy fg-image\" data-src-fg=\"https:\/\/afc-weidhausen.de\/wp-content\/uploads\/cache\/2021\/03\/WF2017_8706-a\/403919154.jpg\" src=\"data:image\/svg+xml,%3Csvg%20xmlns%3D%22http%3A%2F%2Fwww.w3.org%2F2000%2Fsvg%22%20width%3D%22100%22%20height%3D%22100%22%20viewBox%3D%220%200%20100%20100%22%3E%3C%2Fsvg%3E\" loading=\"eager\"><\/span><span class=\"fg-image-overlay\"><\/span><\/a><figcaption class=\"fg-caption\"><div class=\"fg-caption-inner\"><div class=\"fg-caption-title\">Werner Fichtel - \"Sonnenaufgang\" - Prag<\/div><div class=\"fg-caption-desc\">Werner Fichtel - \"Sonnenaufgang\" - Prag<\/div><\/div><\/figcaption><\/figure><div class=\"fg-loader\"><\/div><\/div><div class=\"fg-item fg-type-image fg-idle\"><figure class=\"fg-item-inner\"><a href=\"https:\/\/afc-weidhausen.de\/wp-content\/uploads\/2021\/03\/WF2017_7154.jpg\" data-caption-title=\"Werner Fichtel - &quot;Tulpe&quot;\" data-caption-desc=\"Werner Fichtel - &quot;Tulpe&quot;\" data-attachment-id=\"5479\" data-type=\"image\" class=\"fg-thumb\"><span class=\"fg-image-wrap\"><img decoding=\"async\" alt=\"WF2017_7154\" title=\"Werner Fichtel - &quot;Tulpe&quot;\" width=\"100\" height=\"100\" class=\"skip-lazy fg-image\" data-src-fg=\"https:\/\/afc-weidhausen.de\/wp-content\/uploads\/cache\/2021\/03\/WF2017_7154\/2384057516.jpg\" src=\"data:image\/svg+xml,%3Csvg%20xmlns%3D%22http%3A%2F%2Fwww.w3.org%2F2000%2Fsvg%22%20width%3D%22100%22%20height%3D%22100%22%20viewBox%3D%220%200%20100%20100%22%3E%3C%2Fsvg%3E\" loading=\"eager\"><\/span><span class=\"fg-image-overlay\"><\/span><\/a><figcaption class=\"fg-caption\"><div class=\"fg-caption-inner\"><div class=\"fg-caption-title\">Werner Fichtel - \"Tulpe\"<\/div><div class=\"fg-caption-desc\">Werner Fichtel - \"Tulpe\"<\/div><\/div><\/figcaption><\/figure><div class=\"fg-loader\"><\/div><\/div><div class=\"fg-item fg-type-image fg-idle\"><figure class=\"fg-item-inner\"><a href=\"https:\/\/afc-weidhausen.de\/wp-content\/uploads\/2021\/03\/WF2017_6770.jpg\" data-caption-title=\"Werner Fichtel - &quot;Libelle&quot;\" data-caption-desc=\"Werner Fichtel - &quot;Libelle&quot;\" data-attachment-id=\"5480\" data-type=\"image\" class=\"fg-thumb\"><span class=\"fg-image-wrap\"><img decoding=\"async\" alt=\"WF2017_6770\" title=\"Werner Fichtel - &quot;Libelle&quot;\" width=\"100\" height=\"100\" class=\"skip-lazy fg-image\" data-src-fg=\"https:\/\/afc-weidhausen.de\/wp-content\/uploads\/cache\/2021\/03\/WF2017_6770\/3975401619.jpg\" src=\"data:image\/svg+xml,%3Csvg%20xmlns%3D%22http%3A%2F%2Fwww.w3.org%2F2000%2Fsvg%22%20width%3D%22100%22%20height%3D%22100%22%20viewBox%3D%220%200%20100%20100%22%3E%3C%2Fsvg%3E\" loading=\"eager\"><\/span><span class=\"fg-image-overlay\"><\/span><\/a><figcaption class=\"fg-caption\"><div class=\"fg-caption-inner\"><div class=\"fg-caption-title\">Werner Fichtel - \"Libelle\"<\/div><div class=\"fg-caption-desc\">Werner Fichtel - \"Libelle\"<\/div><\/div><\/figcaption><\/figure><div class=\"fg-loader\"><\/div><\/div><div class=\"fg-item fg-type-image fg-idle\"><figure class=\"fg-item-inner\"><a href=\"https:\/\/afc-weidhausen.de\/wp-content\/uploads\/2021\/03\/WF2017_5470.jpg\" data-caption-title=\"Werner Fichtel - &quot;Synchronflug&quot;\" data-caption-desc=\"Werner Fichtel - &quot;Synchronflug&quot;\" data-attachment-id=\"5481\" data-type=\"image\" class=\"fg-thumb\"><span class=\"fg-image-wrap\"><img decoding=\"async\" alt=\"WF2017_5470\" title=\"Werner Fichtel - &quot;Synchronflug&quot;\" width=\"100\" height=\"100\" class=\"skip-lazy fg-image\" data-src-fg=\"https:\/\/afc-weidhausen.de\/wp-content\/uploads\/cache\/2021\/03\/WF2017_5470\/2016246349.jpg\" src=\"data:image\/svg+xml,%3Csvg%20xmlns%3D%22http%3A%2F%2Fwww.w3.org%2F2000%2Fsvg%22%20width%3D%22100%22%20height%3D%22100%22%20viewBox%3D%220%200%20100%20100%22%3E%3C%2Fsvg%3E\" loading=\"eager\"><\/span><span class=\"fg-image-overlay\"><\/span><\/a><figcaption class=\"fg-caption\"><div class=\"fg-caption-inner\"><div class=\"fg-caption-title\">Werner Fichtel - \"Synchronflug\"<\/div><div class=\"fg-caption-desc\">Werner Fichtel - \"Synchronflug\"<\/div><\/div><\/figcaption><\/figure><div class=\"fg-loader\"><\/div><\/div><div class=\"fg-item fg-type-image fg-idle\"><figure class=\"fg-item-inner\"><a href=\"https:\/\/afc-weidhausen.de\/wp-content\/uploads\/2021\/03\/WF2017_4458.jpg\" data-caption-title=\"Werner Fichtel - &quot;Seeschwalbe&quot;\" data-caption-desc=\"Werner Fichtel - &quot;Seeschwalbe&quot;\" data-attachment-id=\"5482\" data-type=\"image\" class=\"fg-thumb\"><span class=\"fg-image-wrap\"><img decoding=\"async\" alt=\"WF2017_4458\" title=\"Werner Fichtel - &quot;Seeschwalbe&quot;\" width=\"100\" height=\"100\" class=\"skip-lazy fg-image\" data-src-fg=\"https:\/\/afc-weidhausen.de\/wp-content\/uploads\/cache\/2021\/03\/WF2017_4458\/3051096219.jpg\" src=\"data:image\/svg+xml,%3Csvg%20xmlns%3D%22http%3A%2F%2Fwww.w3.org%2F2000%2Fsvg%22%20width%3D%22100%22%20height%3D%22100%22%20viewBox%3D%220%200%20100%20100%22%3E%3C%2Fsvg%3E\" loading=\"eager\"><\/span><span class=\"fg-image-overlay\"><\/span><\/a><figcaption class=\"fg-caption\"><div class=\"fg-caption-inner\"><div class=\"fg-caption-title\">Werner Fichtel - \"Seeschwalbe\"<\/div><div class=\"fg-caption-desc\">Werner Fichtel - \"Seeschwalbe\"<\/div><\/div><\/figcaption><\/figure><div class=\"fg-loader\"><\/div><\/div><div class=\"fg-item fg-type-image fg-idle\"><figure class=\"fg-item-inner\"><a href=\"https:\/\/afc-weidhausen.de\/wp-content\/uploads\/2021\/03\/WF2017_4361.jpg\" data-caption-title=\"Werner Fichtel - &quot;Sonnenaufgang&quot; - Tr\u00fcbenbach\" data-caption-desc=\"Werner Fichtel - &quot;Sonnenaufgang&quot; - Tr\u00fcbenbach\" data-attachment-id=\"5483\" data-type=\"image\" class=\"fg-thumb\"><span class=\"fg-image-wrap\"><img decoding=\"async\" alt=\"WF2017_4361\" title=\"Werner Fichtel - &quot;Sonnenaufgang&quot; - Tr\u00fcbenbach\" width=\"100\" height=\"100\" class=\"skip-lazy fg-image\" data-src-fg=\"https:\/\/afc-weidhausen.de\/wp-content\/uploads\/cache\/2021\/03\/WF2017_4361\/2546549712.jpg\" src=\"data:image\/svg+xml,%3Csvg%20xmlns%3D%22http%3A%2F%2Fwww.w3.org%2F2000%2Fsvg%22%20width%3D%22100%22%20height%3D%22100%22%20viewBox%3D%220%200%20100%20100%22%3E%3C%2Fsvg%3E\" loading=\"eager\"><\/span><span class=\"fg-image-overlay\"><\/span><\/a><figcaption class=\"fg-caption\"><div class=\"fg-caption-inner\"><div class=\"fg-caption-title\">Werner Fichtel - \"Sonnenaufgang\" - Tr\u00fcbenbach<\/div><div class=\"fg-caption-desc\">Werner Fichtel - \"Sonnenaufgang\" - Tr\u00fcbenbach<\/div><\/div><\/figcaption><\/figure><div class=\"fg-loader\"><\/div><\/div><div class=\"fg-item fg-type-image fg-idle\"><figure class=\"fg-item-inner\"><a href=\"https:\/\/afc-weidhausen.de\/wp-content\/uploads\/2021\/03\/WF2017_4327-2.jpg\" data-caption-title=\"Werner Fichtel - &quot;Adler&quot; - Wildpark Tambach\" data-caption-desc=\"Werner Fichtel - &quot;Adler&quot; - Wildpark Tambach\" data-attachment-id=\"5484\" data-type=\"image\" class=\"fg-thumb\"><span class=\"fg-image-wrap\"><img decoding=\"async\" alt=\"WF2017_4327-2\" title=\"Werner Fichtel - &quot;Adler&quot; - Wildpark Tambach\" width=\"100\" height=\"100\" class=\"skip-lazy fg-image\" data-src-fg=\"https:\/\/afc-weidhausen.de\/wp-content\/uploads\/cache\/2021\/03\/WF2017_4327-2\/193706596.jpg\" src=\"data:image\/svg+xml,%3Csvg%20xmlns%3D%22http%3A%2F%2Fwww.w3.org%2F2000%2Fsvg%22%20width%3D%22100%22%20height%3D%22100%22%20viewBox%3D%220%200%20100%20100%22%3E%3C%2Fsvg%3E\" loading=\"eager\"><\/span><span class=\"fg-image-overlay\"><\/span><\/a><figcaption class=\"fg-caption\"><div class=\"fg-caption-inner\"><div class=\"fg-caption-title\">Werner Fichtel - \"Adler\" - Wildpark Tambach<\/div><div class=\"fg-caption-desc\">Werner Fichtel - \"Adler\" - Wildpark Tambach<\/div><\/div><\/figcaption><\/figure><div class=\"fg-loader\"><\/div><\/div><div class=\"fg-item fg-type-image fg-idle\"><figure class=\"fg-item-inner\"><a href=\"https:\/\/afc-weidhausen.de\/wp-content\/uploads\/2021\/03\/WF2017_3963.jpg\" data-caption-title=\"Werner Fichtel - &quot;Winterlandschaft&quot; - zwischen Lettenreuth u. Weidhausen\" data-caption-desc=\"Werner Fichtel - &quot;Winterlandschaft&quot; - zwischen Lettenreuth u. Weidhausen\" data-attachment-id=\"5485\" data-type=\"image\" class=\"fg-thumb\"><span class=\"fg-image-wrap\"><img decoding=\"async\" alt=\"WF2017_3963\" title=\"Werner Fichtel - &quot;Winterlandschaft&quot; - zwischen Lettenreuth u. Weidhausen\" width=\"100\" height=\"100\" class=\"skip-lazy fg-image\" data-src-fg=\"https:\/\/afc-weidhausen.de\/wp-content\/uploads\/cache\/2021\/03\/WF2017_3963\/3529374700.jpg\" src=\"data:image\/svg+xml,%3Csvg%20xmlns%3D%22http%3A%2F%2Fwww.w3.org%2F2000%2Fsvg%22%20width%3D%22100%22%20height%3D%22100%22%20viewBox%3D%220%200%20100%20100%22%3E%3C%2Fsvg%3E\" loading=\"eager\"><\/span><span class=\"fg-image-overlay\"><\/span><\/a><figcaption class=\"fg-caption\"><div class=\"fg-caption-inner\"><div class=\"fg-caption-title\">Werner Fichtel - \"Winterlandschaft\" - zwischen Lettenreuth u. Weidhausen<\/div><div class=\"fg-caption-desc\">Werner Fichtel - \"Winterlandschaft\" - zwischen Lettenreuth u. Weidhausen<\/div><\/div><\/figcaption><\/figure><div class=\"fg-loader\"><\/div><\/div><div class=\"fg-item fg-type-image fg-idle\"><figure class=\"fg-item-inner\"><a href=\"https:\/\/afc-weidhausen.de\/wp-content\/uploads\/2021\/03\/WF2017_3278.jpg\" data-caption-title=\"Werner Fichtel - &quot;malen mit Licht&quot;\" data-caption-desc=\"Werner Fichtel - &quot;malen mit Licht&quot;\" data-attachment-id=\"5486\" data-type=\"image\" class=\"fg-thumb\"><span class=\"fg-image-wrap\"><img decoding=\"async\" alt=\"WF2017_3278\" title=\"Werner Fichtel - &quot;malen mit Licht&quot;\" width=\"100\" height=\"100\" class=\"skip-lazy fg-image\" data-src-fg=\"https:\/\/afc-weidhausen.de\/wp-content\/uploads\/cache\/2021\/03\/WF2017_3278\/2445317675.jpg\" src=\"data:image\/svg+xml,%3Csvg%20xmlns%3D%22http%3A%2F%2Fwww.w3.org%2F2000%2Fsvg%22%20width%3D%22100%22%20height%3D%22100%22%20viewBox%3D%220%200%20100%20100%22%3E%3C%2Fsvg%3E\" loading=\"eager\"><\/span><span class=\"fg-image-overlay\"><\/span><\/a><figcaption class=\"fg-caption\"><div class=\"fg-caption-inner\"><div class=\"fg-caption-title\">Werner Fichtel - \"malen mit Licht\"<\/div><div class=\"fg-caption-desc\">Werner Fichtel - \"malen mit Licht\"<\/div><\/div><\/figcaption><\/figure><div class=\"fg-loader\"><\/div><\/div><div class=\"fg-item fg-type-image fg-idle\"><figure class=\"fg-item-inner\"><a href=\"https:\/\/afc-weidhausen.de\/wp-content\/uploads\/2021\/03\/WF2017_2081.jpg\" data-caption-title=\"Werner Fichtel - &quot;Libelle im Morgenlicht&quot; - Biotop bei Redwitz\" data-caption-desc=\"Werner Fichtel - &quot;Libelle im Morgenlicht&quot; - Biotop bei Redwitz\" data-attachment-id=\"5487\" data-type=\"image\" class=\"fg-thumb\"><span class=\"fg-image-wrap\"><img decoding=\"async\" alt=\"WF2017_2081\" title=\"Werner Fichtel - &quot;Libelle im Morgenlicht&quot; - Biotop bei Redwitz\" width=\"100\" height=\"100\" class=\"skip-lazy fg-image\" data-src-fg=\"https:\/\/afc-weidhausen.de\/wp-content\/uploads\/cache\/2021\/03\/WF2017_2081\/1917205232.jpg\" src=\"data:image\/svg+xml,%3Csvg%20xmlns%3D%22http%3A%2F%2Fwww.w3.org%2F2000%2Fsvg%22%20width%3D%22100%22%20height%3D%22100%22%20viewBox%3D%220%200%20100%20100%22%3E%3C%2Fsvg%3E\" loading=\"eager\"><\/span><span class=\"fg-image-overlay\"><\/span><\/a><figcaption class=\"fg-caption\"><div class=\"fg-caption-inner\"><div class=\"fg-caption-title\">Werner Fichtel - \"Libelle im Morgenlicht\" - Biotop bei Redwitz<\/div><div class=\"fg-caption-desc\">Werner Fichtel - \"Libelle im Morgenlicht\" - Biotop bei Redwitz<\/div><\/div><\/figcaption><\/figure><div class=\"fg-loader\"><\/div><\/div><div class=\"fg-item fg-type-image fg-idle\"><figure class=\"fg-item-inner\"><a href=\"https:\/\/afc-weidhausen.de\/wp-content\/uploads\/2021\/03\/WF2017_1159.jpg\" data-caption-title=\"Werner Fichtel - &quot;Im Abendlicht&quot;\" data-caption-desc=\"Werner Fichtel - &quot;Im Abendlicht&quot;\" data-attachment-id=\"5488\" data-type=\"image\" class=\"fg-thumb\"><span class=\"fg-image-wrap\"><img decoding=\"async\" alt=\"WF2017_1159\" title=\"Werner Fichtel - &quot;Im Abendlicht&quot;\" width=\"100\" height=\"100\" class=\"skip-lazy fg-image\" data-src-fg=\"https:\/\/afc-weidhausen.de\/wp-content\/uploads\/cache\/2021\/03\/WF2017_1159\/2767200542.jpg\" src=\"data:image\/svg+xml,%3Csvg%20xmlns%3D%22http%3A%2F%2Fwww.w3.org%2F2000%2Fsvg%22%20width%3D%22100%22%20height%3D%22100%22%20viewBox%3D%220%200%20100%20100%22%3E%3C%2Fsvg%3E\" loading=\"eager\"><\/span><span class=\"fg-image-overlay\"><\/span><\/a><figcaption class=\"fg-caption\"><div class=\"fg-caption-inner\"><div class=\"fg-caption-title\">Werner Fichtel - \"Im Abendlicht\"<\/div><div class=\"fg-caption-desc\">Werner Fichtel - \"Im Abendlicht\"<\/div><\/div><\/figcaption><\/figure><div class=\"fg-loader\"><\/div><\/div><div class=\"fg-item fg-type-image fg-idle\"><figure class=\"fg-item-inner\"><a href=\"https:\/\/afc-weidhausen.de\/wp-content\/uploads\/2021\/03\/WF2017_1020.jpg\" data-caption-title=\"Werner Fichtel- &quot;Stare&quot;\" data-caption-desc=\"Werner Fichtel- &quot;Stare&quot;\" data-attachment-id=\"5489\" data-type=\"image\" class=\"fg-thumb\"><span class=\"fg-image-wrap\"><img decoding=\"async\" alt=\"WF2017_1020\" title=\"Werner Fichtel- &quot;Stare&quot;\" width=\"100\" height=\"100\" class=\"skip-lazy fg-image\" data-src-fg=\"https:\/\/afc-weidhausen.de\/wp-content\/uploads\/cache\/2021\/03\/WF2017_1020\/3591850782.jpg\" src=\"data:image\/svg+xml,%3Csvg%20xmlns%3D%22http%3A%2F%2Fwww.w3.org%2F2000%2Fsvg%22%20width%3D%22100%22%20height%3D%22100%22%20viewBox%3D%220%200%20100%20100%22%3E%3C%2Fsvg%3E\" loading=\"eager\"><\/span><span class=\"fg-image-overlay\"><\/span><\/a><figcaption class=\"fg-caption\"><div class=\"fg-caption-inner\"><div class=\"fg-caption-title\">Werner Fichtel- \"Stare\"<\/div><div class=\"fg-caption-desc\">Werner Fichtel- \"Stare\"<\/div><\/div><\/figcaption><\/figure><div class=\"fg-loader\"><\/div><\/div><div class=\"fg-item fg-type-image fg-idle\"><figure class=\"fg-item-inner\"><a href=\"https:\/\/afc-weidhausen.de\/wp-content\/uploads\/2021\/03\/WF2017_0804.jpg\" data-caption-title=\"Werner Fichtel - &quot;Zugfahrt&quot;\" data-caption-desc=\"Werner Fichtel - &quot;Zugfahrt&quot;\" data-attachment-id=\"5490\" data-type=\"image\" class=\"fg-thumb\"><span class=\"fg-image-wrap\"><img decoding=\"async\" alt=\"WF2017_0804\" title=\"Werner Fichtel - &quot;Zugfahrt&quot;\" width=\"100\" height=\"100\" class=\"skip-lazy fg-image\" data-src-fg=\"https:\/\/afc-weidhausen.de\/wp-content\/uploads\/cache\/2021\/03\/WF2017_0804\/2598746086.jpg\" src=\"data:image\/svg+xml,%3Csvg%20xmlns%3D%22http%3A%2F%2Fwww.w3.org%2F2000%2Fsvg%22%20width%3D%22100%22%20height%3D%22100%22%20viewBox%3D%220%200%20100%20100%22%3E%3C%2Fsvg%3E\" loading=\"eager\"><\/span><span class=\"fg-image-overlay\"><\/span><\/a><figcaption class=\"fg-caption\"><div class=\"fg-caption-inner\"><div class=\"fg-caption-title\">Werner Fichtel - \"Zugfahrt\"<\/div><div class=\"fg-caption-desc\">Werner Fichtel - \"Zugfahrt\"<\/div><\/div><\/figcaption><\/figure><div class=\"fg-loader\"><\/div><\/div><div class=\"fg-item fg-type-image fg-idle\"><figure class=\"fg-item-inner\"><a href=\"https:\/\/afc-weidhausen.de\/wp-content\/uploads\/2021\/03\/LF2017_9013.jpg\" data-caption-title=\"Ludwig Fichtel - &quot;Mohnblume&quot;\" data-caption-desc=\"Ludwig Fichtel - &quot;Mohnblume&quot;\" data-attachment-id=\"5491\" data-type=\"image\" class=\"fg-thumb\"><span class=\"fg-image-wrap\"><img decoding=\"async\" alt=\"LF2017_9013\" title=\"Ludwig Fichtel - &quot;Mohnblume&quot;\" width=\"100\" height=\"100\" class=\"skip-lazy fg-image\" data-src-fg=\"https:\/\/afc-weidhausen.de\/wp-content\/uploads\/cache\/2021\/03\/LF2017_9013\/3669920871.jpg\" src=\"data:image\/svg+xml,%3Csvg%20xmlns%3D%22http%3A%2F%2Fwww.w3.org%2F2000%2Fsvg%22%20width%3D%22100%22%20height%3D%22100%22%20viewBox%3D%220%200%20100%20100%22%3E%3C%2Fsvg%3E\" loading=\"eager\"><\/span><span class=\"fg-image-overlay\"><\/span><\/a><figcaption class=\"fg-caption\"><div class=\"fg-caption-inner\"><div class=\"fg-caption-title\">Ludwig Fichtel - \"Mohnblume\"<\/div><div class=\"fg-caption-desc\">Ludwig Fichtel - \"Mohnblume\"<\/div><\/div><\/figcaption><\/figure><div class=\"fg-loader\"><\/div><\/div><div class=\"fg-item fg-type-image fg-idle\"><figure class=\"fg-item-inner\"><a href=\"https:\/\/afc-weidhausen.de\/wp-content\/uploads\/2021\/03\/LF2017_9012.jpg\" data-caption-title=\"Ludwig Fichtel - &quot;Wolkig&quot;\" data-caption-desc=\"Ludwig Fichtel - &quot;Wolkig&quot;\" data-attachment-id=\"5492\" data-type=\"image\" class=\"fg-thumb\"><span class=\"fg-image-wrap\"><img decoding=\"async\" alt=\"LF2017_9012\" title=\"Ludwig Fichtel - &quot;Wolkig&quot;\" width=\"100\" height=\"100\" class=\"skip-lazy fg-image\" data-src-fg=\"https:\/\/afc-weidhausen.de\/wp-content\/uploads\/cache\/2021\/03\/LF2017_9012\/3883406044.jpg\" src=\"data:image\/svg+xml,%3Csvg%20xmlns%3D%22http%3A%2F%2Fwww.w3.org%2F2000%2Fsvg%22%20width%3D%22100%22%20height%3D%22100%22%20viewBox%3D%220%200%20100%20100%22%3E%3C%2Fsvg%3E\" loading=\"eager\"><\/span><span class=\"fg-image-overlay\"><\/span><\/a><figcaption class=\"fg-caption\"><div class=\"fg-caption-inner\"><div class=\"fg-caption-title\">Ludwig Fichtel - \"Wolkig\"<\/div><div class=\"fg-caption-desc\">Ludwig Fichtel - \"Wolkig\"<\/div><\/div><\/figcaption><\/figure><div class=\"fg-loader\"><\/div><\/div><div class=\"fg-item fg-type-image fg-idle\"><figure class=\"fg-item-inner\"><a href=\"https:\/\/afc-weidhausen.de\/wp-content\/uploads\/2021\/03\/LF2017_9011.jpg\" data-caption-title=\"Ludwig Fichtel - &quot;Waschtag&quot;\" data-caption-desc=\"Ludwig Fichtel - &quot;Waschtag&quot;\" data-attachment-id=\"5493\" data-type=\"image\" class=\"fg-thumb\"><span class=\"fg-image-wrap\"><img decoding=\"async\" alt=\"LF2017_9011\" title=\"Ludwig Fichtel - &quot;Waschtag&quot;\" width=\"100\" height=\"100\" class=\"skip-lazy fg-image\" data-src-fg=\"https:\/\/afc-weidhausen.de\/wp-content\/uploads\/cache\/2021\/03\/LF2017_9011\/2415682275.jpg\" src=\"data:image\/svg+xml,%3Csvg%20xmlns%3D%22http%3A%2F%2Fwww.w3.org%2F2000%2Fsvg%22%20width%3D%22100%22%20height%3D%22100%22%20viewBox%3D%220%200%20100%20100%22%3E%3C%2Fsvg%3E\" loading=\"eager\"><\/span><span class=\"fg-image-overlay\"><\/span><\/a><figcaption class=\"fg-caption\"><div class=\"fg-caption-inner\"><div class=\"fg-caption-title\">Ludwig Fichtel - \"Waschtag\"<\/div><div class=\"fg-caption-desc\">Ludwig Fichtel - \"Waschtag\"<\/div><\/div><\/figcaption><\/figure><div class=\"fg-loader\"><\/div><\/div><div class=\"fg-item fg-type-image fg-idle\"><figure class=\"fg-item-inner\"><a href=\"https:\/\/afc-weidhausen.de\/wp-content\/uploads\/2021\/03\/LF2017_9010.jpg\" data-caption-title=\"Ludwig Fichtel - &quot;Prag bei Nacht&quot;\" data-caption-desc=\"Ludwig Fichtel - &quot;Prag bei Nacht&quot;\" data-attachment-id=\"5494\" data-type=\"image\" class=\"fg-thumb\"><span class=\"fg-image-wrap\"><img decoding=\"async\" alt=\"LF2017_9010\" title=\"Ludwig Fichtel - &quot;Prag bei Nacht&quot;\" width=\"100\" height=\"100\" class=\"skip-lazy fg-image\" data-src-fg=\"https:\/\/afc-weidhausen.de\/wp-content\/uploads\/cache\/2021\/03\/LF2017_9010\/2633314218.jpg\" src=\"data:image\/svg+xml,%3Csvg%20xmlns%3D%22http%3A%2F%2Fwww.w3.org%2F2000%2Fsvg%22%20width%3D%22100%22%20height%3D%22100%22%20viewBox%3D%220%200%20100%20100%22%3E%3C%2Fsvg%3E\" loading=\"eager\"><\/span><span class=\"fg-image-overlay\"><\/span><\/a><figcaption class=\"fg-caption\"><div class=\"fg-caption-inner\"><div class=\"fg-caption-title\">Ludwig Fichtel - \"Prag bei Nacht\"<\/div><div class=\"fg-caption-desc\">Ludwig Fichtel - \"Prag bei Nacht\"<\/div><\/div><\/figcaption><\/figure><div class=\"fg-loader\"><\/div><\/div><div class=\"fg-item fg-type-image fg-idle\"><figure class=\"fg-item-inner\"><a href=\"https:\/\/afc-weidhausen.de\/wp-content\/uploads\/2021\/03\/LF2017_9009.jpg\" data-caption-title=\"Ludwig Fichtel - &quot;Nektarsuche&quot;\" data-caption-desc=\"Ludwig Fichtel - &quot;Nektarsuche&quot;\" data-attachment-id=\"5495\" data-type=\"image\" class=\"fg-thumb\"><span class=\"fg-image-wrap\"><img decoding=\"async\" alt=\"LF2017_9009\" title=\"Ludwig Fichtel - &quot;Nektarsuche&quot;\" width=\"100\" height=\"100\" class=\"skip-lazy fg-image\" data-src-fg=\"https:\/\/afc-weidhausen.de\/wp-content\/uploads\/cache\/2021\/03\/LF2017_9009\/1925863198.jpg\" src=\"data:image\/svg+xml,%3Csvg%20xmlns%3D%22http%3A%2F%2Fwww.w3.org%2F2000%2Fsvg%22%20width%3D%22100%22%20height%3D%22100%22%20viewBox%3D%220%200%20100%20100%22%3E%3C%2Fsvg%3E\" loading=\"eager\"><\/span><span class=\"fg-image-overlay\"><\/span><\/a><figcaption class=\"fg-caption\"><div class=\"fg-caption-inner\"><div class=\"fg-caption-title\">Ludwig Fichtel - \"Nektarsuche\"<\/div><div class=\"fg-caption-desc\">Ludwig Fichtel - \"Nektarsuche\"<\/div><\/div><\/figcaption><\/figure><div class=\"fg-loader\"><\/div><\/div><div class=\"fg-item fg-type-image fg-idle\"><figure class=\"fg-item-inner\"><a href=\"https:\/\/afc-weidhausen.de\/wp-content\/uploads\/2021\/03\/LF2017_9008.jpg\" data-caption-title=\"Ludwig Fichtel - &quot;Nach dem Laufen&quot;\" data-caption-desc=\"Ludwig Fichtel - &quot;Nach dem Laufen&quot;\" data-attachment-id=\"5496\" data-type=\"image\" class=\"fg-thumb\"><span class=\"fg-image-wrap\"><img decoding=\"async\" alt=\"LF2017_9008\" title=\"Ludwig Fichtel - &quot;Nach dem Laufen&quot;\" width=\"100\" height=\"100\" class=\"skip-lazy fg-image\" data-src-fg=\"https:\/\/afc-weidhausen.de\/wp-content\/uploads\/cache\/2021\/03\/LF2017_9008\/1326238117.jpg\" src=\"data:image\/svg+xml,%3Csvg%20xmlns%3D%22http%3A%2F%2Fwww.w3.org%2F2000%2Fsvg%22%20width%3D%22100%22%20height%3D%22100%22%20viewBox%3D%220%200%20100%20100%22%3E%3C%2Fsvg%3E\" loading=\"eager\"><\/span><span class=\"fg-image-overlay\"><\/span><\/a><figcaption class=\"fg-caption\"><div class=\"fg-caption-inner\"><div class=\"fg-caption-title\">Ludwig Fichtel - \"Nach dem Laufen\"<\/div><div class=\"fg-caption-desc\">Ludwig Fichtel - \"Nach dem Laufen\"<\/div><\/div><\/figcaption><\/figure><div class=\"fg-loader\"><\/div><\/div><div class=\"fg-item fg-type-image fg-idle\"><figure class=\"fg-item-inner\"><a href=\"https:\/\/afc-weidhausen.de\/wp-content\/uploads\/2021\/03\/LF2017_9007.jpg\" data-caption-title=\"Ludwig Fichtel - &quot;Morgentau&quot;\" data-caption-desc=\"Ludwig Fichtel - &quot;Morgentau&quot;\" data-attachment-id=\"5497\" data-type=\"image\" class=\"fg-thumb\"><span class=\"fg-image-wrap\"><img decoding=\"async\" alt=\"LF2017_9007\" title=\"Ludwig Fichtel - &quot;Morgentau&quot;\" width=\"100\" height=\"100\" class=\"skip-lazy fg-image\" data-src-fg=\"https:\/\/afc-weidhausen.de\/wp-content\/uploads\/cache\/2021\/03\/LF2017_9007\/1881648341.jpg\" src=\"data:image\/svg+xml,%3Csvg%20xmlns%3D%22http%3A%2F%2Fwww.w3.org%2F2000%2Fsvg%22%20width%3D%22100%22%20height%3D%22100%22%20viewBox%3D%220%200%20100%20100%22%3E%3C%2Fsvg%3E\" loading=\"eager\"><\/span><span class=\"fg-image-overlay\"><\/span><\/a><figcaption class=\"fg-caption\"><div class=\"fg-caption-inner\"><div class=\"fg-caption-title\">Ludwig Fichtel - \"Morgentau\"<\/div><div class=\"fg-caption-desc\">Ludwig Fichtel - \"Morgentau\"<\/div><\/div><\/figcaption><\/figure><div class=\"fg-loader\"><\/div><\/div><div class=\"fg-item fg-type-image fg-idle\"><figure class=\"fg-item-inner\"><a href=\"https:\/\/afc-weidhausen.de\/wp-content\/uploads\/2021\/03\/LF2017_9006.jpg\" data-caption-title=\"Ludwig Fichtel - &quot;Im Gartenteich&quot;\" data-caption-desc=\"Ludwig Fichtel - &quot;Im Gartenteich&quot;\" data-attachment-id=\"5498\" data-type=\"image\" class=\"fg-thumb\"><span class=\"fg-image-wrap\"><img decoding=\"async\" alt=\"LF2017_9006\" title=\"Ludwig Fichtel - &quot;Im Gartenteich&quot;\" width=\"100\" height=\"100\" class=\"skip-lazy fg-image\" data-src-fg=\"https:\/\/afc-weidhausen.de\/wp-content\/uploads\/cache\/2021\/03\/LF2017_9006\/1051805304.jpg\" src=\"data:image\/svg+xml,%3Csvg%20xmlns%3D%22http%3A%2F%2Fwww.w3.org%2F2000%2Fsvg%22%20width%3D%22100%22%20height%3D%22100%22%20viewBox%3D%220%200%20100%20100%22%3E%3C%2Fsvg%3E\" loading=\"eager\"><\/span><span class=\"fg-image-overlay\"><\/span><\/a><figcaption class=\"fg-caption\"><div class=\"fg-caption-inner\"><div class=\"fg-caption-title\">Ludwig Fichtel - \"Im Gartenteich\"<\/div><div class=\"fg-caption-desc\">Ludwig Fichtel - \"Im Gartenteich\"<\/div><\/div><\/figcaption><\/figure><div class=\"fg-loader\"><\/div><\/div><div class=\"fg-item fg-type-image fg-idle\"><figure class=\"fg-item-inner\"><a href=\"https:\/\/afc-weidhausen.de\/wp-content\/uploads\/2021\/03\/LF2017_9005.jpg\" data-caption-title=\"Ludwig Fichtel - &quot;Im Blick&quot;\" data-caption-desc=\"Ludwig Fichtel - &quot;Im Blick&quot;\" data-attachment-id=\"5499\" data-type=\"image\" class=\"fg-thumb\"><span class=\"fg-image-wrap\"><img decoding=\"async\" alt=\"LF2017_9005\" title=\"Ludwig Fichtel - &quot;Im Blick&quot;\" width=\"100\" height=\"100\" class=\"skip-lazy fg-image\" data-src-fg=\"https:\/\/afc-weidhausen.de\/wp-content\/uploads\/cache\/2021\/03\/LF2017_9005\/1446327879.jpg\" src=\"data:image\/svg+xml,%3Csvg%20xmlns%3D%22http%3A%2F%2Fwww.w3.org%2F2000%2Fsvg%22%20width%3D%22100%22%20height%3D%22100%22%20viewBox%3D%220%200%20100%20100%22%3E%3C%2Fsvg%3E\" loading=\"eager\"><\/span><span class=\"fg-image-overlay\"><\/span><\/a><figcaption class=\"fg-caption\"><div class=\"fg-caption-inner\"><div class=\"fg-caption-title\">Ludwig Fichtel - \"Im Blick\"<\/div><div class=\"fg-caption-desc\">Ludwig Fichtel - \"Im Blick\"<\/div><\/div><\/figcaption><\/figure><div class=\"fg-loader\"><\/div><\/div><div class=\"fg-item fg-type-image fg-idle\"><figure class=\"fg-item-inner\"><a href=\"https:\/\/afc-weidhausen.de\/wp-content\/uploads\/2021\/03\/LF2017_9004.jpg\" data-caption-title=\"Ludwig Fichtel - &quot;Honigbiene&quot;\" data-caption-desc=\"Ludwig Fichtel - &quot;Honigbiene&quot;\" data-attachment-id=\"5500\" data-type=\"image\" class=\"fg-thumb\"><span class=\"fg-image-wrap\"><img decoding=\"async\" alt=\"LF2017_9004\" title=\"Ludwig Fichtel - &quot;Honigbiene&quot;\" width=\"100\" height=\"100\" class=\"skip-lazy fg-image\" data-src-fg=\"https:\/\/afc-weidhausen.de\/wp-content\/uploads\/cache\/2021\/03\/LF2017_9004\/3932045864.jpg\" src=\"data:image\/svg+xml,%3Csvg%20xmlns%3D%22http%3A%2F%2Fwww.w3.org%2F2000%2Fsvg%22%20width%3D%22100%22%20height%3D%22100%22%20viewBox%3D%220%200%20100%20100%22%3E%3C%2Fsvg%3E\" loading=\"eager\"><\/span><span class=\"fg-image-overlay\"><\/span><\/a><figcaption class=\"fg-caption\"><div class=\"fg-caption-inner\"><div class=\"fg-caption-title\">Ludwig Fichtel - \"Honigbiene\"<\/div><div class=\"fg-caption-desc\">Ludwig Fichtel - \"Honigbiene\"<\/div><\/div><\/figcaption><\/figure><div class=\"fg-loader\"><\/div><\/div><div class=\"fg-item fg-type-image fg-idle\"><figure class=\"fg-item-inner\"><a href=\"https:\/\/afc-weidhausen.de\/wp-content\/uploads\/2021\/03\/LF2017_9003.jpg\" data-caption-title=\"Ludwig Fichtel - &quot;Harley Fan&quot;\" data-caption-desc=\"Ludwig Fichtel - &quot;Harley Fan&quot;\" data-attachment-id=\"5501\" data-type=\"image\" class=\"fg-thumb\"><span class=\"fg-image-wrap\"><img decoding=\"async\" alt=\"LF2017_9003\" title=\"Ludwig Fichtel - &quot;Harley Fan&quot;\" width=\"100\" height=\"100\" class=\"skip-lazy fg-image\" data-src-fg=\"https:\/\/afc-weidhausen.de\/wp-content\/uploads\/cache\/2021\/03\/LF2017_9003\/110116077.jpg\" src=\"data:image\/svg+xml,%3Csvg%20xmlns%3D%22http%3A%2F%2Fwww.w3.org%2F2000%2Fsvg%22%20width%3D%22100%22%20height%3D%22100%22%20viewBox%3D%220%200%20100%20100%22%3E%3C%2Fsvg%3E\" loading=\"eager\"><\/span><span class=\"fg-image-overlay\"><\/span><\/a><figcaption class=\"fg-caption\"><div class=\"fg-caption-inner\"><div class=\"fg-caption-title\">Ludwig Fichtel - \"Harley Fan\"<\/div><div class=\"fg-caption-desc\">Ludwig Fichtel - \"Harley Fan\"<\/div><\/div><\/figcaption><\/figure><div class=\"fg-loader\"><\/div><\/div><div class=\"fg-item fg-type-image fg-idle\"><figure class=\"fg-item-inner\"><a href=\"https:\/\/afc-weidhausen.de\/wp-content\/uploads\/2021\/03\/LF2017_9002.jpg\" data-caption-title=\"Ludwig Fichtel - &quot;Diese Jugend&quot;\" data-caption-desc=\"Ludwig Fichtel - &quot;Diese Jugend&quot;\" data-attachment-id=\"5502\" data-type=\"image\" class=\"fg-thumb\"><span class=\"fg-image-wrap\"><img decoding=\"async\" alt=\"LF2017_9002\" title=\"Ludwig Fichtel - &quot;Diese Jugend&quot;\" width=\"100\" height=\"100\" class=\"skip-lazy fg-image\" data-src-fg=\"https:\/\/afc-weidhausen.de\/wp-content\/uploads\/cache\/2021\/03\/LF2017_9002\/995533398.jpg\" src=\"data:image\/svg+xml,%3Csvg%20xmlns%3D%22http%3A%2F%2Fwww.w3.org%2F2000%2Fsvg%22%20width%3D%22100%22%20height%3D%22100%22%20viewBox%3D%220%200%20100%20100%22%3E%3C%2Fsvg%3E\" loading=\"eager\"><\/span><span class=\"fg-image-overlay\"><\/span><\/a><figcaption class=\"fg-caption\"><div class=\"fg-caption-inner\"><div class=\"fg-caption-title\">Ludwig Fichtel - \"Diese Jugend\"<\/div><div class=\"fg-caption-desc\">Ludwig Fichtel - \"Diese Jugend\"<\/div><\/div><\/figcaption><\/figure><div class=\"fg-loader\"><\/div><\/div><div class=\"fg-item fg-type-image fg-idle\"><figure class=\"fg-item-inner\"><a href=\"https:\/\/afc-weidhausen.de\/wp-content\/uploads\/2021\/03\/LF2017_9001.jpg\" data-caption-title=\"Ludwig Fichtel - &quot;Der letzte Tropfen&quot;\" data-caption-desc=\"Ludwig Fichtel - &quot;Der letzte Tropfen&quot;\" data-attachment-id=\"5503\" data-type=\"image\" class=\"fg-thumb\"><span class=\"fg-image-wrap\"><img decoding=\"async\" alt=\"LF2017_9001\" title=\"Ludwig Fichtel - &quot;Der letzte Tropfen&quot;\" width=\"100\" height=\"100\" class=\"skip-lazy fg-image\" data-src-fg=\"https:\/\/afc-weidhausen.de\/wp-content\/uploads\/cache\/2021\/03\/LF2017_9001\/1406325353.jpg\" src=\"data:image\/svg+xml,%3Csvg%20xmlns%3D%22http%3A%2F%2Fwww.w3.org%2F2000%2Fsvg%22%20width%3D%22100%22%20height%3D%22100%22%20viewBox%3D%220%200%20100%20100%22%3E%3C%2Fsvg%3E\" loading=\"eager\"><\/span><span class=\"fg-image-overlay\"><\/span><\/a><figcaption class=\"fg-caption\"><div class=\"fg-caption-inner\"><div class=\"fg-caption-title\">Ludwig Fichtel - \"Der letzte Tropfen\"<\/div><div class=\"fg-caption-desc\">Ludwig Fichtel - \"Der letzte Tropfen\"<\/div><\/div><\/figcaption><\/figure><div class=\"fg-loader\"><\/div><\/div><div class=\"fg-item fg-type-image fg-idle\"><figure class=\"fg-item-inner\"><a href=\"https:\/\/afc-weidhausen.de\/wp-content\/uploads\/2021\/03\/JB2017_7528-2.jpg\" data-caption-title=\"Joachim Bleitner - &quot;Wolfgang und Klaus&quot;\" data-caption-desc=\"Joachim Bleitner - &quot;Wolfgang und Klaus&quot;\" data-attachment-id=\"5504\" data-type=\"image\" class=\"fg-thumb\"><span class=\"fg-image-wrap\"><img decoding=\"async\" alt=\"JB2017_7528-2\" title=\"Joachim Bleitner - &quot;Wolfgang und Klaus&quot;\" width=\"100\" height=\"100\" class=\"skip-lazy fg-image\" data-src-fg=\"https:\/\/afc-weidhausen.de\/wp-content\/uploads\/cache\/2021\/03\/JB2017_7528-2\/2939466245.jpg\" src=\"data:image\/svg+xml,%3Csvg%20xmlns%3D%22http%3A%2F%2Fwww.w3.org%2F2000%2Fsvg%22%20width%3D%22100%22%20height%3D%22100%22%20viewBox%3D%220%200%20100%20100%22%3E%3C%2Fsvg%3E\" loading=\"eager\"><\/span><span class=\"fg-image-overlay\"><\/span><\/a><figcaption class=\"fg-caption\"><div class=\"fg-caption-inner\"><div class=\"fg-caption-title\">Joachim Bleitner - \"Wolfgang und Klaus\"<\/div><div class=\"fg-caption-desc\">Joachim Bleitner - \"Wolfgang und Klaus\"<\/div><\/div><\/figcaption><\/figure><div class=\"fg-loader\"><\/div><\/div><div class=\"fg-item fg-type-image fg-idle\"><figure class=\"fg-item-inner\"><a href=\"https:\/\/afc-weidhausen.de\/wp-content\/uploads\/2021\/03\/JB2017_7517-2.jpg\" data-caption-title=\"Joachim Bleitner - &quot;Spanbaum schnitzen&quot;\" data-caption-desc=\"Joachim Bleitner - &quot;Spanbaum schnitzen&quot;\" data-attachment-id=\"5505\" data-type=\"image\" class=\"fg-thumb\"><span class=\"fg-image-wrap\"><img decoding=\"async\" alt=\"JB2017_7517-2\" title=\"Joachim Bleitner - &quot;Spanbaum schnitzen&quot;\" width=\"100\" height=\"100\" class=\"skip-lazy fg-image\" data-src-fg=\"https:\/\/afc-weidhausen.de\/wp-content\/uploads\/cache\/2021\/03\/JB2017_7517-2\/607192846.jpg\" src=\"data:image\/svg+xml,%3Csvg%20xmlns%3D%22http%3A%2F%2Fwww.w3.org%2F2000%2Fsvg%22%20width%3D%22100%22%20height%3D%22100%22%20viewBox%3D%220%200%20100%20100%22%3E%3C%2Fsvg%3E\" loading=\"eager\"><\/span><span class=\"fg-image-overlay\"><\/span><\/a><figcaption class=\"fg-caption\"><div class=\"fg-caption-inner\"><div class=\"fg-caption-title\">Joachim Bleitner - \"Spanbaum schnitzen\"<\/div><div class=\"fg-caption-desc\">Joachim Bleitner - \"Spanbaum schnitzen\"<\/div><\/div><\/figcaption><\/figure><div class=\"fg-loader\"><\/div><\/div><div class=\"fg-item fg-type-image fg-idle\"><figure class=\"fg-item-inner\"><a href=\"https:\/\/afc-weidhausen.de\/wp-content\/uploads\/2021\/03\/JB2017_7182-2.jpg\" data-caption-title=\"Joachim Bleitner\" data-caption-desc=\"Joachim Bleitner\" data-attachment-id=\"5506\" data-type=\"image\" class=\"fg-thumb\"><span class=\"fg-image-wrap\"><img decoding=\"async\" alt=\"JB2017_7182-2\" title=\"Joachim Bleitner\" width=\"100\" height=\"100\" class=\"skip-lazy fg-image\" data-src-fg=\"https:\/\/afc-weidhausen.de\/wp-content\/uploads\/cache\/2021\/03\/JB2017_7182-2\/1159157368.jpg\" src=\"data:image\/svg+xml,%3Csvg%20xmlns%3D%22http%3A%2F%2Fwww.w3.org%2F2000%2Fsvg%22%20width%3D%22100%22%20height%3D%22100%22%20viewBox%3D%220%200%20100%20100%22%3E%3C%2Fsvg%3E\" loading=\"eager\"><\/span><span class=\"fg-image-overlay\"><\/span><\/a><figcaption class=\"fg-caption\"><div class=\"fg-caption-inner\"><div class=\"fg-caption-title\">Joachim Bleitner<\/div><div class=\"fg-caption-desc\">Joachim Bleitner<\/div><\/div><\/figcaption><\/figure><div class=\"fg-loader\"><\/div><\/div><div class=\"fg-item fg-type-image fg-idle\"><figure class=\"fg-item-inner\"><a href=\"https:\/\/afc-weidhausen.de\/wp-content\/uploads\/2021\/03\/JB2017_7163-2.jpg\" data-caption-title=\"Joachim Bleitner\" data-caption-desc=\"Joachim Bleitner\" data-attachment-id=\"5507\" data-type=\"image\" class=\"fg-thumb\"><span class=\"fg-image-wrap\"><img decoding=\"async\" alt=\"JB2017_7163-2\" title=\"Joachim Bleitner\" width=\"100\" height=\"100\" class=\"skip-lazy fg-image\" data-src-fg=\"https:\/\/afc-weidhausen.de\/wp-content\/uploads\/cache\/2021\/03\/JB2017_7163-2\/458202823.jpg\" src=\"data:image\/svg+xml,%3Csvg%20xmlns%3D%22http%3A%2F%2Fwww.w3.org%2F2000%2Fsvg%22%20width%3D%22100%22%20height%3D%22100%22%20viewBox%3D%220%200%20100%20100%22%3E%3C%2Fsvg%3E\" loading=\"eager\"><\/span><span class=\"fg-image-overlay\"><\/span><\/a><figcaption class=\"fg-caption\"><div class=\"fg-caption-inner\"><div class=\"fg-caption-title\">Joachim Bleitner<\/div><div class=\"fg-caption-desc\">Joachim Bleitner<\/div><\/div><\/figcaption><\/figure><div class=\"fg-loader\"><\/div><\/div><div class=\"fg-item fg-type-image fg-idle\"><figure class=\"fg-item-inner\"><a href=\"https:\/\/afc-weidhausen.de\/wp-content\/uploads\/2021\/03\/JB2017_7151-2.jpg\" data-caption-title=\"Joachim Bleitner\" data-caption-desc=\"Joachim Bleitner\" data-attachment-id=\"5508\" data-type=\"image\" class=\"fg-thumb\"><span class=\"fg-image-wrap\"><img decoding=\"async\" alt=\"JB2017_7151-2\" title=\"Joachim Bleitner\" width=\"100\" height=\"100\" class=\"skip-lazy fg-image\" data-src-fg=\"https:\/\/afc-weidhausen.de\/wp-content\/uploads\/cache\/2021\/03\/JB2017_7151-2\/854377617.jpg\" src=\"data:image\/svg+xml,%3Csvg%20xmlns%3D%22http%3A%2F%2Fwww.w3.org%2F2000%2Fsvg%22%20width%3D%22100%22%20height%3D%22100%22%20viewBox%3D%220%200%20100%20100%22%3E%3C%2Fsvg%3E\" loading=\"eager\"><\/span><span class=\"fg-image-overlay\"><\/span><\/a><figcaption class=\"fg-caption\"><div class=\"fg-caption-inner\"><div class=\"fg-caption-title\">Joachim Bleitner<\/div><div class=\"fg-caption-desc\">Joachim Bleitner<\/div><\/div><\/figcaption><\/figure><div class=\"fg-loader\"><\/div><\/div><div class=\"fg-item fg-type-image fg-idle\"><figure class=\"fg-item-inner\"><a href=\"https:\/\/afc-weidhausen.de\/wp-content\/uploads\/2021\/03\/JB2017_7135-2.jpg\" data-caption-title=\"Joachim Bleitner\" data-caption-desc=\"Joachim Bleitner\" data-attachment-id=\"5509\" data-type=\"image\" class=\"fg-thumb\"><span class=\"fg-image-wrap\"><img decoding=\"async\" alt=\"JB2017_7135-2\" title=\"Joachim Bleitner\" width=\"100\" height=\"100\" class=\"skip-lazy fg-image\" data-src-fg=\"https:\/\/afc-weidhausen.de\/wp-content\/uploads\/cache\/2021\/03\/JB2017_7135-2\/811476527.jpg\" src=\"data:image\/svg+xml,%3Csvg%20xmlns%3D%22http%3A%2F%2Fwww.w3.org%2F2000%2Fsvg%22%20width%3D%22100%22%20height%3D%22100%22%20viewBox%3D%220%200%20100%20100%22%3E%3C%2Fsvg%3E\" loading=\"eager\"><\/span><span class=\"fg-image-overlay\"><\/span><\/a><figcaption class=\"fg-caption\"><div class=\"fg-caption-inner\"><div class=\"fg-caption-title\">Joachim Bleitner<\/div><div class=\"fg-caption-desc\">Joachim Bleitner<\/div><\/div><\/figcaption><\/figure><div class=\"fg-loader\"><\/div><\/div><div class=\"fg-item fg-type-image fg-idle\"><figure class=\"fg-item-inner\"><a href=\"https:\/\/afc-weidhausen.de\/wp-content\/uploads\/2021\/03\/JB2017_7096-2.jpg\" data-caption-title=\"Joachim Bleitner\" data-caption-desc=\"Joachim Bleitner\" data-attachment-id=\"5510\" data-type=\"image\" class=\"fg-thumb\"><span class=\"fg-image-wrap\"><img decoding=\"async\" alt=\"JB2017_7096-2\" title=\"Joachim Bleitner\" width=\"100\" height=\"100\" class=\"skip-lazy fg-image\" data-src-fg=\"https:\/\/afc-weidhausen.de\/wp-content\/uploads\/cache\/2021\/03\/JB2017_7096-2\/1074833015.jpg\" src=\"data:image\/svg+xml,%3Csvg%20xmlns%3D%22http%3A%2F%2Fwww.w3.org%2F2000%2Fsvg%22%20width%3D%22100%22%20height%3D%22100%22%20viewBox%3D%220%200%20100%20100%22%3E%3C%2Fsvg%3E\" loading=\"eager\"><\/span><span class=\"fg-image-overlay\"><\/span><\/a><figcaption class=\"fg-caption\"><div class=\"fg-caption-inner\"><div class=\"fg-caption-title\">Joachim Bleitner<\/div><div class=\"fg-caption-desc\">Joachim Bleitner<\/div><\/div><\/figcaption><\/figure><div class=\"fg-loader\"><\/div><\/div><div class=\"fg-item fg-type-image fg-idle\"><figure class=\"fg-item-inner\"><a href=\"https:\/\/afc-weidhausen.de\/wp-content\/uploads\/2021\/03\/JB2017_6886-2.jpg\" data-caption-title=\"Joachim Bleitner\" data-caption-desc=\"Joachim Bleitner\" data-attachment-id=\"5511\" data-type=\"image\" class=\"fg-thumb\"><span class=\"fg-image-wrap\"><img decoding=\"async\" alt=\"JB2017_6886-2\" title=\"Joachim Bleitner\" width=\"100\" height=\"100\" class=\"skip-lazy fg-image\" data-src-fg=\"https:\/\/afc-weidhausen.de\/wp-content\/uploads\/cache\/2021\/03\/JB2017_6886-2\/3119013451.jpg\" src=\"data:image\/svg+xml,%3Csvg%20xmlns%3D%22http%3A%2F%2Fwww.w3.org%2F2000%2Fsvg%22%20width%3D%22100%22%20height%3D%22100%22%20viewBox%3D%220%200%20100%20100%22%3E%3C%2Fsvg%3E\" loading=\"eager\"><\/span><span class=\"fg-image-overlay\"><\/span><\/a><figcaption class=\"fg-caption\"><div class=\"fg-caption-inner\"><div class=\"fg-caption-title\">Joachim Bleitner<\/div><div class=\"fg-caption-desc\">Joachim Bleitner<\/div><\/div><\/figcaption><\/figure><div class=\"fg-loader\"><\/div><\/div><div class=\"fg-item fg-type-image fg-idle\"><figure class=\"fg-item-inner\"><a href=\"https:\/\/afc-weidhausen.de\/wp-content\/uploads\/2021\/03\/JB2017_6775-2.jpg\" data-caption-title=\"Joachim Bleitner\" data-caption-desc=\"Joachim Bleitner\" data-attachment-id=\"5512\" data-type=\"image\" class=\"fg-thumb\"><span class=\"fg-image-wrap\"><img decoding=\"async\" alt=\"JB2017_6775-2\" title=\"Joachim Bleitner\" width=\"100\" height=\"100\" class=\"skip-lazy fg-image\" data-src-fg=\"https:\/\/afc-weidhausen.de\/wp-content\/uploads\/cache\/2021\/03\/JB2017_6775-2\/1291260215.jpg\" src=\"data:image\/svg+xml,%3Csvg%20xmlns%3D%22http%3A%2F%2Fwww.w3.org%2F2000%2Fsvg%22%20width%3D%22100%22%20height%3D%22100%22%20viewBox%3D%220%200%20100%20100%22%3E%3C%2Fsvg%3E\" loading=\"eager\"><\/span><span class=\"fg-image-overlay\"><\/span><\/a><figcaption class=\"fg-caption\"><div class=\"fg-caption-inner\"><div class=\"fg-caption-title\">Joachim Bleitner<\/div><div class=\"fg-caption-desc\">Joachim Bleitner<\/div><\/div><\/figcaption><\/figure><div class=\"fg-loader\"><\/div><\/div><div class=\"fg-item fg-type-image fg-idle\"><figure class=\"fg-item-inner\"><a href=\"https:\/\/afc-weidhausen.de\/wp-content\/uploads\/2021\/03\/JB2017_6725-2.jpg\" data-caption-title=\"Joachim Bleitner - &quot;col de la bonette &quot;\" data-caption-desc=\"Joachim Bleitner - &quot;col de la bonette &quot;\" data-attachment-id=\"5513\" data-type=\"image\" class=\"fg-thumb\"><span class=\"fg-image-wrap\"><img decoding=\"async\" alt=\"JB2017_6725-2\" title=\"Joachim Bleitner - &quot;col de la bonette &quot;\" width=\"100\" height=\"100\" class=\"skip-lazy fg-image\" data-src-fg=\"https:\/\/afc-weidhausen.de\/wp-content\/uploads\/cache\/2021\/03\/JB2017_6725-2\/3729536498.jpg\" src=\"data:image\/svg+xml,%3Csvg%20xmlns%3D%22http%3A%2F%2Fwww.w3.org%2F2000%2Fsvg%22%20width%3D%22100%22%20height%3D%22100%22%20viewBox%3D%220%200%20100%20100%22%3E%3C%2Fsvg%3E\" loading=\"eager\"><\/span><span class=\"fg-image-overlay\"><\/span><\/a><figcaption class=\"fg-caption\"><div class=\"fg-caption-inner\"><div class=\"fg-caption-title\">Joachim Bleitner - \"col de la bonette \"<\/div><div class=\"fg-caption-desc\">Joachim Bleitner - \"col de la bonette \"<\/div><\/div><\/figcaption><\/figure><div class=\"fg-loader\"><\/div><\/div><div class=\"fg-item fg-type-image fg-idle\"><figure class=\"fg-item-inner\"><a href=\"https:\/\/afc-weidhausen.de\/wp-content\/uploads\/2021\/03\/JB2017_6637-2.jpg\" data-caption-title=\"Joachim Bleitner - &quot;Alte M\u00fchle bei Flumet&quot;\" data-caption-desc=\"Joachim Bleitner - &quot;Alte M\u00fchle bei Flumet&quot;\" data-attachment-id=\"5514\" data-type=\"image\" class=\"fg-thumb\"><span class=\"fg-image-wrap\"><img decoding=\"async\" alt=\"JB2017_6637-2\" title=\"Joachim Bleitner - &quot;Alte M\u00fchle bei Flumet&quot;\" width=\"100\" height=\"100\" class=\"skip-lazy fg-image\" data-src-fg=\"https:\/\/afc-weidhausen.de\/wp-content\/uploads\/cache\/2021\/03\/JB2017_6637-2\/1183237942.jpg\" src=\"data:image\/svg+xml,%3Csvg%20xmlns%3D%22http%3A%2F%2Fwww.w3.org%2F2000%2Fsvg%22%20width%3D%22100%22%20height%3D%22100%22%20viewBox%3D%220%200%20100%20100%22%3E%3C%2Fsvg%3E\" loading=\"eager\"><\/span><span class=\"fg-image-overlay\"><\/span><\/a><figcaption class=\"fg-caption\"><div class=\"fg-caption-inner\"><div class=\"fg-caption-title\">Joachim Bleitner - \"Alte M\u00fchle bei Flumet\"<\/div><div class=\"fg-caption-desc\">Joachim Bleitner - \"Alte M\u00fchle bei Flumet\"<\/div><\/div><\/figcaption><\/figure><div class=\"fg-loader\"><\/div><\/div><div class=\"fg-item fg-type-image fg-idle\"><figure class=\"fg-item-inner\"><a href=\"https:\/\/afc-weidhausen.de\/wp-content\/uploads\/2021\/03\/JB2017_6630-2.jpg\" data-caption-title=\"Joachim Bleitner - &quot;Flumet&quot;\" data-caption-desc=\"Joachim Bleitner - &quot;Flumet&quot;\" data-attachment-id=\"5515\" data-type=\"image\" class=\"fg-thumb\"><span class=\"fg-image-wrap\"><img decoding=\"async\" alt=\"JB2017_6630-2\" title=\"Joachim Bleitner - &quot;Flumet&quot;\" width=\"100\" height=\"100\" class=\"skip-lazy fg-image\" data-src-fg=\"https:\/\/afc-weidhausen.de\/wp-content\/uploads\/cache\/2021\/03\/JB2017_6630-2\/1203131592.jpg\" src=\"data:image\/svg+xml,%3Csvg%20xmlns%3D%22http%3A%2F%2Fwww.w3.org%2F2000%2Fsvg%22%20width%3D%22100%22%20height%3D%22100%22%20viewBox%3D%220%200%20100%20100%22%3E%3C%2Fsvg%3E\" loading=\"eager\"><\/span><span class=\"fg-image-overlay\"><\/span><\/a><figcaption class=\"fg-caption\"><div class=\"fg-caption-inner\"><div class=\"fg-caption-title\">Joachim Bleitner - \"Flumet\"<\/div><div class=\"fg-caption-desc\">Joachim Bleitner - \"Flumet\"<\/div><\/div><\/figcaption><\/figure><div class=\"fg-loader\"><\/div><\/div><div class=\"fg-item fg-type-image fg-idle\"><figure class=\"fg-item-inner\"><a href=\"https:\/\/afc-weidhausen.de\/wp-content\/uploads\/2021\/03\/JB2017_5996-2.jpg\" data-caption-title=\"Joachim Bleitner - &quot;Mit Hut und Brille&quot;\" data-caption-desc=\"Joachim Bleitner - &quot;Mit Hut und Brille&quot;\" data-attachment-id=\"5516\" data-type=\"image\" class=\"fg-thumb\"><span class=\"fg-image-wrap\"><img decoding=\"async\" alt=\"JB2017_5996-2\" title=\"Joachim Bleitner - &quot;Mit Hut und Brille&quot;\" width=\"100\" height=\"100\" class=\"skip-lazy fg-image\" data-src-fg=\"https:\/\/afc-weidhausen.de\/wp-content\/uploads\/cache\/2021\/03\/JB2017_5996-2\/2552041596.jpg\" src=\"data:image\/svg+xml,%3Csvg%20xmlns%3D%22http%3A%2F%2Fwww.w3.org%2F2000%2Fsvg%22%20width%3D%22100%22%20height%3D%22100%22%20viewBox%3D%220%200%20100%20100%22%3E%3C%2Fsvg%3E\" loading=\"eager\"><\/span><span class=\"fg-image-overlay\"><\/span><\/a><figcaption class=\"fg-caption\"><div class=\"fg-caption-inner\"><div class=\"fg-caption-title\">Joachim Bleitner - \"Mit Hut und Brille\"<\/div><div class=\"fg-caption-desc\">Joachim Bleitner - \"Mit Hut und Brille\"<\/div><\/div><\/figcaption><\/figure><div class=\"fg-loader\"><\/div><\/div><div class=\"fg-item fg-type-image fg-idle\"><figure class=\"fg-item-inner\"><a href=\"https:\/\/afc-weidhausen.de\/wp-content\/uploads\/2021\/03\/JB2017_2891-2.jpg\" data-caption-title=\"Joachim Bleitner - &quot;Geige und Zymbal&quot;\" data-caption-desc=\"Joachim Bleitner - &quot;Geige und Zymbal&quot;\" data-attachment-id=\"5517\" data-type=\"image\" class=\"fg-thumb\"><span class=\"fg-image-wrap\"><img decoding=\"async\" alt=\"JB2017_2891-2\" title=\"Joachim Bleitner - &quot;Geige und Zymbal&quot;\" width=\"100\" height=\"100\" class=\"skip-lazy fg-image\" data-src-fg=\"https:\/\/afc-weidhausen.de\/wp-content\/uploads\/cache\/2021\/03\/JB2017_2891-2\/2147207605.jpg\" src=\"data:image\/svg+xml,%3Csvg%20xmlns%3D%22http%3A%2F%2Fwww.w3.org%2F2000%2Fsvg%22%20width%3D%22100%22%20height%3D%22100%22%20viewBox%3D%220%200%20100%20100%22%3E%3C%2Fsvg%3E\" loading=\"eager\"><\/span><span class=\"fg-image-overlay\"><\/span><\/a><figcaption class=\"fg-caption\"><div class=\"fg-caption-inner\"><div class=\"fg-caption-title\">Joachim Bleitner - \"Geige und Zymbal\"<\/div><div class=\"fg-caption-desc\">Joachim Bleitner - \"Geige und Zymbal\"<\/div><\/div><\/figcaption><\/figure><div class=\"fg-loader\"><\/div><\/div><\/div>\n\n","protected":false},"excerpt":{"rendered":"","protected":false},"author":4,"featured_media":0,"parent":7052,"menu_order":3,"comment_status":"closed","ping_status":"closed","template":"","meta":{"cybocfi_hide_featured_image":"","footnotes":""},"class_list":["post-2994","page","type-page","status-publish","hentry"],"_links":{"self":[{"href":"https:\/\/afc-weidhausen.de\/index.php?rest_route=\/wp\/v2\/pages\/2994","targetHints":{"allow":["GET"]}}],"collection":[{"href":"https:\/\/afc-weidhausen.de\/index.php?rest_route=\/wp\/v2\/pages"}],"about":[{"href":"https:\/\/afc-weidhausen.de\/index.php?rest_route=\/wp\/v2\/types\/page"}],"author":[{"embeddable":true,"href":"https:\/\/afc-weidhausen.de\/index.php?rest_route=\/wp\/v2\/users\/4"}],"replies":[{"embeddable":true,"href":"https:\/\/afc-weidhausen.de\/index.php?rest_route=%2Fwp%2Fv2%2Fcomments&post=2994"}],"version-history":[{"count":9,"href":"https:\/\/afc-weidhausen.de\/index.php?rest_route=\/wp\/v2\/pages\/2994\/revisions"}],"predecessor-version":[{"id":6123,"href":"https:\/\/afc-weidhausen.de\/index.php?rest_route=\/wp\/v2\/pages\/2994\/revisions\/6123"}],"up":[{"embeddable":true,"href":"https:\/\/afc-weidhausen.de\/index.php?rest_route=\/wp\/v2\/pages\/7052"}],"wp:attachment":[{"href":"https:\/\/afc-weidhausen.de\/index.php?rest_route=%2Fwp%2Fv2%2Fmedia&parent=2994"}],"curies":[{"name":"wp","href":"https:\/\/api.w.org\/{rel}","templated":true}]}}